{"id":1883,"date":"2025-01-20T18:18:59","date_gmt":"2025-01-20T17:18:59","guid":{"rendered":"https:\/\/fvaac.org\/web\/?page_id=1883"},"modified":"2026-04-18T20:51:32","modified_gmt":"2026-04-18T18:51:32","slug":"formacio-cre","status":"publish","type":"page","link":"https:\/\/fvaac.org\/web\/formacio-cre\/","title":{"rendered":"Formaci\u00f3 CRE"},"content":{"rendered":"\t\t<div data-elementor-type=\"wp-page\" data-elementor-id=\"1883\" class=\"elementor elementor-1883\" data-elementor-post-type=\"page\">\n\t\t\t\t<div class=\"elementor-element elementor-element-360565d e-flex e-con-boxed e-con e-parent\" data-id=\"360565d\" data-element_type=\"container\">\n\t\t\t\t\t<div class=\"e-con-inner\">\n\t\t<div class=\"elementor-element elementor-element-2acec73 e-con-full e-flex e-con e-child\" data-id=\"2acec73\" data-element_type=\"container\">\n\t\t\t\t<\/div>\n\t\t\t\t<div class=\"elementor-element elementor-element-cb4f3d5 elementor-widget elementor-widget-text-editor\" data-id=\"cb4f3d5\" data-element_type=\"widget\" data-widget_type=\"text-editor.default\">\n\t\t\t\t<div class=\"elementor-widget-container\">\n\t\t\t\t\t\t\t\t\t<p class=\"has-text-align-center\">\u25cf\u00a0<strong>Per a enviar les sol-licituts:\u00a0<\/strong><a href=\"mailto:cursos-cre@fvaac.com\"><strong>cursos-cre@fvaac.com<\/strong><\/a><\/p>\n<p>\u25cf\u00a0<strong>Per a consultes cridar al m\u00f2bil\u00a0: 682 87 26 72 \u2013\u00a0El servei de Whatsapp tan sols ser\u00e0 per aquelles associacions afiliades a FVAAC<\/strong>.<\/p>\t\t\t\t\t\t\t\t<\/div>\n\t\t\t\t<\/div>\n\t\t<div class=\"elementor-element elementor-element-ff324e0 e-con-full e-flex e-con e-child\" data-id=\"ff324e0\" data-element_type=\"container\">\n\t\t\t\t<div class=\"elementor-element elementor-element-c738273 elementor-widget elementor-widget-text-editor\" data-id=\"c738273\" data-element_type=\"widget\" data-widget_type=\"text-editor.default\">\n\t\t\t\t<div class=\"elementor-widget-container\">\n\t\t\t\t\t\t\t\t\t<p>ASI POTS DESCARREGAR<span style=\"text-decoration: underline;\">\u00a0<a href=\"https:\/\/fvaac.org\/web\/wp-content\/uploads\/2026\/02\/Autorizacio-curs-CRE-menors-18-anys-2026.pdf\" target=\"_blank\" rel=\"noopener\">L\u2019AUTORITZACI\u00d3 DEL TUTOR<\/a><\/span> descargar aqui, obligatori dur el Dni del menor,per a fer el curs CRE els menors de 18 anys i els majors de 8 anys. Tots els menors de 18 anys que fan el curs en complir els 18 anys han de fer un reciclatge, este ja els serveix indefinidament.<\/p>\t\t\t\t\t\t\t\t<\/div>\n\t\t\t\t<\/div>\n\t\t\t\t<\/div>\n\t\t<div class=\"elementor-element elementor-element-6ebbc4a e-con-full e-flex e-con e-child\" data-id=\"6ebbc4a\" data-element_type=\"container\">\n\t\t\t\t<div class=\"elementor-element elementor-element-c6a77b7 elementor-widget elementor-widget-heading\" data-id=\"c6a77b7\" data-element_type=\"widget\" data-widget_type=\"heading.default\">\n\t\t\t\t<div class=\"elementor-widget-container\">\n\t\t\t\t\t<h2 class=\"elementor-heading-title elementor-size-default\">Jornada formativa per a Consumidor Reconegut com Expert (CRE)<\/h2>\t\t\t\t<\/div>\n\t\t\t\t<\/div>\n\t\t\t\t<\/div>\n\t\t<div class=\"elementor-element elementor-element-a1a143a e-con-full e-flex e-con e-child\" data-id=\"a1a143a\" data-element_type=\"container\">\n\t\t\t\t<div class=\"elementor-element elementor-element-c270618 elementor-widget elementor-widget-image\" data-id=\"c270618\" data-element_type=\"widget\" data-widget_type=\"image.default\">\n\t\t\t\t<div class=\"elementor-widget-container\">\n\t\t\t\t\t\t\t\t\t\t\t\t\t\t\t\t<a href=\"https:\/\/fvaac.org\/web\/wp-content\/uploads\/2026\/04\/INSCRIPCIO-CURSOS-CRE-xabia.xlsx\">\n\t\t\t\t\t\t\t<img decoding=\"async\" src=\"https:\/\/fvaac.org\/web\/wp-content\/uploads\/2026\/03\/xabia.png\" title=\"xabia\" alt=\"xabia\" loading=\"lazy\" \/>\t\t\t\t\t\t\t\t<\/a>\n\t\t\t\t\t\t\t\t\t\t\t\t\t\t\t<\/div>\n\t\t\t\t<\/div>\n\t\t\t\t<div class=\"elementor-element elementor-element-d1110ae elementor-widget elementor-widget-image\" data-id=\"d1110ae\" data-element_type=\"widget\" data-widget_type=\"image.default\">\n\t\t\t\t<div class=\"elementor-widget-container\">\n\t\t\t\t\t\t\t\t\t\t\t\t\t\t\t\t<a href=\"https:\/\/fvaac.org\/web\/wp-content\/uploads\/2026\/03\/INSCRIPCIO-CURSOS-CRE-xabia.xlsx\">\n\t\t\t\t\t\t\t<img decoding=\"async\" src=\"https:\/\/fvaac.org\/web\/wp-content\/uploads\/2026\/04\/INSCRIPCIO-CURSOS-CRE-xabia.xlsx\" title=\"\" alt=\"\" loading=\"lazy\" \/>\t\t\t\t\t\t\t\t<\/a>\n\t\t\t\t\t\t\t\t\t\t\t\t\t\t\t<\/div>\n\t\t\t\t<\/div>\n\t\t\t\t<div class=\"elementor-element elementor-element-942805f elementor-widget elementor-widget-image\" data-id=\"942805f\" data-element_type=\"widget\" data-widget_type=\"image.default\">\n\t\t\t\t<div class=\"elementor-widget-container\">\n\t\t\t\t\t\t\t\t\t\t\t\t\t\t\t<img decoding=\"async\" src=\"https:\/\/fvaac.org\/web\/wp-content\/uploads\/2026\/02\/WhatsApp-Image-2026-02-27-at-13.13.31.jpeg\" title=\"WhatsApp Image 2026-02-27 at 13.13.31\" alt=\"WhatsApp Image 2026-02-27 at 13.13.31\" loading=\"lazy\" \/>\t\t\t\t\t\t\t\t\t\t\t\t\t\t\t<\/div>\n\t\t\t\t<\/div>\n\t\t\t\t<div class=\"elementor-element elementor-element-a0c2ccf elementor-widget elementor-widget-image\" data-id=\"a0c2ccf\" data-element_type=\"widget\" data-widget_type=\"image.default\">\n\t\t\t\t<div class=\"elementor-widget-container\">\n\t\t\t\t\t\t\t\t\t\t\t\t\t\t\t\t<a href=\"https:\/\/fvaac.org\/web\/wp-content\/uploads\/2026\/04\/INSCRIPCIO-CURSOS-CRE-Marines.xlsx\">\n\t\t\t\t\t\t\t<img decoding=\"async\" src=\"https:\/\/fvaac.org\/web\/wp-content\/uploads\/2026\/03\/marines.png\" title=\"marines\" alt=\"marines\" loading=\"lazy\" \/>\t\t\t\t\t\t\t\t<\/a>\n\t\t\t\t\t\t\t\t\t\t\t\t\t\t\t<\/div>\n\t\t\t\t<\/div>\n\t\t\t\t<div class=\"elementor-element elementor-element-a5d45e0 elementor-widget elementor-widget-image\" data-id=\"a5d45e0\" data-element_type=\"widget\" data-widget_type=\"image.default\">\n\t\t\t\t<div class=\"elementor-widget-container\">\n\t\t\t\t\t\t\t\t\t\t\t\t\t\t\t<img decoding=\"async\" src=\"https:\/\/fvaac.org\/web\/wp-content\/uploads\/2026\/03\/WhatsApp-Image-2026-03-23-at-16.52.30.jpeg\" title=\"WhatsApp Image 2026-03-23 at 16.52.30\" alt=\"WhatsApp Image 2026-03-23 at 16.52.30\" loading=\"lazy\" \/>\t\t\t\t\t\t\t\t\t\t\t\t\t\t\t<\/div>\n\t\t\t\t<\/div>\n\t\t\t\t<div class=\"elementor-element elementor-element-024c2eb elementor-widget elementor-widget-image\" data-id=\"024c2eb\" data-element_type=\"widget\" data-widget_type=\"image.default\">\n\t\t\t\t<div class=\"elementor-widget-container\">\n\t\t\t\t\t\t\t\t\t\t\t\t\t\t\t\t<a href=\"https:\/\/fvaac.org\/web\/wp-content\/uploads\/2026\/04\/INSCRIPCIO-CURSOS-CRE-JaLANCE.xlsx\">\n\t\t\t\t\t\t\t<img decoding=\"async\" src=\"https:\/\/fvaac.org\/web\/wp-content\/uploads\/2026\/04\/Captura-de-pantalla-2026-04-18-204947.png\" title=\"Captura de pantalla 2026-04-18 204947\" alt=\"Captura de pantalla 2026-04-18 204947\" loading=\"lazy\" \/>\t\t\t\t\t\t\t\t<\/a>\n\t\t\t\t\t\t\t\t\t\t\t\t\t\t\t<\/div>\n\t\t\t\t<\/div>\n\t\t\t\t<div class=\"elementor-element elementor-element-7228968 elementor-widget elementor-widget-image\" data-id=\"7228968\" data-element_type=\"widget\" data-widget_type=\"image.default\">\n\t\t\t\t<div class=\"elementor-widget-container\">\n\t\t\t\t\t\t\t\t\t\t\t\t\t\t\t<img decoding=\"async\" src=\"https:\/\/fvaac.org\/web\/wp-content\/uploads\/2026\/04\/WhatsApp-Image-2026-04-17-at-08.29.42.jpeg\" title=\"WhatsApp Image 2026-04-17 at 08.29.42\" alt=\"WhatsApp Image 2026-04-17 at 08.29.42\" loading=\"lazy\" \/>\t\t\t\t\t\t\t\t\t\t\t\t\t\t\t<\/div>\n\t\t\t\t<\/div>\n\t\t\t\t<\/div>\n\t\t<div class=\"elementor-element elementor-element-683219e e-con-full e-flex e-con e-child\" data-id=\"683219e\" data-element_type=\"container\">\n\t\t\t\t<div class=\"elementor-element elementor-element-9884d9f elementor-widget elementor-widget-heading\" data-id=\"9884d9f\" data-element_type=\"widget\" data-widget_type=\"heading.default\">\n\t\t\t\t<div class=\"elementor-widget-container\">\n\t\t\t\t\t<h2 class=\"elementor-heading-title elementor-size-default\">Procediment per a la Inscripci\u00f3<\/h2>\t\t\t\t<\/div>\n\t\t\t\t<\/div>\n\t\t<div class=\"elementor-element elementor-element-0d272cf e-con-full e-flex e-con e-child\" data-id=\"0d272cf\" data-element_type=\"container\">\n\t\t\t\t<div class=\"elementor-element elementor-element-1ffca35 elementor-widget elementor-widget-text-editor\" data-id=\"1ffca35\" data-element_type=\"widget\" data-widget_type=\"text-editor.default\">\n\t\t\t\t<div class=\"elementor-widget-container\">\n\t\t\t\t\t\t\t\t\t<p><\/p>\n<p>1. Introduir les dades de tot el formulari amb MAJ\u00daSCULES, guardar el formulari tal com esta en excel.<\/p>\n<p> <\/p>\n<p>2. Enviar el formulari al correu electronic: <a href=\"mailto:cursos-cre@fvaac.com\">cursos-cre@fvaac.com<\/a>, en format excel, qualsevol altre format no sera adm\u00e9s. <br \/>3.Les col\u00b7laboracions que fan els participants suposen una ajuda a la Federaci\u00f3 per a sufragar les despeses derivades de la promoci\u00f3 d\u2019aquest tipus de jornades igual que amb el material lliurat a cada participant, aix\u00ed com a mantenir les tradicions de foc valencianes amb participaci\u00f3 ciutadana i que puguin aconseguir l\u2019acreditaci\u00f3 necess\u00e0ria segons la nova normativa. Este tipo de cursos CRE no te tases administratives de cap tipus. Els ponents no reben cap contraprestaci\u00f3 econ\u00f3mica.<\/p>\n<p> <\/p>\n<p>4. Et confirmarem al mateix correu que envies la documentaci\u00f3 que esta tot correcte o falta alguna dada. Si als 4 dies d\u2019enviar per email la sol\u00b7licitud no reps cap correu de confirmaci\u00f3 posa\u2019t en contacte amb nosaltres.<\/p>\n<p> <\/p>\n<p>5. El dia de la proba tindran que dur el DNI en vigor. Els menors de 18 anys tambe tindran que dur l&#8217;autoritzaci\u00f3 firmada per el pare\/mare\/tutor o tutora.<\/p>\n<p> <\/p>\n<p>Tots els formularis dels quals no es reba tota la documentaci\u00f3 sol\u00b7licitada correctament en els terminis indicats seran suprimits per a facilitar l&#8217;acc\u00e9s als sol\u00b7licitants en llista d&#8217;espera, deguent procedir els interessats a una nova sol\u00b7licitud a trav\u00e9s de la web.<\/p>\n<p> <\/p>\n<p><strong>Nota informativa<\/strong>: En el curs s&#8217;utilitzara el valenci\u00e0 en les exposicions audiovisuals i majorit\u00e0riament en les explicacions dels ponents. En realitzar la inscripci\u00f3 al curs comporta l&#8217;acceptaci\u00f3 d&#8217;aquesta circumst\u00e0ncia. No s&#8217;admetran reclamacions per no entendre el valenci\u00e0.<\/p>\n<p><\/p>\t\t\t\t\t\t\t\t<\/div>\n\t\t\t\t<\/div>\n\t\t\t\t<\/div>\n\t\t\t\t<\/div>\n\t\t<div class=\"elementor-element elementor-element-f511d66 e-con-full e-flex e-con e-child\" data-id=\"f511d66\" data-element_type=\"container\">\n\t\t\t\t<div class=\"elementor-element elementor-element-ccb0bb6 elementor-widget elementor-widget-heading\" data-id=\"ccb0bb6\" data-element_type=\"widget\" data-widget_type=\"heading.default\">\n\t\t\t\t<div class=\"elementor-widget-container\">\n\t\t\t\t\t<h2 class=\"elementor-heading-title elementor-size-default\">IMPORTANT<\/h2>\t\t\t\t<\/div>\n\t\t\t\t<\/div>\n\t\t\t\t<div class=\"elementor-element elementor-element-8dc9a78 elementor-widget elementor-widget-text-editor\" data-id=\"8dc9a78\" data-element_type=\"widget\" data-widget_type=\"text-editor.default\">\n\t\t\t\t<div class=\"elementor-widget-container\">\n\t\t\t\t\t\t\t\t\t<p class=\"has-text-align-center\"><strong>Abans de realitzar el curs CRE totes les Associacions, Penyes, Colles, Comissions festeres o Agrupacions Locals participants han de crear y dar de alta, el Grup CRE en la plataforma tecnol\u00f2gica de la Generalitat Valenciana, desde aqueta plataforma, el RGCre se descarreguen el certificat cre del curs.<\/strong><\/p>\n<p><!-- \/wp:paragraph --><!-- wp:paragraph {\"style\":{\"typography\":{\"fontSize\":\"17px\"}}} --><\/p>\n<p><strong>Des d&#8217;aquesta plataforma es descarregaran despr\u00e9s del curs els certificats\u00a0CRE\u00a0de tots els participants.<\/strong><\/p>\n<p><!-- \/wp:paragraph --><!-- wp:paragraph {\"style\":{\"typography\":{\"fontSize\":\"17px\"}}} --><\/p>\n<p><strong>Per a poder participar en aquests cursos\u00a0CRE\u00a0has de pert\u00e0nyer a alguna Associaci\u00f3,\u00a0Pe\u00f1a, Colla, Comissi\u00f3 festera o Agrupaci\u00f3 Local.<\/strong><\/p>\n<p><!-- \/wp:paragraph --><\/p>\t\t\t\t\t\t\t\t<\/div>\n\t\t\t\t<\/div>\n\t\t\t\t<div class=\"elementor-element elementor-element-359d55c elementor-widget elementor-widget-heading\" data-id=\"359d55c\" data-element_type=\"widget\" data-widget_type=\"heading.default\">\n\t\t\t\t<div class=\"elementor-widget-container\">\n\t\t\t\t\t<h3 class=\"elementor-heading-title elementor-size-default\">Instrucions per a l\u2019inscripci\u00f3 a les jornades formatives de Consumidors Reconeguts com a Experts<\/h3>\t\t\t\t<\/div>\n\t\t\t\t<\/div>\n\t\t\t\t<div class=\"elementor-element elementor-element-ac94af4 elementor-widget elementor-widget-heading\" data-id=\"ac94af4\" data-element_type=\"widget\" data-widget_type=\"heading.default\">\n\t\t\t\t<div class=\"elementor-widget-container\">\n\t\t\t\t\t<h4 class=\"elementor-heading-title elementor-size-default\">Vos recomanem llegir les instruccions detingudament abans d\u2019omplir el FORMULARI<\/h4>\t\t\t\t<\/div>\n\t\t\t\t<\/div>\n\t\t\t\t<div class=\"elementor-element elementor-element-a417759 elementor-widget elementor-widget-text-editor\" data-id=\"a417759\" data-element_type=\"widget\" data-widget_type=\"text-editor.default\">\n\t\t\t\t<div class=\"elementor-widget-container\">\n\t\t\t\t\t\t\t\t\t<p>L\u2019objecte d\u2019aquesta Instrucci\u00f3 T\u00e8cnica Complement\u00e0ria n\u00ba 18 \u00e9s regular l\u2019\u00fas d\u2019articles pirot\u00e8cnics per Grups Consumidors Reconeguts com a Experts, en manifestacions festives, religioses,culturals i tradicionals organitzades per col\u00b7lectius, persones jur\u00eddiques,ajuntaments, associacions o entitats jur\u00eddiques, etc. Es tracta d\u2019esdeveniments en els quals el tipus i la forma d\u2019utilitzaci\u00f3 dels articles pirot\u00e8cnics requereixen mesures espec\u00edfiques d\u2019organitzaci\u00f3 i seguretat, aix\u00ed com certificaci\u00f3 acreditativa com a consumidors reconeguts com a experts (CRE) dels consumidors participants en el mateix.<\/p>\n<p>Com a regla general, els articles pirot\u00e8cnics utilitzats en els festejos que regula aquesta ITC hauran de disposar de marcat CE i estar catalogats. Aquests articles podran ser de categories F1, F2, F3, T1 i P1. Adicionalment, podran utilitzar-se articles pirot\u00e8cnics que, per raons constructives o funcionals, no puguen disposar de marcat CE, en quedar exceptuats de l\u2019\u00e0mbit d\u2019aplicaci\u00f3 de la Directiva 2013\/29\/UE, de 12 de juny de 2013.<\/p>\n<p>Per a participar als cursos de Consumidors Reconeguts com a Experts (CRE) que promou esta Federaci\u00f3 Valenciana d\u2019Associacions d\u2019Amics del Coet \u2013 FVAAC, el sol.licitant deura de pert\u00e0nyer a una colla, grup \u00f3 associaci\u00f3 amb personalitat jur\u00eddica pr\u00f2pia, tambe deu de tindrer almenys un Responsable de Grup CRE amb acreditaci\u00f3 en vigor expedida per la Delegaci\u00f3 del Govern i vinculada a l\u2019associaci\u00f3.<\/p>\n<p><mark><strong>IMPORTANT\u00a0<\/strong><\/mark>\u2013\u00a0Abans de realitzar el curs CRE totes les Associacions participants deuen de tindre crear el Grup CRE en la plataforma tecnologica de la Generalitat Valenciana. Des d\u2019aquesta plataforma es descarregaren despr\u00e9s del curs,\u00a0 els certificats CRE.<\/p>\n<p><span style=\"color: var(--total-content-text-color, #333); font-family: var(--total-body-family, Poppins); font-size: var(--total-body-size, 17px); font-style: var(--total-body-style, normal); font-weight: var(--total-body-weight, 400); letter-spacing: var(--total-body-letter-spacing, 0); text-transform: var(--total-body-text-transform, none);\">Els cursos contemplaran les modalitats de \u00abcord\u00e0\u00bb, \u00abpassej\u00e0\u00bb, \u00abdespert\u00e0\u00bb i \u00abcorrefoc\u00bb, a partir dels de 8 anys, y als 18 renovacio,\u00a0 contactar amb FVAAC abans de fer l\u2019inscripci\u00f3.<\/span><\/p>\n<p>La inscripci\u00f3 la realitzar\u00e0 un Responsable de l\u2019Associaci\u00f3, y es necesari i obligatori el CIF. No modificar el fitxer excel. Si es necessita inscriure al curs a m\u00e9s participants deur\u00e0 d\u2019omplir un nou formulari amb les dades dels participants que no havia inscrit anteriorment. Els participants que es presenten al curs deuran portar el dia de la prova el seu DNI en vigor.<\/p>\n<p><span style=\"color: var(--total-content-text-color, #333); font-family: var(--total-body-family, Poppins); font-size: var(--total-body-size, 17px); font-style: var(--total-body-style, normal); font-weight: var(--total-body-weight, 400); letter-spacing: var(--total-body-letter-spacing, 0); text-transform: var(--total-body-text-transform, none);\">El responsable de Grup CRE sera qui podr\u00e0 accedir en el futur a la plataforma tecnol\u00f2gica de la Generalitat Valenciana amb un certificat digital per a traure les acreditacions de CRE dels components de la seua associaci\u00f3.<\/span><\/p>\n<div>\u00a0<\/div>\t\t\t\t\t\t\t\t<\/div>\n\t\t\t\t<\/div>\n\t\t\t\t<\/div>\n\t\t\t\t\t<\/div>\n\t\t\t\t<\/div>\n\t\t<div class=\"elementor-element elementor-element-e9b51ed e-flex e-con-boxed e-con e-parent\" data-id=\"e9b51ed\" data-element_type=\"container\">\n\t\t\t\t\t<div class=\"e-con-inner\">\n\t\t\t\t<div class=\"elementor-element elementor-element-c5e9f6b elementor-widget elementor-widget-text-editor\" data-id=\"c5e9f6b\" data-element_type=\"widget\" data-widget_type=\"text-editor.default\">\n\t\t\t\t<div class=\"elementor-widget-container\">\n\t\t\t\t\t\t\t\t\t<h2>Acceso a la plataforma<span style=\"color: #ff0000;\">\u00a0<a style=\"color: #ff0000;\" href=\"https:\/\/gvlogin.gva.es\/gvlogin\/login.xhtml?jwt=true&amp;app=FORCRE&amp;url=https%3A%2F%2Fforcre-frontend.gva.es%2Fforcre-frontend%2Finicio\" target=\"_blank\" rel=\"noopener\">FORMACI\u00d3N CRE<\/a><\/span><\/h2>\n<p>.<\/p>\t\t\t\t\t\t\t\t<\/div>\n\t\t\t\t<\/div>\n\t\t\t\t\t<\/div>\n\t\t\t\t<\/div>\n\t\t<div class=\"elementor-element elementor-element-21b1a39 e-flex e-con-boxed e-con e-parent\" data-id=\"21b1a39\" data-element_type=\"container\">\n\t\t\t\t\t<div class=\"e-con-inner\">\n\t\t\t\t\t<\/div>\n\t\t\t\t<\/div>\n\t\t\t\t<\/div>\n\t\t","protected":false},"excerpt":{"rendered":"<p>\u25cf\u00a0Per a enviar les sol-licituts:\u00a0cursos-cre@fvaac.com \u25cf\u00a0Per a consultes cridar al m\u00f2bil\u00a0: 682 87 26 72 \u2013\u00a0El servei de Whatsapp tan sols ser\u00e0 per aquelles associacions afiliades a FVAAC. ASI POTS DESCARREGAR\u00a0L\u2019AUTORITZACI\u00d3 DEL TUTOR descargar aqui, obligatori dur el Dni del menor,per a fer el curs CRE els menors de 18 anys i els majors de [&hellip;]<\/p>\n","protected":false},"author":1,"featured_media":0,"parent":0,"menu_order":0,"comment_status":"closed","ping_status":"closed","template":"","meta":{"footnotes":""},"class_list":["post-1883","page","type-page","status-publish","hentry"],"yoast_head":"<!-- This site is optimized with the Yoast SEO plugin v24.5 - https:\/\/yoast.com\/wordpress\/plugins\/seo\/ -->\n<title>Formaci\u00f3 CRE - Federaci\u00f3 Valenciana d&#039;Associacions d&#039;Amics del Coet<\/title>\n<meta name=\"robots\" content=\"index, follow, max-snippet:-1, max-image-preview:large, max-video-preview:-1\" \/>\n<link rel=\"canonical\" href=\"https:\/\/fvaac.org\/web\/formacio-cre\/\" \/>\n<meta property=\"og:locale\" content=\"es_ES\" \/>\n<meta property=\"og:type\" content=\"article\" \/>\n<meta property=\"og:title\" content=\"Formaci\u00f3 CRE - Federaci\u00f3 Valenciana d&#039;Associacions d&#039;Amics del Coet\" \/>\n<meta property=\"og:description\" content=\"\u25cf\u00a0Per a enviar les sol-licituts:\u00a0cursos-cre@fvaac.com \u25cf\u00a0Per a consultes cridar al m\u00f2bil\u00a0: 682 87 26 72 \u2013\u00a0El servei de Whatsapp tan sols ser\u00e0 per aquelles associacions afiliades a FVAAC. ASI POTS DESCARREGAR\u00a0L\u2019AUTORITZACI\u00d3 DEL TUTOR descargar aqui, obligatori dur el Dni del menor,per a fer el curs CRE els menors de 18 anys i els majors de [&hellip;]\" \/>\n<meta property=\"og:url\" content=\"https:\/\/fvaac.org\/web\/formacio-cre\/\" \/>\n<meta property=\"og:site_name\" content=\"Federaci\u00f3 Valenciana d&#039;Associacions d&#039;Amics del Coet\" \/>\n<meta property=\"article:modified_time\" content=\"2026-04-18T18:51:32+00:00\" \/>\n<meta property=\"og:image\" content=\"https:\/\/fvaac.org\/web\/wp-content\/uploads\/2026\/03\/xabia.png\" \/>\n<meta name=\"twitter:card\" content=\"summary_large_image\" \/>\n<meta name=\"twitter:label1\" content=\"Tiempo de lectura\" \/>\n\t<meta name=\"twitter:data1\" content=\"6 minutos\" \/>\n<script type=\"application\/ld+json\" class=\"yoast-schema-graph\">{\"@context\":\"https:\/\/schema.org\",\"@graph\":[{\"@type\":\"WebPage\",\"@id\":\"https:\/\/fvaac.org\/web\/formacio-cre\/\",\"url\":\"https:\/\/fvaac.org\/web\/formacio-cre\/\",\"name\":\"Formaci\u00f3 CRE - Federaci\u00f3 Valenciana d&#039;Associacions d&#039;Amics del Coet\",\"isPartOf\":{\"@id\":\"https:\/\/fvaac.org\/web\/#website\"},\"primaryImageOfPage\":{\"@id\":\"https:\/\/fvaac.org\/web\/formacio-cre\/#primaryimage\"},\"image\":{\"@id\":\"https:\/\/fvaac.org\/web\/formacio-cre\/#primaryimage\"},\"thumbnailUrl\":\"https:\/\/fvaac.org\/web\/wp-content\/uploads\/2026\/03\/xabia.png\",\"datePublished\":\"2025-01-20T17:18:59+00:00\",\"dateModified\":\"2026-04-18T18:51:32+00:00\",\"breadcrumb\":{\"@id\":\"https:\/\/fvaac.org\/web\/formacio-cre\/#breadcrumb\"},\"inLanguage\":\"es\",\"potentialAction\":[{\"@type\":\"ReadAction\",\"target\":[\"https:\/\/fvaac.org\/web\/formacio-cre\/\"]}]},{\"@type\":\"ImageObject\",\"inLanguage\":\"es\",\"@id\":\"https:\/\/fvaac.org\/web\/formacio-cre\/#primaryimage\",\"url\":\"https:\/\/fvaac.org\/web\/wp-content\/uploads\/2026\/03\/xabia.png\",\"contentUrl\":\"https:\/\/fvaac.org\/web\/wp-content\/uploads\/2026\/03\/xabia.png\",\"width\":395,\"height\":430},{\"@type\":\"BreadcrumbList\",\"@id\":\"https:\/\/fvaac.org\/web\/formacio-cre\/#breadcrumb\",\"itemListElement\":[{\"@type\":\"ListItem\",\"position\":1,\"name\":\"Portada\",\"item\":\"https:\/\/fvaac.org\/web\/\"},{\"@type\":\"ListItem\",\"position\":2,\"name\":\"Formaci\u00f3 CRE\"}]},{\"@type\":\"WebSite\",\"@id\":\"https:\/\/fvaac.org\/web\/#website\",\"url\":\"https:\/\/fvaac.org\/web\/\",\"name\":\"Federaci\u00f3 Valenciana d&#039;Associacions d&#039;Amics del Coet\",\"description\":\"\",\"publisher\":{\"@id\":\"https:\/\/fvaac.org\/web\/#organization\"},\"potentialAction\":[{\"@type\":\"SearchAction\",\"target\":{\"@type\":\"EntryPoint\",\"urlTemplate\":\"https:\/\/fvaac.org\/web\/?s={search_term_string}\"},\"query-input\":{\"@type\":\"PropertyValueSpecification\",\"valueRequired\":true,\"valueName\":\"search_term_string\"}}],\"inLanguage\":\"es\"},{\"@type\":\"Organization\",\"@id\":\"https:\/\/fvaac.org\/web\/#organization\",\"name\":\"Federaci\u00f3 Valenciana d&#039;Associacions d&#039;Amics del Coet\",\"url\":\"https:\/\/fvaac.org\/web\/\",\"logo\":{\"@type\":\"ImageObject\",\"inLanguage\":\"es\",\"@id\":\"https:\/\/fvaac.org\/web\/#\/schema\/logo\/image\/\",\"url\":\"https:\/\/fvaac.org\/web\/wp-content\/uploads\/2025\/01\/fvaac.jpg\",\"contentUrl\":\"https:\/\/fvaac.org\/web\/wp-content\/uploads\/2025\/01\/fvaac.jpg\",\"width\":349,\"height\":90,\"caption\":\"Federaci\u00f3 Valenciana d&#039;Associacions d&#039;Amics del Coet\"},\"image\":{\"@id\":\"https:\/\/fvaac.org\/web\/#\/schema\/logo\/image\/\"}}]}<\/script>\n<!-- \/ Yoast SEO plugin. -->","yoast_head_json":{"title":"Formaci\u00f3 CRE - Federaci\u00f3 Valenciana d&#039;Associacions d&#039;Amics del Coet","robots":{"index":"index","follow":"follow","max-snippet":"max-snippet:-1","max-image-preview":"max-image-preview:large","max-video-preview":"max-video-preview:-1"},"canonical":"https:\/\/fvaac.org\/web\/formacio-cre\/","og_locale":"es_ES","og_type":"article","og_title":"Formaci\u00f3 CRE - Federaci\u00f3 Valenciana d&#039;Associacions d&#039;Amics del Coet","og_description":"\u25cf\u00a0Per a enviar les sol-licituts:\u00a0cursos-cre@fvaac.com \u25cf\u00a0Per a consultes cridar al m\u00f2bil\u00a0: 682 87 26 72 \u2013\u00a0El servei de Whatsapp tan sols ser\u00e0 per aquelles associacions afiliades a FVAAC. ASI POTS DESCARREGAR\u00a0L\u2019AUTORITZACI\u00d3 DEL TUTOR descargar aqui, obligatori dur el Dni del menor,per a fer el curs CRE els menors de 18 anys i els majors de [&hellip;]","og_url":"https:\/\/fvaac.org\/web\/formacio-cre\/","og_site_name":"Federaci\u00f3 Valenciana d&#039;Associacions d&#039;Amics del Coet","article_modified_time":"2026-04-18T18:51:32+00:00","og_image":[{"url":"https:\/\/fvaac.org\/web\/wp-content\/uploads\/2026\/03\/xabia.png","type":"","width":"","height":""}],"twitter_card":"summary_large_image","twitter_misc":{"Tiempo de lectura":"6 minutos"},"schema":{"@context":"https:\/\/schema.org","@graph":[{"@type":"WebPage","@id":"https:\/\/fvaac.org\/web\/formacio-cre\/","url":"https:\/\/fvaac.org\/web\/formacio-cre\/","name":"Formaci\u00f3 CRE - Federaci\u00f3 Valenciana d&#039;Associacions d&#039;Amics del Coet","isPartOf":{"@id":"https:\/\/fvaac.org\/web\/#website"},"primaryImageOfPage":{"@id":"https:\/\/fvaac.org\/web\/formacio-cre\/#primaryimage"},"image":{"@id":"https:\/\/fvaac.org\/web\/formacio-cre\/#primaryimage"},"thumbnailUrl":"https:\/\/fvaac.org\/web\/wp-content\/uploads\/2026\/03\/xabia.png","datePublished":"2025-01-20T17:18:59+00:00","dateModified":"2026-04-18T18:51:32+00:00","breadcrumb":{"@id":"https:\/\/fvaac.org\/web\/formacio-cre\/#breadcrumb"},"inLanguage":"es","potentialAction":[{"@type":"ReadAction","target":["https:\/\/fvaac.org\/web\/formacio-cre\/"]}]},{"@type":"ImageObject","inLanguage":"es","@id":"https:\/\/fvaac.org\/web\/formacio-cre\/#primaryimage","url":"https:\/\/fvaac.org\/web\/wp-content\/uploads\/2026\/03\/xabia.png","contentUrl":"https:\/\/fvaac.org\/web\/wp-content\/uploads\/2026\/03\/xabia.png","width":395,"height":430},{"@type":"BreadcrumbList","@id":"https:\/\/fvaac.org\/web\/formacio-cre\/#breadcrumb","itemListElement":[{"@type":"ListItem","position":1,"name":"Portada","item":"https:\/\/fvaac.org\/web\/"},{"@type":"ListItem","position":2,"name":"Formaci\u00f3 CRE"}]},{"@type":"WebSite","@id":"https:\/\/fvaac.org\/web\/#website","url":"https:\/\/fvaac.org\/web\/","name":"Federaci\u00f3 Valenciana d&#039;Associacions d&#039;Amics del Coet","description":"","publisher":{"@id":"https:\/\/fvaac.org\/web\/#organization"},"potentialAction":[{"@type":"SearchAction","target":{"@type":"EntryPoint","urlTemplate":"https:\/\/fvaac.org\/web\/?s={search_term_string}"},"query-input":{"@type":"PropertyValueSpecification","valueRequired":true,"valueName":"search_term_string"}}],"inLanguage":"es"},{"@type":"Organization","@id":"https:\/\/fvaac.org\/web\/#organization","name":"Federaci\u00f3 Valenciana d&#039;Associacions d&#039;Amics del Coet","url":"https:\/\/fvaac.org\/web\/","logo":{"@type":"ImageObject","inLanguage":"es","@id":"https:\/\/fvaac.org\/web\/#\/schema\/logo\/image\/","url":"https:\/\/fvaac.org\/web\/wp-content\/uploads\/2025\/01\/fvaac.jpg","contentUrl":"https:\/\/fvaac.org\/web\/wp-content\/uploads\/2025\/01\/fvaac.jpg","width":349,"height":90,"caption":"Federaci\u00f3 Valenciana d&#039;Associacions d&#039;Amics del Coet"},"image":{"@id":"https:\/\/fvaac.org\/web\/#\/schema\/logo\/image\/"}}]}},"_links":{"self":[{"href":"https:\/\/fvaac.org\/web\/wp-json\/wp\/v2\/pages\/1883","targetHints":{"allow":["GET"]}}],"collection":[{"href":"https:\/\/fvaac.org\/web\/wp-json\/wp\/v2\/pages"}],"about":[{"href":"https:\/\/fvaac.org\/web\/wp-json\/wp\/v2\/types\/page"}],"author":[{"embeddable":true,"href":"https:\/\/fvaac.org\/web\/wp-json\/wp\/v2\/users\/1"}],"replies":[{"embeddable":true,"href":"https:\/\/fvaac.org\/web\/wp-json\/wp\/v2\/comments?post=1883"}],"version-history":[{"count":239,"href":"https:\/\/fvaac.org\/web\/wp-json\/wp\/v2\/pages\/1883\/revisions"}],"predecessor-version":[{"id":3217,"href":"https:\/\/fvaac.org\/web\/wp-json\/wp\/v2\/pages\/1883\/revisions\/3217"}],"wp:attachment":[{"href":"https:\/\/fvaac.org\/web\/wp-json\/wp\/v2\/media?parent=1883"}],"curies":[{"name":"wp","href":"https:\/\/api.w.org\/{rel}","templated":true}]}}