{"id":2042,"date":"2025-01-24T16:42:56","date_gmt":"2025-01-24T15:42:56","guid":{"rendered":"https:\/\/fvaac.org\/web\/?page_id=2042"},"modified":"2025-01-24T16:43:59","modified_gmt":"2025-01-24T15:43:59","slug":"qui-som","status":"publish","type":"page","link":"https:\/\/fvaac.org\/web\/qui-som\/","title":{"rendered":"Qui Som?"},"content":{"rendered":"\t\t<div data-elementor-type=\"wp-page\" data-elementor-id=\"2042\" class=\"elementor elementor-2042\" data-elementor-post-type=\"page\">\n\t\t\t\t<div class=\"elementor-element elementor-element-492ac4a e-flex e-con-boxed e-con e-parent\" data-id=\"492ac4a\" data-element_type=\"container\">\n\t\t\t\t\t<div class=\"e-con-inner\">\n\t\t\t\t<div class=\"elementor-element elementor-element-418f293 elementor-widget elementor-widget-text-editor\" data-id=\"418f293\" data-element_type=\"widget\" data-widget_type=\"text-editor.default\">\n\t\t\t\t<div class=\"elementor-widget-container\">\n\t\t\t\t\t\t\t\t\t<h2 class=\"wp-block-heading\"><strong>Breu hist\u00f2ria de FVAAC<\/strong><\/h2><p>El mes de juliol de 2002, a Picanya (Val\u00e8ncia-Horta Sud) en plenes festes patronals l\u2019A.C.F. El Coet, celebrant el seu 10\u00e8 Aniversari, va muntar una exposici\u00f3 sobre pirot\u00e8cnia i coeteria. El divendres dia 12, un grup de persones aficionades del m\u00f3n del coet, i sense cap vincle entre elles, demanaren con\u00e9ixer al president de l\u2019entitat organitzadora per a canviar impressions respecte aix\u00f2. Estes persones que pertanyien a diferents associacions coeteres en actiu com la Penya l\u2019Estop\u00ed de Mislata, Amics de la Pirot\u00e8cnia del Cabanyal, Penya El Coet de Burjassot, Qualsevol Penya de Paterna, i per supost l\u2019A.C.F. Penya El Coet de Picanya, despr\u00e9s d\u2019un bon canvi d\u2019impressions respecte a les festes tradicionals pr\u00f2pies de la Comunitat Valenciana, acordaren reunir-se la segona setmana de setembre a Burjassot, per estudiar la conveni\u00e8ncia de crear una Federaci\u00f3 Valenciana que aglutinara a totes els associacions festeres per tal de defensar els interessos comuns.<\/p><p>I aix\u00ed va ser, el dissabte 21 de setembre de 2002, al Casal de la Falla de Burjassot, se celebr\u00e0 la primera reuni\u00f3 a la que acudixen les associacions ja esmentades a Picanya, a m\u00e9s de l\u2019Associaci\u00f3 Amics de la P\u00f3lvora de Burjassot, Associaci\u00f3 Cultural Amics del Coet de Sueca i El Coeter Major de Paterna En Pep\u00edn Dami\u00e1n, exposades varies opinions s\u2019arrib\u00e0 a l\u2019acord de crear una federaci\u00f3. Es va convocar una nova reuni\u00f3 per comen\u00e7ar la redacci\u00f3 dels estatuts i procedir a formar una junta gestora. Se celebraren dos o tres reunions m\u00e9s i a la fi, la F.V.A.A.C. (Federaci\u00f3 Valenciana d\u2019Associacions d\u2019Amics del Coet) va n\u00e0ixer el 5 de desembre de 2002, fruit de la necessitat de defendre, recuperar, mantindre, fomentar la formaci\u00f3 i potenciar les nostres festes tradicionals i cultes de foc vinculats, inexcusablement, a la cultura del foc festiu tradicional i centenari. Els estatuts van estar acabats i signats el dissabte 7 de decembre de 2002 en el Teatre Capri de Paterna, sent elegit president En Manuel Mu\u00f1oz i Peris, de la Penya l\u2019Estop\u00ed de Mislata.<\/p><p>A partir d\u2019esta data i fins l\u2019any 2007, s\u2019incorporen a la federaci\u00f3, noves associacions, com El Fugidor de Picassent, Corretraca d\u2019Aldaia, Amics de La Cord\u00e0 d\u2019Alaquas, Penya el Litri d\u2019Estubeny, Tiradors de Coets de la Processo del Crist de Bell\u00fas, Colla Despertades de Massanassa, Penya Foc Seguit de Beneixida, Penya El Coet de Benifai\u00f3.<\/p><p>La Federaci\u00f3, en el per\u00edode compr\u00e9s entre els anys 2004 i 2007 va tindre una escassa operabilitat motivada pel nul inter\u00e9s demostrat per la presid\u00e8ncia de la dita \u00e8poca. \u00c9s a partir de finals de 2007, amb motiu de la publicaci\u00f3 de la Directiva 2007\/23\/CE de 23 de maig de 2007, sobre la posada en el mercat d\u2019articles pirot\u00e8cnics, quan es destitu\u00efx al president, es dissol la junta directiva i es crea una junta gestora que comen\u00e7a un proc\u00e9s de reforma interna que acaba amb l\u2019assemblea general celebrada a Aldaia el 7 de febrer de 2009, en la qual \u00e9s triat per unanimitat el nou president, En Daniel Claver Herrera de la Associaci\u00f3 Cultural Amics del Coet de Sueca, iniciant una nova junta directiva en la FVAAC, confiant de nou la secretaria al seu amic, En Jos\u00e9 Miguel Santolaria Pascual, de la Penya el Coet de Picanya, els impulsaren una nova traject\u00f2ria molt important de la Federaci\u00f3 Valenciana.<\/p><p>\u00c9s a partir d\u2019esta data quan la FVAAC, comen\u00e7a a treballar seriosament, denunciant p\u00fablicament el desinter\u00e9s de les administracions, tant locals, provincials, auton\u00f2miques i nacionals, davant d\u2019una directiva que venia directament a estrangular, a anul\u00b7lar les nostres tradicions, i que si alg\u00fa no ho remeiava, al gener de 2010 la imminent prohibici\u00f3 de l\u2019\u00fas tradicional i popular dels festes de foc i ritus tradicionals culturals del foc valenci\u00e0, etc., es faria definitiva i per tant passaria al ba\u00fcl dels records com ha passat amb altres tradicions. Tot este treball, comport\u00e0, que la Federaci\u00f3 anara creixent poc a poc i fins aconseguir el n\u00famero d\u2019associacions afiliades fins a 43, pertanyents a pobles com Benicarl\u00f3, Montserrat, B\u00e8tera, Benisan\u00f3, el Villar, l\u2019Eliana, Pedreguer, Quart de Poblet, Bell\u00fas, Almoines, Serra, C\u00e0rcer, La Xara, Xeraco, Aielo de Malferit, Val\u00e8ncia, Museros, Rafelbunyol, Massalfassar, Cullera, Beniarbeig, a m\u00e9s dels fundadors.<\/p><p>Davant de la repercussi\u00f3 que va tindre en premsa escrita, r\u00e0dio i televisi\u00f3, es van produir cont\u00ednues den\u00fancies i demandes de FVAAC per part del nostre nou president, En Daniel Claver, atenent a les seues revindicacions en favor del manteniment d\u2019actes de foc molt arrelats en la nostra cultura valenciana, la Generalitat Valenciana, a trav\u00e9s de la Conselleria de Governaci\u00f3, regentada per l\u2019honorable senyor conseller En Seraf\u00edn Castellano Mart\u00ed, sent secretari de Governaci\u00f3 En Lu\u00eds Miguel Ib\u00e1\u00f1ez Gadea inicien una s\u00e8rie de reunions que donen com a fruit la creaci\u00f3 de la Comissi\u00f3 T\u00e8cnica per a assumptes pirot\u00e8cnics en que formen part la Conselleria de Cultura i Esports, la Federaci\u00f3 Valenciana de Municipis i Prov\u00edncies,\u00a0 representants pol\u00edtics de les tres prov\u00edncies, la FVAAC, la Federaci\u00f3 de Dimonis i Diables del Pa\u00eds Valenci\u00e0, la Junta Central Fallera, la Comissi\u00f3 Gestora Fogueres de Sant Joan i els responsables de festes i cultura d\u2019alguns ajuntaments.<\/p><p>La participaci\u00f3 en les aportacions t\u00e8cniques de la FVAAC en la dita Comissi\u00f3 T\u00e8cnica, aconseguix tal nivell, que va ser invitada pel Ministeri d\u2019Ind\u00fastria a participar en reunions encaminades a aconseguir una normativa o reglament que permetera el manteniment dels actes festius tradicionals amb l\u2019\u00fas d\u2019articles pirot\u00e8cnics, esta col\u00b7laboraci\u00f3 es tradu\u00efx en que moltes de les seues propostes serien arreplegades tant en el RD 563\/2010, de 7 de maig, pel qual s\u2019aprova el Reglament d\u2019articles pirot\u00e8cnics i cartutxeria a trav\u00e9s del seu ITC18 com en el Decret 19\/2011, de 4 de mar\u00e7 del Consell, pel qual es reconeix el car\u00e0cter religi\u00f3s, cultural o tradicional de les manifestacions festives celebrades a la Comunitat Valenciana en que s\u2019utilitzen artificis de pirot\u00e8cnia.<\/p><p>\u00c9s amb motiu de la publicaci\u00f3 d\u2019ambdues normes legislatives, que tant la Delegaci\u00f3 del Govern a la Comunitat Valenciana com les conselleries de Governaci\u00f3 i de Cultura i Esports, depositen la seua confian\u00e7a en un conveni de col.laboracio en la FVAAC i altres entitats perqu\u00e8 procedisca, en compliment del que disposa la ITC18, a la impartici\u00f3 de cursos de formaci\u00f3 de RG-CRE (Responsable de Grup de Consumidors Reconeguts com a Experts) i de CRE (Consumidor Reconegut com a Expert). La FVAAC, ha complit, complix i complir\u00e0, amb l\u2019esperit que va motivar la seua fundaci\u00f3 reflectit en els seus estatuts, mantenint el seu comprom\u00eds de col\u00b7laborar amb qualsevol ens p\u00fablic, associaci\u00f3, comissi\u00f3 de festes, etc. Pretenem mantindre encesa eixa flama, eixa passi\u00f3 i amor pels focs i ritus tradicionals culturals valencians com s\u00f3n: \u00abpassejaes\u00bb, \u00abcordaes\u00bb, \u00abdespertaes\u00bb, \u00abcorrefocs\u00bb i molts altres m\u00e9s, que ens han anat transmetent els nostres avantpassats i que nosaltres tenim l\u2019obligaci\u00f3 de fomentar, d\u2019ensenyar i transmetre als nostres fills i n\u00e9ts, perqu\u00e8\u00a0 la purna de les nostres tradicions culturals de foc i ritus valencians no s\u2019apaguen mai.<\/p><h2 class=\"wp-block-heading\">PERQU\u00c8 UN POBLE SENSE HIST\u00d2RIA \u00c9S UN POBLE MORT<\/h2>\t\t\t\t\t\t\t\t<\/div>\n\t\t\t\t<\/div>\n\t\t\t\t\t<\/div>\n\t\t\t\t<\/div>\n\t\t\t\t<\/div>\n\t\t","protected":false},"excerpt":{"rendered":"<p>Breu hist\u00f2ria de FVAAC El mes de juliol de 2002, a Picanya (Val\u00e8ncia-Horta Sud) en plenes festes patronals l\u2019A.C.F. El Coet, celebrant el seu 10\u00e8 Aniversari, va muntar una exposici\u00f3 sobre pirot\u00e8cnia i coeteria. El divendres dia 12, un grup de persones aficionades del m\u00f3n del coet, i sense cap vincle entre elles, demanaren con\u00e9ixer [&hellip;]<\/p>\n","protected":false},"author":1,"featured_media":0,"parent":0,"menu_order":0,"comment_status":"closed","ping_status":"closed","template":"","meta":{"footnotes":""},"class_list":["post-2042","page","type-page","status-publish","hentry"],"yoast_head":"<!-- This site is optimized with the Yoast SEO plugin v24.5 - https:\/\/yoast.com\/wordpress\/plugins\/seo\/ -->\n<title>Qui Som? - Federaci\u00f3 Valenciana d&#039;Associacions d&#039;Amics del Coet<\/title>\n<meta name=\"robots\" content=\"index, follow, max-snippet:-1, max-image-preview:large, max-video-preview:-1\" \/>\n<link rel=\"canonical\" href=\"https:\/\/fvaac.org\/web\/qui-som\/\" \/>\n<meta property=\"og:locale\" content=\"es_ES\" \/>\n<meta property=\"og:type\" content=\"article\" \/>\n<meta property=\"og:title\" content=\"Qui Som? - Federaci\u00f3 Valenciana d&#039;Associacions d&#039;Amics del Coet\" \/>\n<meta property=\"og:description\" content=\"Breu hist\u00f2ria de FVAAC El mes de juliol de 2002, a Picanya (Val\u00e8ncia-Horta Sud) en plenes festes patronals l\u2019A.C.F. El Coet, celebrant el seu 10\u00e8 Aniversari, va muntar una exposici\u00f3 sobre pirot\u00e8cnia i coeteria. El divendres dia 12, un grup de persones aficionades del m\u00f3n del coet, i sense cap vincle entre elles, demanaren con\u00e9ixer [&hellip;]\" \/>\n<meta property=\"og:url\" content=\"https:\/\/fvaac.org\/web\/qui-som\/\" \/>\n<meta property=\"og:site_name\" content=\"Federaci\u00f3 Valenciana d&#039;Associacions d&#039;Amics del Coet\" \/>\n<meta property=\"article:modified_time\" content=\"2025-01-24T15:43:59+00:00\" \/>\n<meta name=\"twitter:card\" content=\"summary_large_image\" \/>\n<meta name=\"twitter:label1\" content=\"Tiempo de lectura\" \/>\n\t<meta name=\"twitter:data1\" content=\"6 minutos\" \/>\n<script type=\"application\/ld+json\" class=\"yoast-schema-graph\">{\"@context\":\"https:\/\/schema.org\",\"@graph\":[{\"@type\":\"WebPage\",\"@id\":\"https:\/\/fvaac.org\/web\/qui-som\/\",\"url\":\"https:\/\/fvaac.org\/web\/qui-som\/\",\"name\":\"Qui Som? - Federaci\u00f3 Valenciana d&#039;Associacions d&#039;Amics del Coet\",\"isPartOf\":{\"@id\":\"https:\/\/fvaac.org\/web\/#website\"},\"datePublished\":\"2025-01-24T15:42:56+00:00\",\"dateModified\":\"2025-01-24T15:43:59+00:00\",\"breadcrumb\":{\"@id\":\"https:\/\/fvaac.org\/web\/qui-som\/#breadcrumb\"},\"inLanguage\":\"es\",\"potentialAction\":[{\"@type\":\"ReadAction\",\"target\":[\"https:\/\/fvaac.org\/web\/qui-som\/\"]}]},{\"@type\":\"BreadcrumbList\",\"@id\":\"https:\/\/fvaac.org\/web\/qui-som\/#breadcrumb\",\"itemListElement\":[{\"@type\":\"ListItem\",\"position\":1,\"name\":\"Portada\",\"item\":\"https:\/\/fvaac.org\/web\/\"},{\"@type\":\"ListItem\",\"position\":2,\"name\":\"Qui Som?\"}]},{\"@type\":\"WebSite\",\"@id\":\"https:\/\/fvaac.org\/web\/#website\",\"url\":\"https:\/\/fvaac.org\/web\/\",\"name\":\"Federaci\u00f3 Valenciana d&#039;Associacions d&#039;Amics del Coet\",\"description\":\"\",\"publisher\":{\"@id\":\"https:\/\/fvaac.org\/web\/#organization\"},\"potentialAction\":[{\"@type\":\"SearchAction\",\"target\":{\"@type\":\"EntryPoint\",\"urlTemplate\":\"https:\/\/fvaac.org\/web\/?s={search_term_string}\"},\"query-input\":{\"@type\":\"PropertyValueSpecification\",\"valueRequired\":true,\"valueName\":\"search_term_string\"}}],\"inLanguage\":\"es\"},{\"@type\":\"Organization\",\"@id\":\"https:\/\/fvaac.org\/web\/#organization\",\"name\":\"Federaci\u00f3 Valenciana d&#039;Associacions d&#039;Amics del Coet\",\"url\":\"https:\/\/fvaac.org\/web\/\",\"logo\":{\"@type\":\"ImageObject\",\"inLanguage\":\"es\",\"@id\":\"https:\/\/fvaac.org\/web\/#\/schema\/logo\/image\/\",\"url\":\"https:\/\/fvaac.org\/web\/wp-content\/uploads\/2025\/01\/fvaac.jpg\",\"contentUrl\":\"https:\/\/fvaac.org\/web\/wp-content\/uploads\/2025\/01\/fvaac.jpg\",\"width\":349,\"height\":90,\"caption\":\"Federaci\u00f3 Valenciana d&#039;Associacions d&#039;Amics del Coet\"},\"image\":{\"@id\":\"https:\/\/fvaac.org\/web\/#\/schema\/logo\/image\/\"}}]}<\/script>\n<!-- \/ Yoast SEO plugin. -->","yoast_head_json":{"title":"Qui Som? - Federaci\u00f3 Valenciana d&#039;Associacions d&#039;Amics del Coet","robots":{"index":"index","follow":"follow","max-snippet":"max-snippet:-1","max-image-preview":"max-image-preview:large","max-video-preview":"max-video-preview:-1"},"canonical":"https:\/\/fvaac.org\/web\/qui-som\/","og_locale":"es_ES","og_type":"article","og_title":"Qui Som? - Federaci\u00f3 Valenciana d&#039;Associacions d&#039;Amics del Coet","og_description":"Breu hist\u00f2ria de FVAAC El mes de juliol de 2002, a Picanya (Val\u00e8ncia-Horta Sud) en plenes festes patronals l\u2019A.C.F. El Coet, celebrant el seu 10\u00e8 Aniversari, va muntar una exposici\u00f3 sobre pirot\u00e8cnia i coeteria. El divendres dia 12, un grup de persones aficionades del m\u00f3n del coet, i sense cap vincle entre elles, demanaren con\u00e9ixer [&hellip;]","og_url":"https:\/\/fvaac.org\/web\/qui-som\/","og_site_name":"Federaci\u00f3 Valenciana d&#039;Associacions d&#039;Amics del Coet","article_modified_time":"2025-01-24T15:43:59+00:00","twitter_card":"summary_large_image","twitter_misc":{"Tiempo de lectura":"6 minutos"},"schema":{"@context":"https:\/\/schema.org","@graph":[{"@type":"WebPage","@id":"https:\/\/fvaac.org\/web\/qui-som\/","url":"https:\/\/fvaac.org\/web\/qui-som\/","name":"Qui Som? - Federaci\u00f3 Valenciana d&#039;Associacions d&#039;Amics del Coet","isPartOf":{"@id":"https:\/\/fvaac.org\/web\/#website"},"datePublished":"2025-01-24T15:42:56+00:00","dateModified":"2025-01-24T15:43:59+00:00","breadcrumb":{"@id":"https:\/\/fvaac.org\/web\/qui-som\/#breadcrumb"},"inLanguage":"es","potentialAction":[{"@type":"ReadAction","target":["https:\/\/fvaac.org\/web\/qui-som\/"]}]},{"@type":"BreadcrumbList","@id":"https:\/\/fvaac.org\/web\/qui-som\/#breadcrumb","itemListElement":[{"@type":"ListItem","position":1,"name":"Portada","item":"https:\/\/fvaac.org\/web\/"},{"@type":"ListItem","position":2,"name":"Qui Som?"}]},{"@type":"WebSite","@id":"https:\/\/fvaac.org\/web\/#website","url":"https:\/\/fvaac.org\/web\/","name":"Federaci\u00f3 Valenciana d&#039;Associacions d&#039;Amics del Coet","description":"","publisher":{"@id":"https:\/\/fvaac.org\/web\/#organization"},"potentialAction":[{"@type":"SearchAction","target":{"@type":"EntryPoint","urlTemplate":"https:\/\/fvaac.org\/web\/?s={search_term_string}"},"query-input":{"@type":"PropertyValueSpecification","valueRequired":true,"valueName":"search_term_string"}}],"inLanguage":"es"},{"@type":"Organization","@id":"https:\/\/fvaac.org\/web\/#organization","name":"Federaci\u00f3 Valenciana d&#039;Associacions d&#039;Amics del Coet","url":"https:\/\/fvaac.org\/web\/","logo":{"@type":"ImageObject","inLanguage":"es","@id":"https:\/\/fvaac.org\/web\/#\/schema\/logo\/image\/","url":"https:\/\/fvaac.org\/web\/wp-content\/uploads\/2025\/01\/fvaac.jpg","contentUrl":"https:\/\/fvaac.org\/web\/wp-content\/uploads\/2025\/01\/fvaac.jpg","width":349,"height":90,"caption":"Federaci\u00f3 Valenciana d&#039;Associacions d&#039;Amics del Coet"},"image":{"@id":"https:\/\/fvaac.org\/web\/#\/schema\/logo\/image\/"}}]}},"_links":{"self":[{"href":"https:\/\/fvaac.org\/web\/wp-json\/wp\/v2\/pages\/2042","targetHints":{"allow":["GET"]}}],"collection":[{"href":"https:\/\/fvaac.org\/web\/wp-json\/wp\/v2\/pages"}],"about":[{"href":"https:\/\/fvaac.org\/web\/wp-json\/wp\/v2\/types\/page"}],"author":[{"embeddable":true,"href":"https:\/\/fvaac.org\/web\/wp-json\/wp\/v2\/users\/1"}],"replies":[{"embeddable":true,"href":"https:\/\/fvaac.org\/web\/wp-json\/wp\/v2\/comments?post=2042"}],"version-history":[{"count":7,"href":"https:\/\/fvaac.org\/web\/wp-json\/wp\/v2\/pages\/2042\/revisions"}],"predecessor-version":[{"id":2049,"href":"https:\/\/fvaac.org\/web\/wp-json\/wp\/v2\/pages\/2042\/revisions\/2049"}],"wp:attachment":[{"href":"https:\/\/fvaac.org\/web\/wp-json\/wp\/v2\/media?parent=2042"}],"curies":[{"name":"wp","href":"https:\/\/api.w.org\/{rel}","templated":true}]}}