{"id":2052,"date":"2025-01-24T16:47:15","date_gmt":"2025-01-24T15:47:15","guid":{"rendered":"https:\/\/fvaac.org\/web\/?page_id=2052"},"modified":"2025-02-06T11:27:06","modified_gmt":"2025-02-06T10:27:06","slug":"normativa-vigent","status":"publish","type":"page","link":"https:\/\/fvaac.org\/web\/normativa-vigent\/","title":{"rendered":"Normativa Vigent"},"content":{"rendered":"\t\t<div data-elementor-type=\"wp-page\" data-elementor-id=\"2052\" class=\"elementor elementor-2052\" data-elementor-post-type=\"page\">\n\t\t\t\t<div class=\"elementor-element elementor-element-4aabad3 e-flex e-con-boxed e-con e-parent\" data-id=\"4aabad3\" data-element_type=\"container\">\n\t\t\t\t\t<div class=\"e-con-inner\">\n\t\t<div class=\"elementor-element elementor-element-2da8697 e-con-full e-flex e-con e-child\" data-id=\"2da8697\" data-element_type=\"container\">\n\t\t\t\t<div class=\"elementor-element elementor-element-bb4fa39 elementor-widget elementor-widget-heading\" data-id=\"bb4fa39\" data-element_type=\"widget\" data-widget_type=\"heading.default\">\n\t\t\t\t<div class=\"elementor-widget-container\">\n\t\t\t\t\t<h4 class=\"elementor-heading-title elementor-size-default\"><a href=\"https:\/\/www.boe.es\/eli\/es\/rd\/2015\/10\/30\/989\" target=\"_blank\">Real Decreto 989\/2015,de 30 de octubre por el que se aprueba el Reglamento de art\u00edculos pirot\u00e9cnicos y cartucher\u00eda.<\/a><\/h4>\t\t\t\t<\/div>\n\t\t\t\t<\/div>\n\t\t\t\t<\/div>\n\t\t<div class=\"elementor-element elementor-element-7a048b7 e-con-full e-flex e-con e-child\" data-id=\"7a048b7\" data-element_type=\"container\">\n\t\t\t\t<div class=\"elementor-element elementor-element-da182e8 elementor-widget elementor-widget-heading\" data-id=\"da182e8\" data-element_type=\"widget\" data-widget_type=\"heading.default\">\n\t\t\t\t<div class=\"elementor-widget-container\">\n\t\t\t\t\t<h4 class=\"elementor-heading-title elementor-size-default\"><a href=\"https:\/\/fvaac.org\/web\/wp-content\/uploads\/2025\/01\/ITC-18-Real-Decreto-989-2015-de-30-de-octubre.pdf\" target=\"_blank\">ITC 18- Real Decreto 989-2015, de 30 de octubre<\/a><\/h4>\t\t\t\t<\/div>\n\t\t\t\t<\/div>\n\t\t\t\t<\/div>\n\t\t<div class=\"elementor-element elementor-element-1e36ff3 e-con-full e-flex e-con e-child\" data-id=\"1e36ff3\" data-element_type=\"container\">\n\t\t\t\t<div class=\"elementor-element elementor-element-d30f5f2 elementor-widget elementor-widget-heading\" data-id=\"d30f5f2\" data-element_type=\"widget\" data-widget_type=\"heading.default\">\n\t\t\t\t<div class=\"elementor-widget-container\">\n\t\t\t\t\t<h4 class=\"elementor-heading-title elementor-size-default\"><a href=\"https:\/\/fvaac.org\/web\/wp-content\/uploads\/2025\/01\/DECRET-19-2011-de-4-de-marc-del-Consell-reconeixer-caracter-religios-festivitats.pdf\" target=\"_blank\">DECRET 19-2011 de 4 de marc del Consell-reconeixer caracter religios festivitats<\/a><\/h4>\t\t\t\t<\/div>\n\t\t\t\t<\/div>\n\t\t\t\t<\/div>\n\t\t<div class=\"elementor-element elementor-element-b9a294b e-con-full e-flex e-con e-child\" data-id=\"b9a294b\" data-element_type=\"container\">\n\t\t\t\t<div class=\"elementor-element elementor-element-9796bf6 elementor-widget elementor-widget-heading\" data-id=\"9796bf6\" data-element_type=\"widget\" data-widget_type=\"heading.default\">\n\t\t\t\t<div class=\"elementor-widget-container\">\n\t\t\t\t\t<h4 class=\"elementor-heading-title elementor-size-default\"><a href=\"https:\/\/fvaac.org\/web\/wp-content\/uploads\/2025\/01\/ORDE-conjunta-1-2012-de-18-de-gener-de-per-la-qual-es-regula-la-formacio-dels-CRE.pdf\" target=\"_blank\">ORDE conjunta 1-2012 de 18 de gener de per la qual es regula la formacio dels CRE<\/a><\/h4>\t\t\t\t<\/div>\n\t\t\t\t<\/div>\n\t\t\t\t<\/div>\n\t\t<div class=\"elementor-element elementor-element-9571cfc e-con-full e-flex e-con e-child\" data-id=\"9571cfc\" data-element_type=\"container\">\n\t\t\t\t<div class=\"elementor-element elementor-element-0df1fd3 elementor-widget elementor-widget-heading\" data-id=\"0df1fd3\" data-element_type=\"widget\" data-widget_type=\"heading.default\">\n\t\t\t\t<div class=\"elementor-widget-container\">\n\t\t\t\t\t<h4 class=\"elementor-heading-title elementor-size-default\"><a href=\"https:\/\/fvaac.org\/web\/wp-content\/uploads\/2025\/01\/Circular-Informativa-RD-989-2015.pdf\" target=\"_blank\">Circular Informativa de la Delegaci\u00f3 del Govern de la Comunitat Valenciana sobre el RD 989-2015<\/a><\/h4>\t\t\t\t<\/div>\n\t\t\t\t<\/div>\n\t\t\t\t<\/div>\n\t\t<div class=\"elementor-element elementor-element-13382f5 e-con-full e-flex e-con e-child\" data-id=\"13382f5\" data-element_type=\"container\">\n\t\t\t\t<div class=\"elementor-element elementor-element-b0c9627 elementor-widget elementor-widget-heading\" data-id=\"b0c9627\" data-element_type=\"widget\" data-widget_type=\"heading.default\">\n\t\t\t\t<div class=\"elementor-widget-container\">\n\t\t\t\t\t<h2 class=\"elementor-heading-title elementor-size-default\">Autoritzacions<\/h2>\t\t\t\t<\/div>\n\t\t\t\t<\/div>\n\t\t\t\t<\/div>\n\t\t<div class=\"elementor-element elementor-element-933b7fd e-con-full e-flex e-con e-child\" data-id=\"933b7fd\" data-element_type=\"container\">\n\t\t\t\t<div class=\"elementor-element elementor-element-44dbd15 elementor-widget elementor-widget-heading\" data-id=\"44dbd15\" data-element_type=\"widget\" data-widget_type=\"heading.default\">\n\t\t\t\t<div class=\"elementor-widget-container\">\n\t\t\t\t\t<h4 class=\"elementor-heading-title elementor-size-default\"><a href=\"https:\/\/fvaac.org\/web\/wp-content\/uploads\/2025\/01\/Disminucio-edat-Conselleria.pdf\" target=\"_blank\">Disminucio edat-Conselleria<\/a><\/h4>\t\t\t\t<\/div>\n\t\t\t\t<\/div>\n\t\t\t\t<\/div>\n\t\t\t\t\t<\/div>\n\t\t\t\t<\/div>\n\t\t<div class=\"elementor-element elementor-element-1ab87f2 e-flex e-con-boxed e-con e-parent\" data-id=\"1ab87f2\" data-element_type=\"container\">\n\t\t\t\t\t<div class=\"e-con-inner\">\n\t\t\t\t<div class=\"elementor-element elementor-element-2ddfeba elementor-widget elementor-widget-heading\" data-id=\"2ddfeba\" data-element_type=\"widget\" data-widget_type=\"heading.default\">\n\t\t\t\t<div class=\"elementor-widget-container\">\n\t\t\t\t\t<h2 class=\"elementor-heading-title elementor-size-default\"><a href=\"https:\/\/fvaac.org\/web\/politica-de-privacidad\/\">Pol\u00edtica de privacitat<\/a><\/h2>\t\t\t\t<\/div>\n\t\t\t\t<\/div>\n\t\t\t\t\t<\/div>\n\t\t\t\t<\/div>\n\t\t\t\t<\/div>\n\t\t","protected":false},"excerpt":{"rendered":"<p>Real Decreto 989\/2015,de 30 de octubre por el que se aprueba el Reglamento de art\u00edculos pirot\u00e9cnicos y cartucher\u00eda. ITC 18- Real Decreto 989-2015, de 30 de octubre DECRET 19-2011 de 4 de marc del Consell-reconeixer caracter religios festivitats ORDE conjunta 1-2012 de 18 de gener de per la qual es regula la formacio dels CRE [&hellip;]<\/p>\n","protected":false},"author":1,"featured_media":0,"parent":0,"menu_order":0,"comment_status":"closed","ping_status":"closed","template":"","meta":{"footnotes":""},"class_list":["post-2052","page","type-page","status-publish","hentry"],"yoast_head":"<!-- This site is optimized with the Yoast SEO plugin v24.5 - https:\/\/yoast.com\/wordpress\/plugins\/seo\/ -->\n<title>Normativa Vigent - Federaci\u00f3 Valenciana d&#039;Associacions d&#039;Amics del Coet<\/title>\n<meta name=\"robots\" content=\"index, follow, max-snippet:-1, max-image-preview:large, max-video-preview:-1\" \/>\n<link rel=\"canonical\" href=\"https:\/\/fvaac.org\/web\/normativa-vigent\/\" \/>\n<meta property=\"og:locale\" content=\"es_ES\" \/>\n<meta property=\"og:type\" content=\"article\" \/>\n<meta property=\"og:title\" content=\"Normativa Vigent - Federaci\u00f3 Valenciana d&#039;Associacions d&#039;Amics del Coet\" \/>\n<meta property=\"og:description\" content=\"Real Decreto 989\/2015,de 30 de octubre por el que se aprueba el Reglamento de art\u00edculos pirot\u00e9cnicos y cartucher\u00eda. ITC 18- Real Decreto 989-2015, de 30 de octubre DECRET 19-2011 de 4 de marc del Consell-reconeixer caracter religios festivitats ORDE conjunta 1-2012 de 18 de gener de per la qual es regula la formacio dels CRE [&hellip;]\" \/>\n<meta property=\"og:url\" content=\"https:\/\/fvaac.org\/web\/normativa-vigent\/\" \/>\n<meta property=\"og:site_name\" content=\"Federaci\u00f3 Valenciana d&#039;Associacions d&#039;Amics del Coet\" \/>\n<meta property=\"article:modified_time\" content=\"2025-02-06T10:27:06+00:00\" \/>\n<meta name=\"twitter:card\" content=\"summary_large_image\" \/>\n<meta name=\"twitter:label1\" content=\"Tiempo de lectura\" \/>\n\t<meta name=\"twitter:data1\" content=\"1 minuto\" \/>\n<script type=\"application\/ld+json\" class=\"yoast-schema-graph\">{\"@context\":\"https:\/\/schema.org\",\"@graph\":[{\"@type\":\"WebPage\",\"@id\":\"https:\/\/fvaac.org\/web\/normativa-vigent\/\",\"url\":\"https:\/\/fvaac.org\/web\/normativa-vigent\/\",\"name\":\"Normativa Vigent - Federaci\u00f3 Valenciana d&#039;Associacions d&#039;Amics del Coet\",\"isPartOf\":{\"@id\":\"https:\/\/fvaac.org\/web\/#website\"},\"datePublished\":\"2025-01-24T15:47:15+00:00\",\"dateModified\":\"2025-02-06T10:27:06+00:00\",\"breadcrumb\":{\"@id\":\"https:\/\/fvaac.org\/web\/normativa-vigent\/#breadcrumb\"},\"inLanguage\":\"es\",\"potentialAction\":[{\"@type\":\"ReadAction\",\"target\":[\"https:\/\/fvaac.org\/web\/normativa-vigent\/\"]}]},{\"@type\":\"BreadcrumbList\",\"@id\":\"https:\/\/fvaac.org\/web\/normativa-vigent\/#breadcrumb\",\"itemListElement\":[{\"@type\":\"ListItem\",\"position\":1,\"name\":\"Portada\",\"item\":\"https:\/\/fvaac.org\/web\/\"},{\"@type\":\"ListItem\",\"position\":2,\"name\":\"Normativa Vigent\"}]},{\"@type\":\"WebSite\",\"@id\":\"https:\/\/fvaac.org\/web\/#website\",\"url\":\"https:\/\/fvaac.org\/web\/\",\"name\":\"Federaci\u00f3 Valenciana d&#039;Associacions d&#039;Amics del Coet\",\"description\":\"\",\"publisher\":{\"@id\":\"https:\/\/fvaac.org\/web\/#organization\"},\"potentialAction\":[{\"@type\":\"SearchAction\",\"target\":{\"@type\":\"EntryPoint\",\"urlTemplate\":\"https:\/\/fvaac.org\/web\/?s={search_term_string}\"},\"query-input\":{\"@type\":\"PropertyValueSpecification\",\"valueRequired\":true,\"valueName\":\"search_term_string\"}}],\"inLanguage\":\"es\"},{\"@type\":\"Organization\",\"@id\":\"https:\/\/fvaac.org\/web\/#organization\",\"name\":\"Federaci\u00f3 Valenciana d&#039;Associacions d&#039;Amics del Coet\",\"url\":\"https:\/\/fvaac.org\/web\/\",\"logo\":{\"@type\":\"ImageObject\",\"inLanguage\":\"es\",\"@id\":\"https:\/\/fvaac.org\/web\/#\/schema\/logo\/image\/\",\"url\":\"https:\/\/fvaac.org\/web\/wp-content\/uploads\/2025\/01\/fvaac.jpg\",\"contentUrl\":\"https:\/\/fvaac.org\/web\/wp-content\/uploads\/2025\/01\/fvaac.jpg\",\"width\":349,\"height\":90,\"caption\":\"Federaci\u00f3 Valenciana d&#039;Associacions d&#039;Amics del Coet\"},\"image\":{\"@id\":\"https:\/\/fvaac.org\/web\/#\/schema\/logo\/image\/\"}}]}<\/script>\n<!-- \/ Yoast SEO plugin. -->","yoast_head_json":{"title":"Normativa Vigent - Federaci\u00f3 Valenciana d&#039;Associacions d&#039;Amics del Coet","robots":{"index":"index","follow":"follow","max-snippet":"max-snippet:-1","max-image-preview":"max-image-preview:large","max-video-preview":"max-video-preview:-1"},"canonical":"https:\/\/fvaac.org\/web\/normativa-vigent\/","og_locale":"es_ES","og_type":"article","og_title":"Normativa Vigent - Federaci\u00f3 Valenciana d&#039;Associacions d&#039;Amics del Coet","og_description":"Real Decreto 989\/2015,de 30 de octubre por el que se aprueba el Reglamento de art\u00edculos pirot\u00e9cnicos y cartucher\u00eda. ITC 18- Real Decreto 989-2015, de 30 de octubre DECRET 19-2011 de 4 de marc del Consell-reconeixer caracter religios festivitats ORDE conjunta 1-2012 de 18 de gener de per la qual es regula la formacio dels CRE [&hellip;]","og_url":"https:\/\/fvaac.org\/web\/normativa-vigent\/","og_site_name":"Federaci\u00f3 Valenciana d&#039;Associacions d&#039;Amics del Coet","article_modified_time":"2025-02-06T10:27:06+00:00","twitter_card":"summary_large_image","twitter_misc":{"Tiempo de lectura":"1 minuto"},"schema":{"@context":"https:\/\/schema.org","@graph":[{"@type":"WebPage","@id":"https:\/\/fvaac.org\/web\/normativa-vigent\/","url":"https:\/\/fvaac.org\/web\/normativa-vigent\/","name":"Normativa Vigent - Federaci\u00f3 Valenciana d&#039;Associacions d&#039;Amics del Coet","isPartOf":{"@id":"https:\/\/fvaac.org\/web\/#website"},"datePublished":"2025-01-24T15:47:15+00:00","dateModified":"2025-02-06T10:27:06+00:00","breadcrumb":{"@id":"https:\/\/fvaac.org\/web\/normativa-vigent\/#breadcrumb"},"inLanguage":"es","potentialAction":[{"@type":"ReadAction","target":["https:\/\/fvaac.org\/web\/normativa-vigent\/"]}]},{"@type":"BreadcrumbList","@id":"https:\/\/fvaac.org\/web\/normativa-vigent\/#breadcrumb","itemListElement":[{"@type":"ListItem","position":1,"name":"Portada","item":"https:\/\/fvaac.org\/web\/"},{"@type":"ListItem","position":2,"name":"Normativa Vigent"}]},{"@type":"WebSite","@id":"https:\/\/fvaac.org\/web\/#website","url":"https:\/\/fvaac.org\/web\/","name":"Federaci\u00f3 Valenciana d&#039;Associacions d&#039;Amics del Coet","description":"","publisher":{"@id":"https:\/\/fvaac.org\/web\/#organization"},"potentialAction":[{"@type":"SearchAction","target":{"@type":"EntryPoint","urlTemplate":"https:\/\/fvaac.org\/web\/?s={search_term_string}"},"query-input":{"@type":"PropertyValueSpecification","valueRequired":true,"valueName":"search_term_string"}}],"inLanguage":"es"},{"@type":"Organization","@id":"https:\/\/fvaac.org\/web\/#organization","name":"Federaci\u00f3 Valenciana d&#039;Associacions d&#039;Amics del Coet","url":"https:\/\/fvaac.org\/web\/","logo":{"@type":"ImageObject","inLanguage":"es","@id":"https:\/\/fvaac.org\/web\/#\/schema\/logo\/image\/","url":"https:\/\/fvaac.org\/web\/wp-content\/uploads\/2025\/01\/fvaac.jpg","contentUrl":"https:\/\/fvaac.org\/web\/wp-content\/uploads\/2025\/01\/fvaac.jpg","width":349,"height":90,"caption":"Federaci\u00f3 Valenciana d&#039;Associacions d&#039;Amics del Coet"},"image":{"@id":"https:\/\/fvaac.org\/web\/#\/schema\/logo\/image\/"}}]}},"_links":{"self":[{"href":"https:\/\/fvaac.org\/web\/wp-json\/wp\/v2\/pages\/2052","targetHints":{"allow":["GET"]}}],"collection":[{"href":"https:\/\/fvaac.org\/web\/wp-json\/wp\/v2\/pages"}],"about":[{"href":"https:\/\/fvaac.org\/web\/wp-json\/wp\/v2\/types\/page"}],"author":[{"embeddable":true,"href":"https:\/\/fvaac.org\/web\/wp-json\/wp\/v2\/users\/1"}],"replies":[{"embeddable":true,"href":"https:\/\/fvaac.org\/web\/wp-json\/wp\/v2\/comments?post=2052"}],"version-history":[{"count":7,"href":"https:\/\/fvaac.org\/web\/wp-json\/wp\/v2\/pages\/2052\/revisions"}],"predecessor-version":[{"id":2396,"href":"https:\/\/fvaac.org\/web\/wp-json\/wp\/v2\/pages\/2052\/revisions\/2396"}],"wp:attachment":[{"href":"https:\/\/fvaac.org\/web\/wp-json\/wp\/v2\/media?parent=2052"}],"curies":[{"name":"wp","href":"https:\/\/api.w.org\/{rel}","templated":true}]}}