{"id":2119,"date":"2025-01-27T15:22:04","date_gmt":"2025-01-27T14:22:04","guid":{"rendered":"https:\/\/fvaac.org\/web\/?page_id=2119"},"modified":"2026-01-08T09:49:57","modified_gmt":"2026-01-08T08:49:57","slug":"noticies","status":"publish","type":"page","link":"https:\/\/fvaac.org\/web\/noticies\/","title":{"rendered":"NOTICIES"},"content":{"rendered":"\t\t<div data-elementor-type=\"wp-page\" data-elementor-id=\"2119\" class=\"elementor elementor-2119\" data-elementor-post-type=\"page\">\n\t\t\t\t<div class=\"elementor-element elementor-element-8bed3e5 e-flex e-con-boxed e-con e-parent\" data-id=\"8bed3e5\" data-element_type=\"container\">\n\t\t\t\t\t<div class=\"e-con-inner\">\n\t\t\t\t<div class=\"elementor-element elementor-element-b964a2f elementor-widget elementor-widget-image\" data-id=\"b964a2f\" data-element_type=\"widget\" data-widget_type=\"image.default\">\n\t\t\t\t<div class=\"elementor-widget-container\">\n\t\t\t\t\t\t\t\t\t\t\t\t<figure class=\"wp-caption\">\n\t\t\t\t\t\t\t\t\t\t<img fetchpriority=\"high\" decoding=\"async\" width=\"640\" height=\"469\" src=\"https:\/\/fvaac.org\/web\/wp-content\/uploads\/2026\/01\/WhatsApp-Image-2026-01-08-at-09.35.00-1024x751.jpeg\" class=\"attachment-large size-large wp-image-3125\" alt=\"\" srcset=\"https:\/\/fvaac.org\/web\/wp-content\/uploads\/2026\/01\/WhatsApp-Image-2026-01-08-at-09.35.00-1024x751.jpeg 1024w, https:\/\/fvaac.org\/web\/wp-content\/uploads\/2026\/01\/WhatsApp-Image-2026-01-08-at-09.35.00-300x220.jpeg 300w, https:\/\/fvaac.org\/web\/wp-content\/uploads\/2026\/01\/WhatsApp-Image-2026-01-08-at-09.35.00-768x563.jpeg 768w, https:\/\/fvaac.org\/web\/wp-content\/uploads\/2026\/01\/WhatsApp-Image-2026-01-08-at-09.35.00.jpeg 1320w\" sizes=\"(max-width: 640px) 100vw, 640px\" \/>\t\t\t\t\t\t\t\t\t\t\t<figcaption class=\"widget-image-caption wp-caption-text\">Reuni\u00f3n de la Federaci\u00f3n Valenciana de Amics del Coet (FVAAC) en la Conselleria d\u2019Emergencias i Interior de la Generalitat Valenciana con el Conseller D. Juan Carlos Valderrama Zuri\u00e1n, sobre la nueva formaci\u00f3n de CRE y RG-CRE, seg\u00fan la CIPAE Comisi\u00f3n Interministerial Permanente de Armas y Explosivos.<\/figcaption>\n\t\t\t\t\t\t\t\t\t\t<\/figure>\n\t\t\t\t\t\t\t\t\t<\/div>\n\t\t\t\t<\/div>\n\t\t\t\t<div class=\"elementor-element elementor-element-45d115d elementor-widget elementor-widget-image\" data-id=\"45d115d\" data-element_type=\"widget\" data-widget_type=\"image.default\">\n\t\t\t\t<div class=\"elementor-widget-container\">\n\t\t\t\t\t\t\t\t\t\t\t\t\t\t\t<img decoding=\"async\" width=\"640\" height=\"853\" src=\"https:\/\/fvaac.org\/web\/wp-content\/uploads\/2025\/10\/WhatsApp-Image-2025-10-16-at-22.27.38-1-768x1024.jpeg\" class=\"attachment-large size-large wp-image-2953\" alt=\"\" srcset=\"https:\/\/fvaac.org\/web\/wp-content\/uploads\/2025\/10\/WhatsApp-Image-2025-10-16-at-22.27.38-1-768x1024.jpeg 768w, https:\/\/fvaac.org\/web\/wp-content\/uploads\/2025\/10\/WhatsApp-Image-2025-10-16-at-22.27.38-1-225x300.jpeg 225w, https:\/\/fvaac.org\/web\/wp-content\/uploads\/2025\/10\/WhatsApp-Image-2025-10-16-at-22.27.38-1-1152x1536.jpeg 1152w, https:\/\/fvaac.org\/web\/wp-content\/uploads\/2025\/10\/WhatsApp-Image-2025-10-16-at-22.27.38-1.jpeg 1200w\" sizes=\"(max-width: 640px) 100vw, 640px\" \/>\t\t\t\t\t\t\t\t\t\t\t\t\t\t\t<\/div>\n\t\t\t\t<\/div>\n\t\t\t\t<div class=\"elementor-element elementor-element-f04746f elementor-widget elementor-widget-image\" data-id=\"f04746f\" data-element_type=\"widget\" data-widget_type=\"image.default\">\n\t\t\t\t<div class=\"elementor-widget-container\">\n\t\t\t\t\t\t\t\t\t\t\t\t\t\t\t<img decoding=\"async\" width=\"640\" height=\"480\" src=\"https:\/\/fvaac.org\/web\/wp-content\/uploads\/2025\/10\/WhatsApp-Image-2025-10-16-at-15.02.57-1024x768.jpeg\" class=\"attachment-large size-large wp-image-2952\" alt=\"\" srcset=\"https:\/\/fvaac.org\/web\/wp-content\/uploads\/2025\/10\/WhatsApp-Image-2025-10-16-at-15.02.57-1024x768.jpeg 1024w, https:\/\/fvaac.org\/web\/wp-content\/uploads\/2025\/10\/WhatsApp-Image-2025-10-16-at-15.02.57-300x225.jpeg 300w, https:\/\/fvaac.org\/web\/wp-content\/uploads\/2025\/10\/WhatsApp-Image-2025-10-16-at-15.02.57-768x576.jpeg 768w, https:\/\/fvaac.org\/web\/wp-content\/uploads\/2025\/10\/WhatsApp-Image-2025-10-16-at-15.02.57-1536x1152.jpeg 1536w, https:\/\/fvaac.org\/web\/wp-content\/uploads\/2025\/10\/WhatsApp-Image-2025-10-16-at-15.02.57.jpeg 1600w\" sizes=\"(max-width: 640px) 100vw, 640px\" \/>\t\t\t\t\t\t\t\t\t\t\t\t\t\t\t<\/div>\n\t\t\t\t<\/div>\n\t\t\t\t<div class=\"elementor-element elementor-element-eaff5b1 elementor-widget elementor-widget-image\" data-id=\"eaff5b1\" data-element_type=\"widget\" data-widget_type=\"image.default\">\n\t\t\t\t<div class=\"elementor-widget-container\">\n\t\t\t\t\t\t\t\t\t\t\t\t\t\t\t<img loading=\"lazy\" decoding=\"async\" width=\"640\" height=\"348\" src=\"https:\/\/fvaac.org\/web\/wp-content\/uploads\/2025\/10\/WhatsApp-Image-2025-10-16-at-15.02.57-1-1024x556.jpeg\" class=\"attachment-large size-large wp-image-2951\" alt=\"\" srcset=\"https:\/\/fvaac.org\/web\/wp-content\/uploads\/2025\/10\/WhatsApp-Image-2025-10-16-at-15.02.57-1-1024x556.jpeg 1024w, https:\/\/fvaac.org\/web\/wp-content\/uploads\/2025\/10\/WhatsApp-Image-2025-10-16-at-15.02.57-1-300x163.jpeg 300w, https:\/\/fvaac.org\/web\/wp-content\/uploads\/2025\/10\/WhatsApp-Image-2025-10-16-at-15.02.57-1-768x417.jpeg 768w, https:\/\/fvaac.org\/web\/wp-content\/uploads\/2025\/10\/WhatsApp-Image-2025-10-16-at-15.02.57-1-1536x833.jpeg 1536w, https:\/\/fvaac.org\/web\/wp-content\/uploads\/2025\/10\/WhatsApp-Image-2025-10-16-at-15.02.57-1.jpeg 1600w\" sizes=\"(max-width: 640px) 100vw, 640px\" \/>\t\t\t\t\t\t\t\t\t\t\t\t\t\t\t<\/div>\n\t\t\t\t<\/div>\n\t\t\t\t<div class=\"elementor-element elementor-element-7d1441c elementor-widget elementor-widget-image\" data-id=\"7d1441c\" data-element_type=\"widget\" data-widget_type=\"image.default\">\n\t\t\t\t<div class=\"elementor-widget-container\">\n\t\t\t\t\t\t\t\t\t\t\t\t\t\t\t<img loading=\"lazy\" decoding=\"async\" width=\"640\" height=\"452\" src=\"https:\/\/fvaac.org\/web\/wp-content\/uploads\/2025\/10\/WhatsApp-Image-2025-10-16-at-15.02.58-1024x723.jpeg\" class=\"attachment-large size-large wp-image-2950\" alt=\"\" srcset=\"https:\/\/fvaac.org\/web\/wp-content\/uploads\/2025\/10\/WhatsApp-Image-2025-10-16-at-15.02.58-1024x723.jpeg 1024w, https:\/\/fvaac.org\/web\/wp-content\/uploads\/2025\/10\/WhatsApp-Image-2025-10-16-at-15.02.58-300x212.jpeg 300w, https:\/\/fvaac.org\/web\/wp-content\/uploads\/2025\/10\/WhatsApp-Image-2025-10-16-at-15.02.58-768x542.jpeg 768w, https:\/\/fvaac.org\/web\/wp-content\/uploads\/2025\/10\/WhatsApp-Image-2025-10-16-at-15.02.58-1536x1085.jpeg 1536w, https:\/\/fvaac.org\/web\/wp-content\/uploads\/2025\/10\/WhatsApp-Image-2025-10-16-at-15.02.58.jpeg 1600w\" sizes=\"(max-width: 640px) 100vw, 640px\" \/>\t\t\t\t\t\t\t\t\t\t\t\t\t\t\t<\/div>\n\t\t\t\t<\/div>\n\t\t\t\t<div class=\"elementor-element elementor-element-cb2275f elementor-widget elementor-widget-image\" data-id=\"cb2275f\" data-element_type=\"widget\" data-widget_type=\"image.default\">\n\t\t\t\t<div class=\"elementor-widget-container\">\n\t\t\t\t\t\t\t\t\t\t\t\t\t\t\t<img loading=\"lazy\" decoding=\"async\" width=\"640\" height=\"480\" src=\"https:\/\/fvaac.org\/web\/wp-content\/uploads\/2025\/10\/WhatsApp-Image-2025-10-16-at-15.02.59-1-1024x768.jpeg\" class=\"attachment-large size-large wp-image-2948\" alt=\"\" srcset=\"https:\/\/fvaac.org\/web\/wp-content\/uploads\/2025\/10\/WhatsApp-Image-2025-10-16-at-15.02.59-1-1024x768.jpeg 1024w, https:\/\/fvaac.org\/web\/wp-content\/uploads\/2025\/10\/WhatsApp-Image-2025-10-16-at-15.02.59-1-300x225.jpeg 300w, https:\/\/fvaac.org\/web\/wp-content\/uploads\/2025\/10\/WhatsApp-Image-2025-10-16-at-15.02.59-1-768x576.jpeg 768w, https:\/\/fvaac.org\/web\/wp-content\/uploads\/2025\/10\/WhatsApp-Image-2025-10-16-at-15.02.59-1-1536x1152.jpeg 1536w, https:\/\/fvaac.org\/web\/wp-content\/uploads\/2025\/10\/WhatsApp-Image-2025-10-16-at-15.02.59-1.jpeg 1600w\" sizes=\"(max-width: 640px) 100vw, 640px\" \/>\t\t\t\t\t\t\t\t\t\t\t\t\t\t\t<\/div>\n\t\t\t\t<\/div>\n\t\t\t\t\t<\/div>\n\t\t\t\t<\/div>\n\t\t<div class=\"elementor-element elementor-element-af95870 e-flex e-con-boxed e-con e-parent\" data-id=\"af95870\" data-element_type=\"container\">\n\t\t\t\t\t<div class=\"e-con-inner\">\n\t\t\t\t<div class=\"elementor-element elementor-element-b47d4fd elementor-widget elementor-widget-image\" data-id=\"b47d4fd\" data-element_type=\"widget\" data-widget_type=\"image.default\">\n\t\t\t\t<div class=\"elementor-widget-container\">\n\t\t\t\t\t\t\t\t\t\t\t\t\t\t\t<img loading=\"lazy\" decoding=\"async\" width=\"640\" height=\"853\" src=\"https:\/\/fvaac.org\/web\/wp-content\/uploads\/2025\/10\/WhatsApp-Image-2025-10-16-at-22.27.38-768x1024.jpeg\" class=\"attachment-large size-large wp-image-2947\" alt=\"\" srcset=\"https:\/\/fvaac.org\/web\/wp-content\/uploads\/2025\/10\/WhatsApp-Image-2025-10-16-at-22.27.38-768x1024.jpeg 768w, https:\/\/fvaac.org\/web\/wp-content\/uploads\/2025\/10\/WhatsApp-Image-2025-10-16-at-22.27.38-225x300.jpeg 225w, https:\/\/fvaac.org\/web\/wp-content\/uploads\/2025\/10\/WhatsApp-Image-2025-10-16-at-22.27.38-1152x1536.jpeg 1152w, https:\/\/fvaac.org\/web\/wp-content\/uploads\/2025\/10\/WhatsApp-Image-2025-10-16-at-22.27.38.jpeg 1536w\" sizes=\"(max-width: 640px) 100vw, 640px\" \/>\t\t\t\t\t\t\t\t\t\t\t\t\t\t\t<\/div>\n\t\t\t\t<\/div>\n\t\t\t\t<div class=\"elementor-element elementor-element-a73f137 elementor-widget elementor-widget-image\" data-id=\"a73f137\" data-element_type=\"widget\" data-widget_type=\"image.default\">\n\t\t\t\t<div class=\"elementor-widget-container\">\n\t\t\t\t\t\t\t\t\t\t\t\t\t\t\t<img loading=\"lazy\" decoding=\"async\" width=\"640\" height=\"480\" src=\"https:\/\/fvaac.org\/web\/wp-content\/uploads\/2025\/10\/primer-1024x768.jpeg\" class=\"attachment-large size-large wp-image-2946\" alt=\"\" srcset=\"https:\/\/fvaac.org\/web\/wp-content\/uploads\/2025\/10\/primer-1024x768.jpeg 1024w, https:\/\/fvaac.org\/web\/wp-content\/uploads\/2025\/10\/primer-300x225.jpeg 300w, https:\/\/fvaac.org\/web\/wp-content\/uploads\/2025\/10\/primer-768x576.jpeg 768w, https:\/\/fvaac.org\/web\/wp-content\/uploads\/2025\/10\/primer-1536x1152.jpeg 1536w, https:\/\/fvaac.org\/web\/wp-content\/uploads\/2025\/10\/primer.jpeg 2048w\" sizes=\"(max-width: 640px) 100vw, 640px\" \/>\t\t\t\t\t\t\t\t\t\t\t\t\t\t\t<\/div>\n\t\t\t\t<\/div>\n\t\t\t\t<div class=\"elementor-element elementor-element-610aeee elementor-widget elementor-widget-image\" data-id=\"610aeee\" data-element_type=\"widget\" data-widget_type=\"image.default\">\n\t\t\t\t<div class=\"elementor-widget-container\">\n\t\t\t\t\t\t\t\t\t\t\t\t\t\t\t<img loading=\"lazy\" decoding=\"async\" width=\"640\" height=\"850\" src=\"https:\/\/fvaac.org\/web\/wp-content\/uploads\/2025\/10\/WhatsApp-Ima-771x1024.jpeg\" class=\"attachment-large size-large wp-image-2945\" alt=\"\" srcset=\"https:\/\/fvaac.org\/web\/wp-content\/uploads\/2025\/10\/WhatsApp-Ima-771x1024.jpeg 771w, https:\/\/fvaac.org\/web\/wp-content\/uploads\/2025\/10\/WhatsApp-Ima-226x300.jpeg 226w, https:\/\/fvaac.org\/web\/wp-content\/uploads\/2025\/10\/WhatsApp-Ima-768x1020.jpeg 768w, https:\/\/fvaac.org\/web\/wp-content\/uploads\/2025\/10\/WhatsApp-Ima-1157x1536.jpeg 1157w, https:\/\/fvaac.org\/web\/wp-content\/uploads\/2025\/10\/WhatsApp-Ima.jpeg 1536w\" sizes=\"(max-width: 640px) 100vw, 640px\" \/>\t\t\t\t\t\t\t\t\t\t\t\t\t\t\t<\/div>\n\t\t\t\t<\/div>\n\t\t\t\t<div class=\"elementor-element elementor-element-4840091 elementor-widget elementor-widget-image\" data-id=\"4840091\" data-element_type=\"widget\" data-widget_type=\"image.default\">\n\t\t\t\t<div class=\"elementor-widget-container\">\n\t\t\t\t\t\t\t\t\t\t\t\t\t\t\t<img loading=\"lazy\" decoding=\"async\" width=\"640\" height=\"482\" src=\"https:\/\/fvaac.org\/web\/wp-content\/uploads\/2025\/10\/lll-1024x771.jpeg\" class=\"attachment-large size-large wp-image-2944\" alt=\"\" srcset=\"https:\/\/fvaac.org\/web\/wp-content\/uploads\/2025\/10\/lll-1024x771.jpeg 1024w, https:\/\/fvaac.org\/web\/wp-content\/uploads\/2025\/10\/lll-300x226.jpeg 300w, https:\/\/fvaac.org\/web\/wp-content\/uploads\/2025\/10\/lll-768x578.jpeg 768w, https:\/\/fvaac.org\/web\/wp-content\/uploads\/2025\/10\/lll-1536x1157.jpeg 1536w, https:\/\/fvaac.org\/web\/wp-content\/uploads\/2025\/10\/lll.jpeg 2040w\" sizes=\"(max-width: 640px) 100vw, 640px\" \/>\t\t\t\t\t\t\t\t\t\t\t\t\t\t\t<\/div>\n\t\t\t\t<\/div>\n\t\t\t\t<div class=\"elementor-element elementor-element-d871cde elementor-widget elementor-widget-image\" data-id=\"d871cde\" data-element_type=\"widget\" data-widget_type=\"image.default\">\n\t\t\t\t<div class=\"elementor-widget-container\">\n\t\t\t\t\t\t\t\t\t\t\t\t\t\t\t<img loading=\"lazy\" decoding=\"async\" width=\"640\" height=\"351\" src=\"https:\/\/fvaac.org\/web\/wp-content\/uploads\/2025\/10\/WhatsApp-Image-2025-10-1-1024x562.jpeg\" class=\"attachment-large size-large wp-image-2943\" alt=\"\" srcset=\"https:\/\/fvaac.org\/web\/wp-content\/uploads\/2025\/10\/WhatsApp-Image-2025-10-1-1024x562.jpeg 1024w, https:\/\/fvaac.org\/web\/wp-content\/uploads\/2025\/10\/WhatsApp-Image-2025-10-1-300x165.jpeg 300w, https:\/\/fvaac.org\/web\/wp-content\/uploads\/2025\/10\/WhatsApp-Image-2025-10-1-768x421.jpeg 768w, https:\/\/fvaac.org\/web\/wp-content\/uploads\/2025\/10\/WhatsApp-Image-2025-10-1-1536x843.jpeg 1536w, https:\/\/fvaac.org\/web\/wp-content\/uploads\/2025\/10\/WhatsApp-Image-2025-10-1.jpeg 1600w\" sizes=\"(max-width: 640px) 100vw, 640px\" \/>\t\t\t\t\t\t\t\t\t\t\t\t\t\t\t<\/div>\n\t\t\t\t<\/div>\n\t\t\t\t\t<\/div>\n\t\t\t\t<\/div>\n\t\t<div class=\"elementor-element elementor-element-d075baf e-flex e-con-boxed e-con e-parent\" data-id=\"d075baf\" data-element_type=\"container\">\n\t\t\t\t\t<div class=\"e-con-inner\">\n\t\t\t\t<div class=\"elementor-element elementor-element-c4eb760 elementor-widget elementor-widget-image\" data-id=\"c4eb760\" data-element_type=\"widget\" data-widget_type=\"image.default\">\n\t\t\t\t<div class=\"elementor-widget-container\">\n\t\t\t\t\t\t\t\t\t\t\t\t\t\t\t<img loading=\"lazy\" decoding=\"async\" width=\"530\" height=\"943\" src=\"https:\/\/fvaac.org\/web\/wp-content\/uploads\/2025\/07\/Captura-de-pantalla-2025-07-29-121324.png\" class=\"attachment-large size-large wp-image-2855\" alt=\"\" srcset=\"https:\/\/fvaac.org\/web\/wp-content\/uploads\/2025\/07\/Captura-de-pantalla-2025-07-29-121324.png 530w, https:\/\/fvaac.org\/web\/wp-content\/uploads\/2025\/07\/Captura-de-pantalla-2025-07-29-121324-169x300.png 169w\" sizes=\"(max-width: 530px) 100vw, 530px\" \/>\t\t\t\t\t\t\t\t\t\t\t\t\t\t\t<\/div>\n\t\t\t\t<\/div>\n\t\t\t\t\t<\/div>\n\t\t\t\t<\/div>\n\t\t\t\t<\/div>\n\t\t","protected":false},"excerpt":{"rendered":"<p>Reuni\u00f3n de la Federaci\u00f3n Valenciana de Amics del Coet (FVAAC) en la Conselleria d\u2019Emergencias i Interior de la Generalitat Valenciana con el Conseller D. Juan Carlos Valderrama Zuri\u00e1n, sobre la nueva formaci\u00f3n de CRE y RG-CRE, seg\u00fan la CIPAE Comisi\u00f3n Interministerial Permanente de Armas y Explosivos.<\/p>\n","protected":false},"author":1,"featured_media":0,"parent":0,"menu_order":0,"comment_status":"closed","ping_status":"closed","template":"","meta":{"footnotes":""},"class_list":["post-2119","page","type-page","status-publish","hentry"],"yoast_head":"<!-- This site is optimized with the Yoast SEO plugin v24.5 - https:\/\/yoast.com\/wordpress\/plugins\/seo\/ -->\n<title>NOTICIES - Federaci\u00f3 Valenciana d&#039;Associacions d&#039;Amics del Coet<\/title>\n<meta name=\"robots\" content=\"index, follow, max-snippet:-1, max-image-preview:large, max-video-preview:-1\" \/>\n<link rel=\"canonical\" href=\"https:\/\/fvaac.org\/web\/noticies\/\" \/>\n<meta property=\"og:locale\" content=\"es_ES\" \/>\n<meta property=\"og:type\" content=\"article\" \/>\n<meta property=\"og:title\" content=\"NOTICIES - Federaci\u00f3 Valenciana d&#039;Associacions d&#039;Amics del Coet\" \/>\n<meta property=\"og:description\" content=\"Reuni\u00f3n de la Federaci\u00f3n Valenciana de Amics del Coet (FVAAC) en la Conselleria d\u2019Emergencias i Interior de la Generalitat Valenciana con el Conseller D. Juan Carlos Valderrama Zuri\u00e1n, sobre la nueva formaci\u00f3n de CRE y RG-CRE, seg\u00fan la CIPAE Comisi\u00f3n Interministerial Permanente de Armas y Explosivos.\" \/>\n<meta property=\"og:url\" content=\"https:\/\/fvaac.org\/web\/noticies\/\" \/>\n<meta property=\"og:site_name\" content=\"Federaci\u00f3 Valenciana d&#039;Associacions d&#039;Amics del Coet\" \/>\n<meta property=\"article:modified_time\" content=\"2026-01-08T08:49:57+00:00\" \/>\n<meta property=\"og:image\" content=\"https:\/\/fvaac.org\/web\/wp-content\/uploads\/2026\/01\/WhatsApp-Image-2026-01-08-at-09.35.00.jpeg\" \/>\n\t<meta property=\"og:image:width\" content=\"1320\" \/>\n\t<meta property=\"og:image:height\" content=\"968\" \/>\n\t<meta property=\"og:image:type\" content=\"image\/jpeg\" \/>\n<meta name=\"twitter:card\" content=\"summary_large_image\" \/>\n<meta name=\"twitter:label1\" content=\"Tiempo de lectura\" \/>\n\t<meta name=\"twitter:data1\" content=\"3 minutos\" \/>\n<script type=\"application\/ld+json\" class=\"yoast-schema-graph\">{\"@context\":\"https:\/\/schema.org\",\"@graph\":[{\"@type\":\"WebPage\",\"@id\":\"https:\/\/fvaac.org\/web\/noticies\/\",\"url\":\"https:\/\/fvaac.org\/web\/noticies\/\",\"name\":\"NOTICIES - Federaci\u00f3 Valenciana d&#039;Associacions d&#039;Amics del Coet\",\"isPartOf\":{\"@id\":\"https:\/\/fvaac.org\/web\/#website\"},\"primaryImageOfPage\":{\"@id\":\"https:\/\/fvaac.org\/web\/noticies\/#primaryimage\"},\"image\":{\"@id\":\"https:\/\/fvaac.org\/web\/noticies\/#primaryimage\"},\"thumbnailUrl\":\"https:\/\/fvaac.org\/web\/wp-content\/uploads\/2026\/01\/WhatsApp-Image-2026-01-08-at-09.35.00-1024x751.jpeg\",\"datePublished\":\"2025-01-27T14:22:04+00:00\",\"dateModified\":\"2026-01-08T08:49:57+00:00\",\"breadcrumb\":{\"@id\":\"https:\/\/fvaac.org\/web\/noticies\/#breadcrumb\"},\"inLanguage\":\"es\",\"potentialAction\":[{\"@type\":\"ReadAction\",\"target\":[\"https:\/\/fvaac.org\/web\/noticies\/\"]}]},{\"@type\":\"ImageObject\",\"inLanguage\":\"es\",\"@id\":\"https:\/\/fvaac.org\/web\/noticies\/#primaryimage\",\"url\":\"https:\/\/fvaac.org\/web\/wp-content\/uploads\/2026\/01\/WhatsApp-Image-2026-01-08-at-09.35.00.jpeg\",\"contentUrl\":\"https:\/\/fvaac.org\/web\/wp-content\/uploads\/2026\/01\/WhatsApp-Image-2026-01-08-at-09.35.00.jpeg\",\"width\":1320,\"height\":968,\"caption\":\"Reuni\u00f3n de la Federaci\u00f3n Valenciana de Amics del Coet (FVAAC) en la Conselleria d\u2019Emergencias i Interior de la Generalitat Valenciana con el Conseller D. Juan Carlos Valderrama Zuri\u00e1n, sobre la nueva formaci\u00f3n de CRE y RG-CRE, seg\u00fan la CIPAE Comisi\u00f3n Interministerial Permanente de Armas y Explosivos.\"},{\"@type\":\"BreadcrumbList\",\"@id\":\"https:\/\/fvaac.org\/web\/noticies\/#breadcrumb\",\"itemListElement\":[{\"@type\":\"ListItem\",\"position\":1,\"name\":\"Portada\",\"item\":\"https:\/\/fvaac.org\/web\/\"},{\"@type\":\"ListItem\",\"position\":2,\"name\":\"NOTICIES\"}]},{\"@type\":\"WebSite\",\"@id\":\"https:\/\/fvaac.org\/web\/#website\",\"url\":\"https:\/\/fvaac.org\/web\/\",\"name\":\"Federaci\u00f3 Valenciana d&#039;Associacions d&#039;Amics del Coet\",\"description\":\"\",\"publisher\":{\"@id\":\"https:\/\/fvaac.org\/web\/#organization\"},\"potentialAction\":[{\"@type\":\"SearchAction\",\"target\":{\"@type\":\"EntryPoint\",\"urlTemplate\":\"https:\/\/fvaac.org\/web\/?s={search_term_string}\"},\"query-input\":{\"@type\":\"PropertyValueSpecification\",\"valueRequired\":true,\"valueName\":\"search_term_string\"}}],\"inLanguage\":\"es\"},{\"@type\":\"Organization\",\"@id\":\"https:\/\/fvaac.org\/web\/#organization\",\"name\":\"Federaci\u00f3 Valenciana d&#039;Associacions d&#039;Amics del Coet\",\"url\":\"https:\/\/fvaac.org\/web\/\",\"logo\":{\"@type\":\"ImageObject\",\"inLanguage\":\"es\",\"@id\":\"https:\/\/fvaac.org\/web\/#\/schema\/logo\/image\/\",\"url\":\"https:\/\/fvaac.org\/web\/wp-content\/uploads\/2025\/01\/fvaac.jpg\",\"contentUrl\":\"https:\/\/fvaac.org\/web\/wp-content\/uploads\/2025\/01\/fvaac.jpg\",\"width\":349,\"height\":90,\"caption\":\"Federaci\u00f3 Valenciana d&#039;Associacions d&#039;Amics del Coet\"},\"image\":{\"@id\":\"https:\/\/fvaac.org\/web\/#\/schema\/logo\/image\/\"}}]}<\/script>\n<!-- \/ Yoast SEO plugin. -->","yoast_head_json":{"title":"NOTICIES - Federaci\u00f3 Valenciana d&#039;Associacions d&#039;Amics del Coet","robots":{"index":"index","follow":"follow","max-snippet":"max-snippet:-1","max-image-preview":"max-image-preview:large","max-video-preview":"max-video-preview:-1"},"canonical":"https:\/\/fvaac.org\/web\/noticies\/","og_locale":"es_ES","og_type":"article","og_title":"NOTICIES - Federaci\u00f3 Valenciana d&#039;Associacions d&#039;Amics del Coet","og_description":"Reuni\u00f3n de la Federaci\u00f3n Valenciana de Amics del Coet (FVAAC) en la Conselleria d\u2019Emergencias i Interior de la Generalitat Valenciana con el Conseller D. Juan Carlos Valderrama Zuri\u00e1n, sobre la nueva formaci\u00f3n de CRE y RG-CRE, seg\u00fan la CIPAE Comisi\u00f3n Interministerial Permanente de Armas y Explosivos.","og_url":"https:\/\/fvaac.org\/web\/noticies\/","og_site_name":"Federaci\u00f3 Valenciana d&#039;Associacions d&#039;Amics del Coet","article_modified_time":"2026-01-08T08:49:57+00:00","og_image":[{"width":1320,"height":968,"url":"https:\/\/fvaac.org\/web\/wp-content\/uploads\/2026\/01\/WhatsApp-Image-2026-01-08-at-09.35.00.jpeg","type":"image\/jpeg"}],"twitter_card":"summary_large_image","twitter_misc":{"Tiempo de lectura":"3 minutos"},"schema":{"@context":"https:\/\/schema.org","@graph":[{"@type":"WebPage","@id":"https:\/\/fvaac.org\/web\/noticies\/","url":"https:\/\/fvaac.org\/web\/noticies\/","name":"NOTICIES - Federaci\u00f3 Valenciana d&#039;Associacions d&#039;Amics del Coet","isPartOf":{"@id":"https:\/\/fvaac.org\/web\/#website"},"primaryImageOfPage":{"@id":"https:\/\/fvaac.org\/web\/noticies\/#primaryimage"},"image":{"@id":"https:\/\/fvaac.org\/web\/noticies\/#primaryimage"},"thumbnailUrl":"https:\/\/fvaac.org\/web\/wp-content\/uploads\/2026\/01\/WhatsApp-Image-2026-01-08-at-09.35.00-1024x751.jpeg","datePublished":"2025-01-27T14:22:04+00:00","dateModified":"2026-01-08T08:49:57+00:00","breadcrumb":{"@id":"https:\/\/fvaac.org\/web\/noticies\/#breadcrumb"},"inLanguage":"es","potentialAction":[{"@type":"ReadAction","target":["https:\/\/fvaac.org\/web\/noticies\/"]}]},{"@type":"ImageObject","inLanguage":"es","@id":"https:\/\/fvaac.org\/web\/noticies\/#primaryimage","url":"https:\/\/fvaac.org\/web\/wp-content\/uploads\/2026\/01\/WhatsApp-Image-2026-01-08-at-09.35.00.jpeg","contentUrl":"https:\/\/fvaac.org\/web\/wp-content\/uploads\/2026\/01\/WhatsApp-Image-2026-01-08-at-09.35.00.jpeg","width":1320,"height":968,"caption":"Reuni\u00f3n de la Federaci\u00f3n Valenciana de Amics del Coet (FVAAC) en la Conselleria d\u2019Emergencias i Interior de la Generalitat Valenciana con el Conseller D. Juan Carlos Valderrama Zuri\u00e1n, sobre la nueva formaci\u00f3n de CRE y RG-CRE, seg\u00fan la CIPAE Comisi\u00f3n Interministerial Permanente de Armas y Explosivos."},{"@type":"BreadcrumbList","@id":"https:\/\/fvaac.org\/web\/noticies\/#breadcrumb","itemListElement":[{"@type":"ListItem","position":1,"name":"Portada","item":"https:\/\/fvaac.org\/web\/"},{"@type":"ListItem","position":2,"name":"NOTICIES"}]},{"@type":"WebSite","@id":"https:\/\/fvaac.org\/web\/#website","url":"https:\/\/fvaac.org\/web\/","name":"Federaci\u00f3 Valenciana d&#039;Associacions d&#039;Amics del Coet","description":"","publisher":{"@id":"https:\/\/fvaac.org\/web\/#organization"},"potentialAction":[{"@type":"SearchAction","target":{"@type":"EntryPoint","urlTemplate":"https:\/\/fvaac.org\/web\/?s={search_term_string}"},"query-input":{"@type":"PropertyValueSpecification","valueRequired":true,"valueName":"search_term_string"}}],"inLanguage":"es"},{"@type":"Organization","@id":"https:\/\/fvaac.org\/web\/#organization","name":"Federaci\u00f3 Valenciana d&#039;Associacions d&#039;Amics del Coet","url":"https:\/\/fvaac.org\/web\/","logo":{"@type":"ImageObject","inLanguage":"es","@id":"https:\/\/fvaac.org\/web\/#\/schema\/logo\/image\/","url":"https:\/\/fvaac.org\/web\/wp-content\/uploads\/2025\/01\/fvaac.jpg","contentUrl":"https:\/\/fvaac.org\/web\/wp-content\/uploads\/2025\/01\/fvaac.jpg","width":349,"height":90,"caption":"Federaci\u00f3 Valenciana d&#039;Associacions d&#039;Amics del Coet"},"image":{"@id":"https:\/\/fvaac.org\/web\/#\/schema\/logo\/image\/"}}]}},"_links":{"self":[{"href":"https:\/\/fvaac.org\/web\/wp-json\/wp\/v2\/pages\/2119","targetHints":{"allow":["GET"]}}],"collection":[{"href":"https:\/\/fvaac.org\/web\/wp-json\/wp\/v2\/pages"}],"about":[{"href":"https:\/\/fvaac.org\/web\/wp-json\/wp\/v2\/types\/page"}],"author":[{"embeddable":true,"href":"https:\/\/fvaac.org\/web\/wp-json\/wp\/v2\/users\/1"}],"replies":[{"embeddable":true,"href":"https:\/\/fvaac.org\/web\/wp-json\/wp\/v2\/comments?post=2119"}],"version-history":[{"count":22,"href":"https:\/\/fvaac.org\/web\/wp-json\/wp\/v2\/pages\/2119\/revisions"}],"predecessor-version":[{"id":3129,"href":"https:\/\/fvaac.org\/web\/wp-json\/wp\/v2\/pages\/2119\/revisions\/3129"}],"wp:attachment":[{"href":"https:\/\/fvaac.org\/web\/wp-json\/wp\/v2\/media?parent=2119"}],"curies":[{"name":"wp","href":"https:\/\/api.w.org\/{rel}","templated":true}]}}