{"id":2177,"date":"2025-01-27T18:52:14","date_gmt":"2025-01-27T17:52:14","guid":{"rendered":"https:\/\/fvaac.org\/web\/?page_id=2177"},"modified":"2025-12-02T23:56:14","modified_gmt":"2025-12-02T22:56:14","slug":"junta-directiva","status":"publish","type":"page","link":"https:\/\/fvaac.org\/web\/junta-directiva\/","title":{"rendered":"Junta Directiva"},"content":{"rendered":"\t\t<div data-elementor-type=\"wp-page\" data-elementor-id=\"2177\" class=\"elementor elementor-2177\" data-elementor-post-type=\"page\">\n\t\t\t\t<div class=\"elementor-element elementor-element-f8548dd e-flex e-con-boxed e-con e-parent\" data-id=\"f8548dd\" data-element_type=\"container\">\n\t\t\t\t\t<div class=\"e-con-inner\">\n\t\t\t\t<div class=\"elementor-element elementor-element-cc6d787 elementor-widget elementor-widget-total-plus-team-carousel\" data-id=\"cc6d787\" data-element_type=\"widget\" data-widget_type=\"total-plus-team-carousel.default\">\n\t\t\t\t<div class=\"elementor-widget-container\">\n\t\t\t\t\t            <div class=\"tpe-team-carousel owl-carousel\" data-params='{\"items\":3,\"items_tablet\":2,\"items_mobile\":1,\"margin\":20,\"margin_tablet\":20,\"margin_mobile\":20,\"autoplay\":true,\"pause_on_hover\":true,\"loop\":true,\"speed\":500,\"nav\":true,\"pause\":5000}'>\n                                    <div class=\"tpe-team-member tpe-style1\">\n                        <div class=\"tpe-team-member-inner\">\n\n                            <div class=\"tpe-team-image\">\n                                <img decoding=\"async\" src=\"https:\/\/fvaac.org\/web\/wp-content\/uploads\/2025\/03\/Imagen-de-WhatsApp-2025-02-15-a-las-18.47.35_9ef949d1.jpg\" title=\"Imagen de WhatsApp 2025-02-15 a las 18.47.35_9ef949d1\" alt=\"Imagen de WhatsApp 2025-02-15 a las 18.47.35_9ef949d1\" loading=\"lazy\" \/>\n\n                                                            <\/div>\n\n                                                            <div class=\"tpe-title-wrap\">\n                                    <h5 class=\"tpe-team-title\">Daniel Claver Herrera<\/h5>\n                                <\/div>\n                            \n                            <div class=\"tpe-team-member-content\">\n                                <div class=\"tpe-team-member-excerpt\">\n                                    <div class=\"tpe-team-member-span\">\n                                        <h5 class=\"tpe-team-title\">Daniel Claver Herrera<\/h5>\n\n                                                                                    <div class=\"tpe-team-designation\">President<\/div>\n                                        \n                                        \n                                                                                <\/div>\n                                <\/div>\n                            <\/div>\n                        <\/div>\n                    <\/div>\n                                    <div class=\"tpe-team-member tpe-style1\">\n                        <div class=\"tpe-team-member-inner\">\n\n                            <div class=\"tpe-team-image\">\n                                <img decoding=\"async\" src=\"https:\/\/fvaac.org\/web\/wp-content\/uploads\/2025\/03\/Imagen-de-WhatsApp-2025-02-15-a-las-18.47.35_a792f353.jpg\" title=\"Imagen de WhatsApp 2025-02-15 a las 18.47.35_a792f353\" alt=\"Imagen de WhatsApp 2025-02-15 a las 18.47.35_a792f353\" loading=\"lazy\" \/>\n\n                                                            <\/div>\n\n                                                            <div class=\"tpe-title-wrap\">\n                                    <h5 class=\"tpe-team-title\">Javier Gadea Bartual<\/h5>\n                                <\/div>\n                            \n                            <div class=\"tpe-team-member-content\">\n                                <div class=\"tpe-team-member-excerpt\">\n                                    <div class=\"tpe-team-member-span\">\n                                        <h5 class=\"tpe-team-title\">Javier Gadea Bartual<\/h5>\n\n                                                                                    <div class=\"tpe-team-designation\">Vicepresident<\/div>\n                                        \n                                        \n                                                                                <\/div>\n                                <\/div>\n                            <\/div>\n                        <\/div>\n                    <\/div>\n                                    <div class=\"tpe-team-member tpe-style1\">\n                        <div class=\"tpe-team-member-inner\">\n\n                            <div class=\"tpe-team-image\">\n                                <img decoding=\"async\" src=\"https:\/\/fvaac.org\/web\/wp-content\/uploads\/2025\/03\/Imagen-de-WhatsApp-2025-02-15-a-las-18.47.36_11b01c8e.jpg\" title=\"Imagen de WhatsApp 2025-02-15 a las 18.47.36_11b01c8e\" alt=\"Imagen de WhatsApp 2025-02-15 a las 18.47.36_11b01c8e\" loading=\"lazy\" \/>\n\n                                                            <\/div>\n\n                                                            <div class=\"tpe-title-wrap\">\n                                    <h5 class=\"tpe-team-title\">Juan Bta. Taberner Andr\u00e9s (Damian)<\/h5>\n                                <\/div>\n                            \n                            <div class=\"tpe-team-member-content\">\n                                <div class=\"tpe-team-member-excerpt\">\n                                    <div class=\"tpe-team-member-span\">\n                                        <h5 class=\"tpe-team-title\">Juan Bta. Taberner Andr\u00e9s (Damian)<\/h5>\n\n                                                                                    <div class=\"tpe-team-designation\">Secretari<\/div>\n                                        \n                                        \n                                                                                <\/div>\n                                <\/div>\n                            <\/div>\n                        <\/div>\n                    <\/div>\n                                    <div class=\"tpe-team-member tpe-style1\">\n                        <div class=\"tpe-team-member-inner\">\n\n                            <div class=\"tpe-team-image\">\n                                <img decoding=\"async\" src=\"https:\/\/fvaac.org\/web\/wp-content\/uploads\/2025\/03\/Imagen-de-WhatsApp-2025-02-15-a-las-18.47.35_5397c8de.jpg\" title=\"Imagen de WhatsApp 2025-02-15 a las 18.47.35_5397c8de\" alt=\"Imagen de WhatsApp 2025-02-15 a las 18.47.35_5397c8de\" loading=\"lazy\" \/>\n\n                                                            <\/div>\n\n                                                            <div class=\"tpe-title-wrap\">\n                                    <h5 class=\"tpe-team-title\">\t  Enrique Coll Lled\u00f3<\/h5>\n                                <\/div>\n                            \n                            <div class=\"tpe-team-member-content\">\n                                <div class=\"tpe-team-member-excerpt\">\n                                    <div class=\"tpe-team-member-span\">\n                                        <h5 class=\"tpe-team-title\">\t  Enrique Coll Lled\u00f3<\/h5>\n\n                                                                                    <div class=\"tpe-team-designation\">Vicesecretari<\/div>\n                                        \n                                        \n                                                                                <\/div>\n                                <\/div>\n                            <\/div>\n                        <\/div>\n                    <\/div>\n                                    <div class=\"tpe-team-member tpe-style1\">\n                        <div class=\"tpe-team-member-inner\">\n\n                            <div class=\"tpe-team-image\">\n                                <img decoding=\"async\" src=\"https:\/\/fvaac.org\/web\/wp-content\/uploads\/2025\/11\/WhatsApp-Image-2025-11-13-at-14.04.13.jpeg\" title=\"WhatsApp Image 2025-11-13 at 14.04.13\" alt=\"WhatsApp Image 2025-11-13 at 14.04.13\" loading=\"lazy\" \/>\n\n                                                            <\/div>\n\n                                                            <div class=\"tpe-title-wrap\">\n                                    <h5 class=\"tpe-team-title\">Inma Veguer Taberner<\/h5>\n                                <\/div>\n                            \n                            <div class=\"tpe-team-member-content\">\n                                <div class=\"tpe-team-member-excerpt\">\n                                    <div class=\"tpe-team-member-span\">\n                                        <h5 class=\"tpe-team-title\">Inma Veguer Taberner<\/h5>\n\n                                                                                    <div class=\"tpe-team-designation\">Tressorera<\/div>\n                                        \n                                        \n                                                                                <\/div>\n                                <\/div>\n                            <\/div>\n                        <\/div>\n                    <\/div>\n                                    <div class=\"tpe-team-member tpe-style1\">\n                        <div class=\"tpe-team-member-inner\">\n\n                            <div class=\"tpe-team-image\">\n                                <img decoding=\"async\" src=\"https:\/\/fvaac.org\/web\/wp-content\/uploads\/2025\/03\/Imagen-de-WhatsApp-2025-02-15-a-las-18.47.35_455027fd.jpg\" title=\"Imagen de WhatsApp 2025-02-15 a las 18.47.35_455027fd\" alt=\"Imagen de WhatsApp 2025-02-15 a las 18.47.35_455027fd\" loading=\"lazy\" \/>\n\n                                                            <\/div>\n\n                                                            <div class=\"tpe-title-wrap\">\n                                    <h5 class=\"tpe-team-title\">Iv\u00e1n Heredia Cort\u00e9s<\/h5>\n                                <\/div>\n                            \n                            <div class=\"tpe-team-member-content\">\n                                <div class=\"tpe-team-member-excerpt\">\n                                    <div class=\"tpe-team-member-span\">\n                                        <h5 class=\"tpe-team-title\">Iv\u00e1n Heredia Cort\u00e9s<\/h5>\n\n                                                                                    <div class=\"tpe-team-designation\">Vicetressorer<\/div>\n                                        \n                                        \n                                                                                <\/div>\n                                <\/div>\n                            <\/div>\n                        <\/div>\n                    <\/div>\n                                    <div class=\"tpe-team-member tpe-style1\">\n                        <div class=\"tpe-team-member-inner\">\n\n                            <div class=\"tpe-team-image\">\n                                <img decoding=\"async\" src=\"https:\/\/fvaac.org\/web\/wp-content\/uploads\/2025\/03\/Imagen-de-WhatsApp-2025-02-15-a-las-18.47.36_0ae88930.jpg\" title=\"Imagen de WhatsApp 2025-02-15 a las 18.47.36_0ae88930\" alt=\"Imagen de WhatsApp 2025-02-15 a las 18.47.36_0ae88930\" loading=\"lazy\" \/>\n\n                                                            <\/div>\n\n                                                            <div class=\"tpe-title-wrap\">\n                                    <h5 class=\"tpe-team-title\">Jose Vte. Rubio Cebolla<\/h5>\n                                <\/div>\n                            \n                            <div class=\"tpe-team-member-content\">\n                                <div class=\"tpe-team-member-excerpt\">\n                                    <div class=\"tpe-team-member-span\">\n                                        <h5 class=\"tpe-team-title\">Jose Vte. Rubio Cebolla<\/h5>\n\n                                                                                    <div class=\"tpe-team-designation\">Vocal<\/div>\n                                        \n                                        \n                                                                                <\/div>\n                                <\/div>\n                            <\/div>\n                        <\/div>\n                    <\/div>\n                                    <div class=\"tpe-team-member tpe-style1\">\n                        <div class=\"tpe-team-member-inner\">\n\n                            <div class=\"tpe-team-image\">\n                                <img decoding=\"async\" src=\"https:\/\/fvaac.org\/web\/wp-content\/plugins\/elementor\/assets\/images\/placeholder.png\" title=\"\" alt=\"\" loading=\"lazy\" \/>\n\n                                                            <\/div>\n\n                                                            <div class=\"tpe-title-wrap\">\n                                    <h5 class=\"tpe-team-title\">Rafael Cebri\u00e1n Cerd\u00e1n<\/h5>\n                                <\/div>\n                            \n                            <div class=\"tpe-team-member-content\">\n                                <div class=\"tpe-team-member-excerpt\">\n                                    <div class=\"tpe-team-member-span\">\n                                        <h5 class=\"tpe-team-title\">Rafael Cebri\u00e1n Cerd\u00e1n<\/h5>\n\n                                                                                    <div class=\"tpe-team-designation\">Vocal<\/div>\n                                        \n                                        \n                                                                                <\/div>\n                                <\/div>\n                            <\/div>\n                        <\/div>\n                    <\/div>\n                                    <div class=\"tpe-team-member tpe-style1\">\n                        <div class=\"tpe-team-member-inner\">\n\n                            <div class=\"tpe-team-image\">\n                                <img decoding=\"async\" src=\"https:\/\/fvaac.org\/web\/wp-content\/uploads\/2025\/09\/Captura-de-pantalla-2025-09-15-095409.png\" title=\"Captura de pantalla 2025-09-15 095409\" alt=\"Captura de pantalla 2025-09-15 095409\" loading=\"lazy\" \/>\n\n                                                            <\/div>\n\n                                                            <div class=\"tpe-title-wrap\">\n                                    <h5 class=\"tpe-team-title\">Javier Sendra Garc\u00eda<\/h5>\n                                <\/div>\n                            \n                            <div class=\"tpe-team-member-content\">\n                                <div class=\"tpe-team-member-excerpt\">\n                                    <div class=\"tpe-team-member-span\">\n                                        <h5 class=\"tpe-team-title\">Javier Sendra Garc\u00eda<\/h5>\n\n                                                                                    <div class=\"tpe-team-designation\">Vocal<\/div>\n                                        \n                                        \n                                                                                <\/div>\n                                <\/div>\n                            <\/div>\n                        <\/div>\n                    <\/div>\n                                    <div class=\"tpe-team-member tpe-style1\">\n                        <div class=\"tpe-team-member-inner\">\n\n                            <div class=\"tpe-team-image\">\n                                <img decoding=\"async\" src=\"https:\/\/fvaac.org\/web\/wp-content\/plugins\/elementor\/assets\/images\/placeholder.png\" title=\"\" alt=\"\" loading=\"lazy\" \/>\n\n                                                            <\/div>\n\n                                                            <div class=\"tpe-title-wrap\">\n                                    <h5 class=\"tpe-team-title\">Jos\u00e9 Salvador Navarro<\/h5>\n                                <\/div>\n                            \n                            <div class=\"tpe-team-member-content\">\n                                <div class=\"tpe-team-member-excerpt\">\n                                    <div class=\"tpe-team-member-span\">\n                                        <h5 class=\"tpe-team-title\">Jos\u00e9 Salvador Navarro<\/h5>\n\n                                                                                    <div class=\"tpe-team-designation\">Vocal<\/div>\n                                        \n                                        \n                                                                                <\/div>\n                                <\/div>\n                            <\/div>\n                        <\/div>\n                    <\/div>\n                                    <div class=\"tpe-team-member tpe-style1\">\n                        <div class=\"tpe-team-member-inner\">\n\n                            <div class=\"tpe-team-image\">\n                                <img decoding=\"async\" src=\"https:\/\/fvaac.org\/web\/wp-content\/uploads\/2025\/03\/Imagen-de-WhatsApp-2025-02-15-a-las-18.47.36_dfd9f302.jpg\" title=\"Imagen de WhatsApp 2025-02-15 a las 18.47.36_dfd9f302\" alt=\"Imagen de WhatsApp 2025-02-15 a las 18.47.36_dfd9f302\" loading=\"lazy\" \/>\n\n                                                            <\/div>\n\n                                                            <div class=\"tpe-title-wrap\">\n                                    <h5 class=\"tpe-team-title\">Miguel Angel Rubio Arrue<\/h5>\n                                <\/div>\n                            \n                            <div class=\"tpe-team-member-content\">\n                                <div class=\"tpe-team-member-excerpt\">\n                                    <div class=\"tpe-team-member-span\">\n                                        <h5 class=\"tpe-team-title\">Miguel Angel Rubio Arrue<\/h5>\n\n                                                                                    <div class=\"tpe-team-designation\">Vocal<\/div>\n                                        \n                                        \n                                                                                <\/div>\n                                <\/div>\n                            <\/div>\n                        <\/div>\n                    <\/div>\n                                    <div class=\"tpe-team-member tpe-style1\">\n                        <div class=\"tpe-team-member-inner\">\n\n                            <div class=\"tpe-team-image\">\n                                <img decoding=\"async\" src=\"https:\/\/fvaac.org\/web\/wp-content\/uploads\/2025\/03\/Imagen-de-WhatsApp-2025-02-15-a-las-18.47.35_9005c19f.jpg\" title=\"Imagen de WhatsApp 2025-02-15 a las 18.47.35_9005c19f\" alt=\"Imagen de WhatsApp 2025-02-15 a las 18.47.35_9005c19f\" loading=\"lazy\" \/>\n\n                                                            <\/div>\n\n                                                            <div class=\"tpe-title-wrap\">\n                                    <h5 class=\"tpe-team-title\">Javier Turegano Gomez<\/h5>\n                                <\/div>\n                            \n                            <div class=\"tpe-team-member-content\">\n                                <div class=\"tpe-team-member-excerpt\">\n                                    <div class=\"tpe-team-member-span\">\n                                        <h5 class=\"tpe-team-title\">Javier Turegano Gomez<\/h5>\n\n                                                                                    <div class=\"tpe-team-designation\">Vocal<\/div>\n                                        \n                                        \n                                                                                <\/div>\n                                <\/div>\n                            <\/div>\n                        <\/div>\n                    <\/div>\n                                    <div class=\"tpe-team-member tpe-style1\">\n                        <div class=\"tpe-team-member-inner\">\n\n                            <div class=\"tpe-team-image\">\n                                <img decoding=\"async\" src=\"https:\/\/fvaac.org\/web\/wp-content\/plugins\/elementor\/assets\/images\/placeholder.png\" title=\"\" alt=\"\" loading=\"lazy\" \/>\n\n                                                            <\/div>\n\n                                                            <div class=\"tpe-title-wrap\">\n                                    <h5 class=\"tpe-team-title\">Jaume Pareja Varea<\/h5>\n                                <\/div>\n                            \n                            <div class=\"tpe-team-member-content\">\n                                <div class=\"tpe-team-member-excerpt\">\n                                    <div class=\"tpe-team-member-span\">\n                                        <h5 class=\"tpe-team-title\">Jaume Pareja Varea<\/h5>\n\n                                                                                    <div class=\"tpe-team-designation\">Vocal<\/div>\n                                        \n                                        \n                                                                                <\/div>\n                                <\/div>\n                            <\/div>\n                        <\/div>\n                    <\/div>\n                                    <div class=\"tpe-team-member tpe-style1\">\n                        <div class=\"tpe-team-member-inner\">\n\n                            <div class=\"tpe-team-image\">\n                                <img decoding=\"async\" src=\"https:\/\/fvaac.org\/web\/wp-content\/uploads\/2025\/09\/Captura-de-pantalla-2025-09-15-095443.png\" title=\"Captura de pantalla 2025-09-15 095443\" alt=\"Captura de pantalla 2025-09-15 095443\" loading=\"lazy\" \/>\n\n                                                            <\/div>\n\n                                                            <div class=\"tpe-title-wrap\">\n                                    <h5 class=\"tpe-team-title\">Manolo Garc\u00eda P\u00e9rez<\/h5>\n                                <\/div>\n                            \n                            <div class=\"tpe-team-member-content\">\n                                <div class=\"tpe-team-member-excerpt\">\n                                    <div class=\"tpe-team-member-span\">\n                                        <h5 class=\"tpe-team-title\">Manolo Garc\u00eda P\u00e9rez<\/h5>\n\n                                                                                    <div class=\"tpe-team-designation\">Vocal<\/div>\n                                        \n                                        \n                                                                                <\/div>\n                                <\/div>\n                            <\/div>\n                        <\/div>\n                    <\/div>\n                            <\/div>\n\n            \t\t\t\t<\/div>\n\t\t\t\t<\/div>\n\t\t\t\t\t<\/div>\n\t\t\t\t<\/div>\n\t\t\t\t<\/div>\n\t\t","protected":false},"excerpt":{"rendered":"<p>Daniel Claver Herrera Daniel Claver Herrera President Javier Gadea Bartual Javier Gadea Bartual Vicepresident Juan Bta. Taberner Andr\u00e9s (Damian) Juan Bta. Taberner Andr\u00e9s (Damian) Secretari Enrique Coll Lled\u00f3 Enrique Coll Lled\u00f3 Vicesecretari Inma Veguer Taberner Inma Veguer Taberner Tressorera Iv\u00e1n Heredia Cort\u00e9s Iv\u00e1n Heredia Cort\u00e9s Vicetressorer Jose Vte. Rubio Cebolla Jose Vte. Rubio Cebolla Vocal [&hellip;]<\/p>\n","protected":false},"author":1,"featured_media":0,"parent":0,"menu_order":0,"comment_status":"closed","ping_status":"closed","template":"","meta":{"footnotes":""},"class_list":["post-2177","page","type-page","status-publish","hentry"],"yoast_head":"<!-- This site is optimized with the Yoast SEO plugin v24.5 - https:\/\/yoast.com\/wordpress\/plugins\/seo\/ -->\n<title>Junta Directiva - Federaci\u00f3 Valenciana d&#039;Associacions d&#039;Amics del Coet<\/title>\n<meta name=\"robots\" content=\"index, follow, max-snippet:-1, max-image-preview:large, max-video-preview:-1\" \/>\n<link rel=\"canonical\" href=\"https:\/\/fvaac.org\/web\/junta-directiva\/\" \/>\n<meta property=\"og:locale\" content=\"es_ES\" \/>\n<meta property=\"og:type\" content=\"article\" \/>\n<meta property=\"og:title\" content=\"Junta Directiva - Federaci\u00f3 Valenciana d&#039;Associacions d&#039;Amics del Coet\" \/>\n<meta property=\"og:description\" content=\"Daniel Claver Herrera Daniel Claver Herrera President Javier Gadea Bartual Javier Gadea Bartual Vicepresident Juan Bta. Taberner Andr\u00e9s (Damian) Juan Bta. Taberner Andr\u00e9s (Damian) Secretari Enrique Coll Lled\u00f3 Enrique Coll Lled\u00f3 Vicesecretari Inma Veguer Taberner Inma Veguer Taberner Tressorera Iv\u00e1n Heredia Cort\u00e9s Iv\u00e1n Heredia Cort\u00e9s Vicetressorer Jose Vte. Rubio Cebolla Jose Vte. Rubio Cebolla Vocal [&hellip;]\" \/>\n<meta property=\"og:url\" content=\"https:\/\/fvaac.org\/web\/junta-directiva\/\" \/>\n<meta property=\"og:site_name\" content=\"Federaci\u00f3 Valenciana d&#039;Associacions d&#039;Amics del Coet\" \/>\n<meta property=\"article:modified_time\" content=\"2025-12-02T22:56:14+00:00\" \/>\n<meta property=\"og:image\" content=\"https:\/\/fvaac.org\/web\/wp-content\/uploads\/2025\/03\/Imagen-de-WhatsApp-2025-02-15-a-las-18.47.35_9ef949d1.jpg\" \/>\n<meta name=\"twitter:card\" content=\"summary_large_image\" \/>\n<meta name=\"twitter:label1\" content=\"Tiempo de lectura\" \/>\n\t<meta name=\"twitter:data1\" content=\"7 minutos\" \/>\n<script type=\"application\/ld+json\" class=\"yoast-schema-graph\">{\"@context\":\"https:\/\/schema.org\",\"@graph\":[{\"@type\":\"WebPage\",\"@id\":\"https:\/\/fvaac.org\/web\/junta-directiva\/\",\"url\":\"https:\/\/fvaac.org\/web\/junta-directiva\/\",\"name\":\"Junta Directiva - Federaci\u00f3 Valenciana d&#039;Associacions d&#039;Amics del Coet\",\"isPartOf\":{\"@id\":\"https:\/\/fvaac.org\/web\/#website\"},\"primaryImageOfPage\":{\"@id\":\"https:\/\/fvaac.org\/web\/junta-directiva\/#primaryimage\"},\"image\":{\"@id\":\"https:\/\/fvaac.org\/web\/junta-directiva\/#primaryimage\"},\"thumbnailUrl\":\"https:\/\/fvaac.org\/web\/wp-content\/uploads\/2025\/03\/Imagen-de-WhatsApp-2025-02-15-a-las-18.47.35_9ef949d1.jpg\",\"datePublished\":\"2025-01-27T17:52:14+00:00\",\"dateModified\":\"2025-12-02T22:56:14+00:00\",\"breadcrumb\":{\"@id\":\"https:\/\/fvaac.org\/web\/junta-directiva\/#breadcrumb\"},\"inLanguage\":\"es\",\"potentialAction\":[{\"@type\":\"ReadAction\",\"target\":[\"https:\/\/fvaac.org\/web\/junta-directiva\/\"]}]},{\"@type\":\"ImageObject\",\"inLanguage\":\"es\",\"@id\":\"https:\/\/fvaac.org\/web\/junta-directiva\/#primaryimage\",\"url\":\"https:\/\/fvaac.org\/web\/wp-content\/uploads\/2025\/03\/Imagen-de-WhatsApp-2025-02-15-a-las-18.47.35_9ef949d1.jpg\",\"contentUrl\":\"https:\/\/fvaac.org\/web\/wp-content\/uploads\/2025\/03\/Imagen-de-WhatsApp-2025-02-15-a-las-18.47.35_9ef949d1.jpg\",\"width\":677,\"height\":858},{\"@type\":\"BreadcrumbList\",\"@id\":\"https:\/\/fvaac.org\/web\/junta-directiva\/#breadcrumb\",\"itemListElement\":[{\"@type\":\"ListItem\",\"position\":1,\"name\":\"Portada\",\"item\":\"https:\/\/fvaac.org\/web\/\"},{\"@type\":\"ListItem\",\"position\":2,\"name\":\"Junta Directiva\"}]},{\"@type\":\"WebSite\",\"@id\":\"https:\/\/fvaac.org\/web\/#website\",\"url\":\"https:\/\/fvaac.org\/web\/\",\"name\":\"Federaci\u00f3 Valenciana d&#039;Associacions d&#039;Amics del Coet\",\"description\":\"\",\"publisher\":{\"@id\":\"https:\/\/fvaac.org\/web\/#organization\"},\"potentialAction\":[{\"@type\":\"SearchAction\",\"target\":{\"@type\":\"EntryPoint\",\"urlTemplate\":\"https:\/\/fvaac.org\/web\/?s={search_term_string}\"},\"query-input\":{\"@type\":\"PropertyValueSpecification\",\"valueRequired\":true,\"valueName\":\"search_term_string\"}}],\"inLanguage\":\"es\"},{\"@type\":\"Organization\",\"@id\":\"https:\/\/fvaac.org\/web\/#organization\",\"name\":\"Federaci\u00f3 Valenciana d&#039;Associacions d&#039;Amics del Coet\",\"url\":\"https:\/\/fvaac.org\/web\/\",\"logo\":{\"@type\":\"ImageObject\",\"inLanguage\":\"es\",\"@id\":\"https:\/\/fvaac.org\/web\/#\/schema\/logo\/image\/\",\"url\":\"https:\/\/fvaac.org\/web\/wp-content\/uploads\/2025\/01\/fvaac.jpg\",\"contentUrl\":\"https:\/\/fvaac.org\/web\/wp-content\/uploads\/2025\/01\/fvaac.jpg\",\"width\":349,\"height\":90,\"caption\":\"Federaci\u00f3 Valenciana d&#039;Associacions d&#039;Amics del Coet\"},\"image\":{\"@id\":\"https:\/\/fvaac.org\/web\/#\/schema\/logo\/image\/\"}}]}<\/script>\n<!-- \/ Yoast SEO plugin. -->","yoast_head_json":{"title":"Junta Directiva - Federaci\u00f3 Valenciana d&#039;Associacions d&#039;Amics del Coet","robots":{"index":"index","follow":"follow","max-snippet":"max-snippet:-1","max-image-preview":"max-image-preview:large","max-video-preview":"max-video-preview:-1"},"canonical":"https:\/\/fvaac.org\/web\/junta-directiva\/","og_locale":"es_ES","og_type":"article","og_title":"Junta Directiva - Federaci\u00f3 Valenciana d&#039;Associacions d&#039;Amics del Coet","og_description":"Daniel Claver Herrera Daniel Claver Herrera President Javier Gadea Bartual Javier Gadea Bartual Vicepresident Juan Bta. Taberner Andr\u00e9s (Damian) Juan Bta. Taberner Andr\u00e9s (Damian) Secretari Enrique Coll Lled\u00f3 Enrique Coll Lled\u00f3 Vicesecretari Inma Veguer Taberner Inma Veguer Taberner Tressorera Iv\u00e1n Heredia Cort\u00e9s Iv\u00e1n Heredia Cort\u00e9s Vicetressorer Jose Vte. Rubio Cebolla Jose Vte. Rubio Cebolla Vocal [&hellip;]","og_url":"https:\/\/fvaac.org\/web\/junta-directiva\/","og_site_name":"Federaci\u00f3 Valenciana d&#039;Associacions d&#039;Amics del Coet","article_modified_time":"2025-12-02T22:56:14+00:00","og_image":[{"url":"https:\/\/fvaac.org\/web\/wp-content\/uploads\/2025\/03\/Imagen-de-WhatsApp-2025-02-15-a-las-18.47.35_9ef949d1.jpg","type":"","width":"","height":""}],"twitter_card":"summary_large_image","twitter_misc":{"Tiempo de lectura":"7 minutos"},"schema":{"@context":"https:\/\/schema.org","@graph":[{"@type":"WebPage","@id":"https:\/\/fvaac.org\/web\/junta-directiva\/","url":"https:\/\/fvaac.org\/web\/junta-directiva\/","name":"Junta Directiva - Federaci\u00f3 Valenciana d&#039;Associacions d&#039;Amics del Coet","isPartOf":{"@id":"https:\/\/fvaac.org\/web\/#website"},"primaryImageOfPage":{"@id":"https:\/\/fvaac.org\/web\/junta-directiva\/#primaryimage"},"image":{"@id":"https:\/\/fvaac.org\/web\/junta-directiva\/#primaryimage"},"thumbnailUrl":"https:\/\/fvaac.org\/web\/wp-content\/uploads\/2025\/03\/Imagen-de-WhatsApp-2025-02-15-a-las-18.47.35_9ef949d1.jpg","datePublished":"2025-01-27T17:52:14+00:00","dateModified":"2025-12-02T22:56:14+00:00","breadcrumb":{"@id":"https:\/\/fvaac.org\/web\/junta-directiva\/#breadcrumb"},"inLanguage":"es","potentialAction":[{"@type":"ReadAction","target":["https:\/\/fvaac.org\/web\/junta-directiva\/"]}]},{"@type":"ImageObject","inLanguage":"es","@id":"https:\/\/fvaac.org\/web\/junta-directiva\/#primaryimage","url":"https:\/\/fvaac.org\/web\/wp-content\/uploads\/2025\/03\/Imagen-de-WhatsApp-2025-02-15-a-las-18.47.35_9ef949d1.jpg","contentUrl":"https:\/\/fvaac.org\/web\/wp-content\/uploads\/2025\/03\/Imagen-de-WhatsApp-2025-02-15-a-las-18.47.35_9ef949d1.jpg","width":677,"height":858},{"@type":"BreadcrumbList","@id":"https:\/\/fvaac.org\/web\/junta-directiva\/#breadcrumb","itemListElement":[{"@type":"ListItem","position":1,"name":"Portada","item":"https:\/\/fvaac.org\/web\/"},{"@type":"ListItem","position":2,"name":"Junta Directiva"}]},{"@type":"WebSite","@id":"https:\/\/fvaac.org\/web\/#website","url":"https:\/\/fvaac.org\/web\/","name":"Federaci\u00f3 Valenciana d&#039;Associacions d&#039;Amics del Coet","description":"","publisher":{"@id":"https:\/\/fvaac.org\/web\/#organization"},"potentialAction":[{"@type":"SearchAction","target":{"@type":"EntryPoint","urlTemplate":"https:\/\/fvaac.org\/web\/?s={search_term_string}"},"query-input":{"@type":"PropertyValueSpecification","valueRequired":true,"valueName":"search_term_string"}}],"inLanguage":"es"},{"@type":"Organization","@id":"https:\/\/fvaac.org\/web\/#organization","name":"Federaci\u00f3 Valenciana d&#039;Associacions d&#039;Amics del Coet","url":"https:\/\/fvaac.org\/web\/","logo":{"@type":"ImageObject","inLanguage":"es","@id":"https:\/\/fvaac.org\/web\/#\/schema\/logo\/image\/","url":"https:\/\/fvaac.org\/web\/wp-content\/uploads\/2025\/01\/fvaac.jpg","contentUrl":"https:\/\/fvaac.org\/web\/wp-content\/uploads\/2025\/01\/fvaac.jpg","width":349,"height":90,"caption":"Federaci\u00f3 Valenciana d&#039;Associacions d&#039;Amics del Coet"},"image":{"@id":"https:\/\/fvaac.org\/web\/#\/schema\/logo\/image\/"}}]}},"_links":{"self":[{"href":"https:\/\/fvaac.org\/web\/wp-json\/wp\/v2\/pages\/2177","targetHints":{"allow":["GET"]}}],"collection":[{"href":"https:\/\/fvaac.org\/web\/wp-json\/wp\/v2\/pages"}],"about":[{"href":"https:\/\/fvaac.org\/web\/wp-json\/wp\/v2\/types\/page"}],"author":[{"embeddable":true,"href":"https:\/\/fvaac.org\/web\/wp-json\/wp\/v2\/users\/1"}],"replies":[{"embeddable":true,"href":"https:\/\/fvaac.org\/web\/wp-json\/wp\/v2\/comments?post=2177"}],"version-history":[{"count":28,"href":"https:\/\/fvaac.org\/web\/wp-json\/wp\/v2\/pages\/2177\/revisions"}],"predecessor-version":[{"id":3062,"href":"https:\/\/fvaac.org\/web\/wp-json\/wp\/v2\/pages\/2177\/revisions\/3062"}],"wp:attachment":[{"href":"https:\/\/fvaac.org\/web\/wp-json\/wp\/v2\/media?parent=2177"}],"curies":[{"name":"wp","href":"https:\/\/api.w.org\/{rel}","templated":true}]}}