{"id":2294,"date":"2025-02-04T12:52:04","date_gmt":"2025-02-04T11:52:04","guid":{"rendered":"https:\/\/fvaac.org\/web\/?page_id=2294"},"modified":"2025-02-04T12:52:58","modified_gmt":"2025-02-04T11:52:58","slug":"politica-de-privacidad","status":"publish","type":"page","link":"https:\/\/fvaac.org\/web\/politica-de-privacidad\/","title":{"rendered":"Pol\u00edtica de privacidad"},"content":{"rendered":"\t\t<div data-elementor-type=\"wp-page\" data-elementor-id=\"2294\" class=\"elementor elementor-2294\" data-elementor-post-type=\"page\">\n\t\t\t\t<div class=\"elementor-element elementor-element-cc3f44f e-flex e-con-boxed e-con e-parent\" data-id=\"cc3f44f\" data-element_type=\"container\">\n\t\t\t\t\t<div class=\"e-con-inner\">\n\t\t\t\t<div class=\"elementor-element elementor-element-c9283ed elementor-widget elementor-widget-text-editor\" data-id=\"c9283ed\" data-element_type=\"widget\" data-widget_type=\"text-editor.default\">\n\t\t\t\t<div class=\"elementor-widget-container\">\n\t\t\t\t\t\t\t\t\t<p><strong>1. INFORMACI\u00d3N AL USUARIO<\/strong><\/p><p><strong>La\u00a0<\/strong><strong>FEDERACI\u00d3 D\u2019ASSOCIACIONS AMICS DEL COET<\/strong>, en adelante RESPONSABLE, es el responsable del tratamiento de los datos personales del Usuario\u00a0y le informa que estos datos ser\u00e1n tratados de conformidad con lo dispuesto en el Reglamento (UE) 2016\/679 de 27 de abril de 2016 (GDPR)\u00a0relativo a la protecci\u00f3n de las personas f\u00edsicas en lo que respecta al tratamiento de datos personales y a la libre circulaci\u00f3n de estos datos, por lo que se le facilita la\u00a0siguiente informaci\u00f3n del tratamiento:<\/p><p><strong>Fin del tratamiento<\/strong>:\u00a0mantener una relaci\u00f3n comercial con el Usuario. Las operaciones previstas para realizar el\u00a0tratamiento son:<\/p><ul class=\"wp-block-list\"><li>Remisi\u00f3n de comunicaciones comerciales publicitarias por email, fax, SMS, MMS, comunidades sociales o cualquier otro medio electr\u00f3nico o f\u00edsico, presente o futuro, que posibilite realizar comunicaciones comerciales. Estas comunicaciones ser\u00e1n realizadas por el RESPONSABLE y relacionadas sobre sus productos y servicios, o de sus colaboradores o proveedores con los que \u00e9ste haya alcanzado alg\u00fan acuerdo de promoci\u00f3n. En este caso, los terceros nunca tendr\u00e1n acceso a los datos personales.<\/li><li>Realizar estudios estad\u00edsticos.<\/li><li>Tramitar encargos, solicitudes o cualquier tipo de petici\u00f3n que sea realizada por el usuario a trav\u00e9s de cualquiera de las formas de contacto que se ponen a su disposici\u00f3n.<\/li><li>Remitir el bolet\u00edn de noticias de la p\u00e1gina web.<\/li><\/ul><p><strong>Base jur\u00eddica del tratamiento<\/strong>: consentimiento del interesado.<\/p><p><strong>Criterios de conservaci\u00f3n de los datos<\/strong>:\u00a0se conservar\u00e1n mientras exista un inter\u00e9s mutuo para mantener el fin del tratamiento y cuando ya no sea necesario para tal fin,\u00a0se suprimir\u00e1n con medidas de seguridad adecuadas para garantizar la seudonimizaci\u00f3n de los datos o la destrucci\u00f3n total de los mismos.<\/p><p><strong>Comunicaci\u00f3n de\u00a0los datos<\/strong>: No se comunicar\u00e1n los datos a terceros, salvo obligaci\u00f3n legal.<\/p><p><strong>Derechos que asisten al Usuario<\/strong>:<\/p><ul class=\"wp-block-list\"><li>Derecho a retirar el consentimiento en cualquier momento.<\/li><li>Derecho de acceso, rectificaci\u00f3n, portabilidad y supresi\u00f3n de sus datos y a la limitaci\u00f3n u oposici\u00f3n al su tratamiento.<\/li><li>Derecho a presentar una reclamaci\u00f3n ante la autoridad de control (www.aepd.es) si considera que el tratamiento no se ajusta a la normativa vigente.<\/li><\/ul><p><strong>Datos de contacto para ejercer sus derechos<\/strong>:<\/p><p>\u00a0<strong>La FEDERACI\u00d3 D\u2019ASSOCIACIONS AMICS DEL COET<\/strong>.<br \/>Email: webfvaac@gmail.com<\/p><p><strong>2. CAR\u00c1CTER OBLIGATORIO O FACULTATIVO DE LA INFORMACI\u00d3N FACILITADA POR EL USUARIO<\/strong><\/p><p>Los Usuarios, mediante la marcaci\u00f3n de las casillas correspondientes y entrada de datos en los campos, marcados con un asterisco (*) en el formulario de contacto o presentados en formularios de descarga, aceptan expresamente y de forma libre e inequ\u00edvoca, que sus datos son necesarios para atender su petici\u00f3n, por parte del prestador, siendo voluntaria la inclusi\u00f3n de datos en los campos restantes. El Usuario garantiza que los datos personales facilitados al RESPONSABLE\u00a0son veraces y se hace responsable de comunicar cualquier modificaci\u00f3n de los mismos.\u00a0<\/p><p>El RESPONSABLE informa y garantiza expresamente a los usuarios que sus datos personales no ser\u00e1n cedidos en ning\u00fan caso a terceros, y que siempre que realizar\u00e1 alg\u00fan tipo de cesi\u00f3n de datos personales, se pedir\u00e1 previamente el consentimiento expreso, informado e inequ\u00edvoco por parte los Usuarios. Todos los datos solicitados a trav\u00e9s del sitio web son obligatorios, ya que son necesarios para la prestaci\u00f3n de un servicio \u00f3ptimo al Usuario. En caso de que no sean facilitados todos los datos, no se garantiza que la informaci\u00f3n y servicios facilitados sean completamente ajustados a sus necesidades.<\/p><p><strong>3. MEDIDAS DE SEGURIDAD<\/strong><\/p><p>Que de conformidad con lo dispuesto en las normativas vigentes en protecci\u00f3n de datos personales, el RESPONSABLE\u00a0est\u00e1 cumpliendo con todas las disposiciones de las normativas GDPR\u00a0para\u00a0el tratamiento de los datos personales de su responsabilidad, y manifiestamente con los principios descritos en el art\u00edculo 5 del GDPR, por los cuales son tratados de manera l\u00edcita, leal y transparente en relaci\u00f3n con el interesado y adecuados, pertinentes y limitados a lo necesario en relaci\u00f3n con los fines para los que son tratados.<\/p><p>El RESPONSABLE\u00a0garantiza que ha implementado pol\u00edticas t\u00e9cnicas y organizativas apropiadas para aplicar las medidas de seguridad que establecen el GDPR con el fin de proteger los derechos y libertades de los Usuarios y les ha comunicado la informaci\u00f3n adecuada para que puedan ejercerlos.<\/p><p><strong>LEY DE LOS SERVICIOS DE LA SOCIEDAD DE LA INFORMACI\u00d3N\u00a0(LSSI)<\/strong><\/p><p><strong>La FEDERACI\u00d3 D\u2019ASSOCIACIONS AMICS DEL COET<\/strong>, responsable del sitio web, en adelante RESPONSABLE, pone a disposici\u00f3n de los usuarios el presente documento, con el que pretende dar cumplimiento a las obligaciones dispuestas en la Ley 34\/2002, de 11 de julio, de Servicios de la Sociedad de la Informaci\u00f3n y de Comercio Electr\u00f3nico (LSSICE), BOE N \u00ba 166, as\u00ed como informar a todos los usuarios del sitio web respecto a cu\u00e1les son las condiciones de uso.<\/p><p>Toda persona que acceda a este sitio web asume el papel de usuario, comprometi\u00e9ndose a la observancia y cumplimiento riguroso de las disposiciones aqu\u00ed dispuestas, as\u00ed como a cualquier otra disposici\u00f3n legal que fuera de aplicaci\u00f3n.\u00a0<\/p><p><strong>La FEDERACI\u00d3 D\u2019ASSOCIACIONS AMICS DEL COET<\/strong>\u00a0se reserva el derecho de modificar cualquier tipo de informaci\u00f3n que pudiera aparecer en el sitio web, sin que exista obligaci\u00f3n de preavisar o poner en conocimiento de los usuarios dichas obligaciones, entendi\u00e9ndose como suficiente con la publicaci\u00f3n en el sitio web de\u00a0<strong>La FEDERACI\u00d3 D\u2019ASSOCIACIONS AMICS DEL COET.<\/strong><\/p><p><strong>1. DATOS IDENTIFICATIVOS<\/strong><\/p><p>Nombre de dominio: http:\/\/fvaac.com\/ \u00a0\u00a0\u00a0\u00a0\u00a0\u00a0\u00a0\u00a0\u00a0\u00a0\u00a0\u00a0\u00a0\u00a0\u00a0\u00a0\u00a0\u00a0\u00a0\u00a0\u00a0\u00a0\u00a0\u00a0\u00a0\u00a0\u00a0\u00a0\u00a0\u00a0\u00a0\u00a0\u00a0\u00a0\u00a0\u00a0\u00a0\u00a0\u00a0\u00a0\u00a0\u00a0 Nombre comercial:\u00a0<strong>FVAAC \u2013 FEDERACI\u00d3 VALENCIANA D\u2019ASSOCIACIONS D\u2019AMICS DEL COET<\/strong><\/p><p>Denominaci\u00f3n social:\u00a0<strong>FEDERACI\u00d3 D\u2019ASSOCIACIONS AMICS DEL COET<\/strong>\u00a0NIF: G98139298<br \/>Tel\u00e9fono: 682 87 26 72<br \/>e-mail: webfvaac@gmail.com<br \/>Inscrita en el Registro Provincial de Valencia en el a\u00f1o 2003, con el numero F191 de la Secci\u00f3n Segunda.<\/p><p><strong>2. DERECHOS DE PROPIEDAD INTELECTUAL E INDUSTRIAL<\/strong><\/p><p>El sitio web, incluyendo a t\u00edtulo enunciativo, pero no limitativo su programaci\u00f3n, edici\u00f3n, compilaci\u00f3n y dem\u00e1s elementos necesarios para su funcionamiento, los dise\u00f1os, logotipos, texto y\/o gr\u00e1ficos, son propiedad del RESPONSABLE o, si es el caso, dispone de licencia o autorizaci\u00f3n expresa por parte de los autores. Todos los contenidos del sitio web se encuentran debidamente protegidos por la normativa de propiedad intelectual e industrial, as\u00ed como inscritos en los registros p\u00fablicos correspondientes.\u00a0<\/p><p>Independientemente de la finalidad para la que fueran destinados, la reproducci\u00f3n total o parcial, uso, explotaci\u00f3n, distribuci\u00f3n y comercializaci\u00f3n, requiere en todo caso de la autorizaci\u00f3n escrita previa por parte del RESPONSABLE. Cualquier uso no autorizado previamente se considera un incumplimiento grave de los derechos de propiedad intelectual o industrial del autor.\u00a0<\/p><p>Los dise\u00f1os, logotipos, texto y\/o gr\u00e1ficos ajenos al RESPONSABLE y que pudieran aparecer en el sitio web, pertenecen a sus respectivos propietarios, siendo ellos mismos responsables de cualquier posible controversia que pudiera suscitarse respecto a los mismos. El RESPONSABLE autoriza expresamente a que terceros puedan redirigir directamente a los contenidos concretos del sitio web, y en todo caso redirigir al sitio web principal de http:\/\/processodelcrist.jimdo.com.\u00a0<\/p><p>El RESPONSABLE reconoce a favor de sus titulares los correspondientes derechos de propiedad intelectual e industrial, no implicando su sola menci\u00f3n o aparici\u00f3n en el sitio web la existencia de derechos o responsabilidad alguna sobre los mismos, como tampoco respaldo, patrocinio o recomendaci\u00f3n por parte del mismo.<\/p><p>Para realizar cualquier tipo de observaci\u00f3n respecto a posibles incumplimientos de los derechos de propiedad intelectual o industrial, as\u00ed como sobre cualquiera de los contenidos del sitio web, puede hacerlo a trav\u00e9s del correo electr\u00f3nico\u00a0<a href=\"mailto:webfvaac@gmail.com\">webfvaac@gmail.com<\/a>.<\/p><p><strong>3. EXENCI\u00d3N DE RESPONSABILIDADES<\/strong><\/p><p>El RESPONSABLE se exime de cualquier tipo de responsabilidad derivada de la informaci\u00f3n publicada en su sitio web siempre que esta informaci\u00f3n haya sido manipulada o introducida por un tercero ajeno al mismo.<\/p><p><strong>Uso de Cookies<\/strong><\/p><p>Este sitio web puede utilizar cookies t\u00e9cnicas (peque\u00f1os archivos de informaci\u00f3n que el servidor env\u00eda al ordenador de quien accede a la p\u00e1gina) para llevar a cabo determinadas funciones que son consideradas imprescindibles para el correcto funcionamiento y visualizaci\u00f3n del sitio. Las cookies utilizadas tienen, en todo caso, car\u00e1cter temporal, con la \u00fanica finalidad de hacer m\u00e1s eficaz la navegaci\u00f3n, y desaparecen al terminar la sesi\u00f3n del usuario. En ning\u00fan caso, estas cookies proporcionan por s\u00ed mismas datos de car\u00e1cter personal y no se utilizar\u00e1n para la recogida de los mismos.\u00a0<\/p><p>Mediante el uso de cookies tambi\u00e9n es posible que el servidor donde se encuentra la web reconozca el navegador utilizado por el usuario con la finalidad de que la navegaci\u00f3n sea m\u00e1s sencilla, permitiendo, por ejemplo, el acceso de los usuarios que se hayan registrado previamente a las \u00e1reas, servicios, promociones o concursos reservados exclusivamente a ellos sin tener que registrarse en cada visita. Tambi\u00e9n se pueden utilizar para medir la audiencia, par\u00e1metros de tr\u00e1fico, controlar el progreso y n\u00famero de entradas, etc, siendo en estos casos cookies prescindibles t\u00e9cnicamente, pero beneficiosas para el usuario. Este sitio web no instalar\u00e1 cookies prescindibles sin el consentimiento previo del usuario.<\/p><p>El usuario tiene la posibilidad de configurar su navegador para ser alertado de la recepci\u00f3n de cookies y para impedir su instalaci\u00f3n en su equipo. Por favor, consulte las instrucciones de su navegador para ampliar esta informaci\u00f3n.<\/p><p><strong>Pol\u00edtica de enlaces<\/strong><\/p><p>Desde el sitio web, es posible que se redirija a contenidos de terceros sitios web. Dado que el RESPONSABLE no puede controlar siempre los contenidos introducidos por los terceros en sus respectivos sitios web, no asume ning\u00fan tipo de responsabilidad respecto a dichos contenidos. En todo caso, proceder\u00e1 a la retirada inmediata de cualquier contenido que pudiera contravenir la legislaci\u00f3n nacional o internacional, la moral o el orden p\u00fablico, procediendo a la retirada inmediata de la redirecci\u00f3n a dicho sitio web, poniendo en conocimiento de las autoridades competentes el contenido en cuesti\u00f3n.\u00a0<\/p><p>El RESPONSABLE\u00a0no se hace responsable de la informaci\u00f3n y contenidos almacenados, a t\u00edtulo enunciativo, pero no limitativo, en foros, chats, generadores de blogs, comentarios, redes sociales o cualquier otro medio que permita a terceros publicar contenidos de forma independiente en la p\u00e1gina web del\u00a0RESPONSABLE. Sin embargo, y en cumplimiento de lo dispuesto en los art\u00edculos 11 y 16 de la LSSICE, se pone a disposici\u00f3n de todos los usuarios, autoridades y fuerzas de seguridad, colaborando de forma activa en la retirada o, en su caso, bloqueo de todos aquellos contenidos que puedan afectar o contravenir la legislaci\u00f3n nacional o internacional, los derechos de terceros o la moral y el orden p\u00fablico. En caso de que el usuario considere que existe en el sitio web alg\u00fan contenido que pudiera ser susceptible de esta clasificaci\u00f3n, se ruega lo notifique de forma inmediata al administrador del sitio web.\u00a0<\/p><p>Este sitio web ha sido revisado y probado para que funcione correctamente. En principio, puede garantizarse el correcto funcionamiento los 365 d\u00edas del a\u00f1o, 24 horas al d\u00eda. Sin embargo, el\u00a0RESPONSABLE\u00a0no descarta la posibilidad de que existan ciertos errores de programaci\u00f3n, o que acontezcan causas de fuerza mayor, cat\u00e1strofes naturales, huelgas o circunstancias semejantes que hagan imposible el acceso a la p\u00e1gina web.<\/p><p><strong>Direcciones IP<\/strong><\/p><p>Los servidores del sitio web podr\u00e1n detectar de manera autom\u00e1tica la direcci\u00f3n IP y el nombre de dominio utilizados por el usuario. Una direcci\u00f3n IP es un n\u00famero asignado autom\u00e1ticamente a un ordenador cuando \u00e9ste se conecta a Internet. Toda esta informaci\u00f3n es registrada en un fichero de actividad del servidor debidamente inscrito que permite el posterior procesamiento de los datos con el fin de obtener mediciones \u00fanicamente estad\u00edsticas que permitan conocer el n\u00famero de impresiones de p\u00e1ginas, el n\u00famero de visitas realizadas a los servidores web, el orden de visitas, el punto de acceso, etc.<\/p><p><strong>4. LEY APLICABLE Y JURISDICCI\u00d3N<\/strong><\/p><p>Para la resoluci\u00f3n de todas las controversias o cuestiones relacionadas con el presente sitio web o de las actividades en \u00e9l desarrolladas, ser\u00e1 de aplicaci\u00f3n la legislaci\u00f3n espa\u00f1ola, a la que se someten expresamente las partes, siendo competentes para la resoluci\u00f3n de todos los conflictos derivados o relacionados con su uso los Juzgados y Tribunales que procedan.<\/p><p><strong>INFORMACI\u00d3N SOBRE\u00a0<\/strong><em><strong>COOKIES<\/strong><\/em><\/p><p>Debido a la entrada en vigor de la referente modificaci\u00f3n de la \u201cLey de Servicios de la Sociedad de la Informaci\u00f3n\u201d (LSSICE) establecida por el Real Decreto 13\/2012, es de obligaci\u00f3n obtener el consentimiento expreso del usuario de todas las p\u00e1ginas web que usan\u00a0<em>cookies\u00a0<\/em>prescindibles,<em>\u00a0<\/em>antes de que \u00e9ste navegue por ellas. \u00a0<\/p><p><strong>\u00bfQU\u00c9 SON LAS\u00a0<\/strong><em><strong>COOKIES<\/strong><\/em><strong>?<\/strong><\/p><p>Las\u00a0<em>cookies\u00a0<\/em>y otras tecnolog\u00edas similares tales como local shared objects, flash\u00a0<em>cookies\u00a0<\/em>o p\u00edxeles, son herramientas empleadas por los servidores Web para almacenar y recuperar informaci\u00f3n acerca de sus visitantes, as\u00ed como para ofrecer un correcto funcionamiento del sitio.<\/p><p>Mediante el uso de estos dispositivos se permite al servidor Web recordar algunos datos concernientes al usuario, como sus preferencias para la visualizaci\u00f3n de las p\u00e1ginas de ese servidor, nombre y contrase\u00f1a, productos que m\u00e1s le interesan, etc.<\/p><p><strong><em>COOKIES\u00a0<\/em><\/strong><strong>AFECTADAS POR LA NORMATIVA Y\u00a0<\/strong><em><strong>COOKIES\u00a0<\/strong><\/em><strong>EXCEPTUADAS<\/strong><\/p><p>Seg\u00fan la directiva de la UE, las\u00a0<em>cookies\u00a0<\/em>que requieren el consentimiento informado por parte del usuario son las\u00a0<em>cookies\u00a0<\/em>de anal\u00edtica y las de publicidad y afiliaci\u00f3n, quedando exceptuadas las de car\u00e1cter t\u00e9cnico y las necesarias para el funcionamiento del sitio web o la prestaci\u00f3n de servicios expresamente solicitados por el usuario.<\/p><p><strong>\u00bfQU\u00c9 TIPOS DE\u00a0<\/strong><em><strong>COOKIES\u00a0<\/strong><\/em><strong>EXISTEN?<\/strong><\/p><p>Sobre los tipos de cookies, existen cinco grandes grupos:<\/p><ul class=\"wp-block-list\"><li><em>Cookies\u00a0<\/em>anal\u00edticas: recogen informaci\u00f3n del uso que se realiza del sitio web.<\/li><li><em>Cookies\u00a0<\/em>sociales: son aquellas necesarias para redes sociales externas.<\/li><li>\u00a0<em>Cookies\u00a0<\/em>de afiliados: permiten hacer un seguimiento de las visitas procedentes de otras webs, con las que el sitio web establece un contrato de afiliaci\u00f3n (empresas de afiliaci\u00f3n).<\/li><li><em>Cookies\u00a0<\/em>de publicidad y comportamentales: recogen informaci\u00f3n sobre las preferencias y elecciones personales del usuario (<em>retargeting<\/em>).<\/li><li><em>Cookies\u00a0<\/em>t\u00e9cnicas y funcionales: son las estrictamente necesarias para el uso del sitio web y para la prestaci\u00f3n del servicio contratado.<\/li><\/ul><p><br \/><em><strong>COOKIES\u00a0<\/strong><\/em><strong>QUE SE UTILIZAN EN ESTE SITIO WEB<\/strong><\/p><p><strong><em>Listar los nombres de las cookies, tipo, propietario, funci\u00f3n y vencimiento, por ejemplo:<\/em><\/strong><\/p><ul class=\"wp-block-list\"><li><strong>PHPSESSID<\/strong>:\u00a0<em>cookie\u00a0<\/em>t\u00e9cnica y estrictamente necesaria que contiene el identificador de la sesi\u00f3n. Se elimina al cerrar el navegador.<\/li><li><strong>_lang<\/strong>:\u00a0<em>cookie\u00a0<\/em>t\u00e9cnica y estrictamente necesaria\u00a0que contiene el idioma de la sesi\u00f3n. Se elimina al cerrar el navegador.<\/li><li><strong>ac_cookies<\/strong>:\u00a0<em>cookie\u00a0<\/em>t\u00e9cnica y estrictamente necesaria que contiene el valor de si se ha aceptado la instalaci\u00f3n de cookies. Caduca en 1 a\u00f1o desde la \u00faltima actualizaci\u00f3n.<\/li><li><strong>_ga<\/strong>:\u00a0<em>cookie\u00a0<\/em>de Google Analytics que habilita la funci\u00f3n de control de visitas \u00fanicas. La primera vez que un usuario entre en el sitio web a trav\u00e9s de un navegador se instalar\u00e1 esta\u00a0<em>cookie<\/em>. Cuando este usuario vuelva a entrar en la web con el mismo navegador, la\u00a0<em>cookie\u00a0<\/em>considerar\u00e1 que es el mismo usuario. Solo en el caso de que el usuario cambie de navegador, se considerar\u00e1 otro usuario. Caduca a los 2 a\u00f1os desde la \u00faltima actualizaci\u00f3n.<\/li><li>_<strong>gat<\/strong>: Esta\u00a0<em>cookie\u00a0<\/em>se asocia con Google Analytics Universal. Se utiliza para limitar la velocidad de petici\u00f3n \u2013 la limitaci\u00f3n de la recogida de datos en los sitios de alto tr\u00e1fico. Caduca a los 10 minutos.<\/li><li><strong>_utma<\/strong>:\u00a0<em>cookie de\u00a0<\/em>Google Analytics que registra la fecha de la primera y \u00faltima vez que el usuario visti\u00f3 el sitio web. Caduca a los 2 a\u00f1os desde la \u00faltima actualizaci\u00f3n.<\/li><li><strong>_utmb<\/strong>:\u00a0<em>cookie\u00a0<\/em>de Google Analytics que registra la hora de llegada a la p\u00e1gina web. Caduca a los 30 minutos desde la \u00faltima actualizaci\u00f3n.<\/li><li><strong>_utmc<\/strong>:\u00a0<em>cookie\u00a0<\/em>de Google Analytics utilizada para la interoperabilidad con el c\u00f3digo de seguimiento urchin.js. Se elimina al cerrar el navegador.<\/li><li>_<strong>utmt<\/strong>: cookie de Google Analytics. Esta\u00a0<em>cookie\u00a0<\/em>se utiliza para procesar el tipo de solicitud pedida por el usuario. Caduca al finalizar la sesi\u00f3n.<\/li><li>_<strong>utmv<\/strong>: cookie de Google Analytics. Esta\u00a0<em>cookie\u00a0<\/em>se utiliza para segmentar datos demogr\u00e1ficos. Caduca al finalizar la sesi\u00f3n.<\/li><li><strong>_utmz<\/strong>:\u00a0<em>cookie\u00a0<\/em>de Google Analytics que almacena la fuente de tr\u00e1fico o una campa\u00f1a para explicar c\u00f3mo el usuario lleg\u00f3 al sitio web. Caduca a los 6 meses desde la \u00faltima actualizaci\u00f3n.<\/li><\/ul>\t\t\t\t\t\t\t\t<\/div>\n\t\t\t\t<\/div>\n\t\t\t\t\t<\/div>\n\t\t\t\t<\/div>\n\t\t\t\t<\/div>\n\t\t","protected":false},"excerpt":{"rendered":"<p>1. INFORMACI\u00d3N AL USUARIO La\u00a0FEDERACI\u00d3 D\u2019ASSOCIACIONS AMICS DEL COET, en adelante RESPONSABLE, es el responsable del tratamiento de los datos personales del Usuario\u00a0y le informa que estos datos ser\u00e1n tratados de conformidad con lo dispuesto en el Reglamento (UE) 2016\/679 de 27 de abril de 2016 (GDPR)\u00a0relativo a la protecci\u00f3n de las personas f\u00edsicas en [&hellip;]<\/p>\n","protected":false},"author":1,"featured_media":0,"parent":0,"menu_order":0,"comment_status":"closed","ping_status":"closed","template":"","meta":{"footnotes":""},"class_list":["post-2294","page","type-page","status-publish","hentry"],"yoast_head":"<!-- This site is optimized with the Yoast SEO plugin v24.5 - https:\/\/yoast.com\/wordpress\/plugins\/seo\/ -->\n<title>Pol\u00edtica de privacidad - Federaci\u00f3 Valenciana d&#039;Associacions d&#039;Amics del Coet<\/title>\n<meta name=\"robots\" content=\"index, follow, max-snippet:-1, max-image-preview:large, max-video-preview:-1\" \/>\n<link rel=\"canonical\" href=\"https:\/\/fvaac.org\/web\/politica-de-privacidad\/\" \/>\n<meta property=\"og:locale\" content=\"es_ES\" \/>\n<meta property=\"og:type\" content=\"article\" \/>\n<meta property=\"og:title\" content=\"Pol\u00edtica de privacidad - Federaci\u00f3 Valenciana d&#039;Associacions d&#039;Amics del Coet\" \/>\n<meta property=\"og:description\" content=\"1. INFORMACI\u00d3N AL USUARIO La\u00a0FEDERACI\u00d3 D\u2019ASSOCIACIONS AMICS DEL COET, en adelante RESPONSABLE, es el responsable del tratamiento de los datos personales del Usuario\u00a0y le informa que estos datos ser\u00e1n tratados de conformidad con lo dispuesto en el Reglamento (UE) 2016\/679 de 27 de abril de 2016 (GDPR)\u00a0relativo a la protecci\u00f3n de las personas f\u00edsicas en [&hellip;]\" \/>\n<meta property=\"og:url\" content=\"https:\/\/fvaac.org\/web\/politica-de-privacidad\/\" \/>\n<meta property=\"og:site_name\" content=\"Federaci\u00f3 Valenciana d&#039;Associacions d&#039;Amics del Coet\" \/>\n<meta property=\"article:modified_time\" content=\"2025-02-04T11:52:58+00:00\" \/>\n<meta name=\"twitter:card\" content=\"summary_large_image\" \/>\n<meta name=\"twitter:label1\" content=\"Tiempo de lectura\" \/>\n\t<meta name=\"twitter:data1\" content=\"12 minutos\" \/>\n<script type=\"application\/ld+json\" class=\"yoast-schema-graph\">{\"@context\":\"https:\/\/schema.org\",\"@graph\":[{\"@type\":\"WebPage\",\"@id\":\"https:\/\/fvaac.org\/web\/politica-de-privacidad\/\",\"url\":\"https:\/\/fvaac.org\/web\/politica-de-privacidad\/\",\"name\":\"Pol\u00edtica de privacidad - Federaci\u00f3 Valenciana d&#039;Associacions d&#039;Amics del Coet\",\"isPartOf\":{\"@id\":\"https:\/\/fvaac.org\/web\/#website\"},\"datePublished\":\"2025-02-04T11:52:04+00:00\",\"dateModified\":\"2025-02-04T11:52:58+00:00\",\"breadcrumb\":{\"@id\":\"https:\/\/fvaac.org\/web\/politica-de-privacidad\/#breadcrumb\"},\"inLanguage\":\"es\",\"potentialAction\":[{\"@type\":\"ReadAction\",\"target\":[\"https:\/\/fvaac.org\/web\/politica-de-privacidad\/\"]}]},{\"@type\":\"BreadcrumbList\",\"@id\":\"https:\/\/fvaac.org\/web\/politica-de-privacidad\/#breadcrumb\",\"itemListElement\":[{\"@type\":\"ListItem\",\"position\":1,\"name\":\"Portada\",\"item\":\"https:\/\/fvaac.org\/web\/\"},{\"@type\":\"ListItem\",\"position\":2,\"name\":\"Pol\u00edtica de privacidad\"}]},{\"@type\":\"WebSite\",\"@id\":\"https:\/\/fvaac.org\/web\/#website\",\"url\":\"https:\/\/fvaac.org\/web\/\",\"name\":\"Federaci\u00f3 Valenciana d&#039;Associacions d&#039;Amics del Coet\",\"description\":\"\",\"publisher\":{\"@id\":\"https:\/\/fvaac.org\/web\/#organization\"},\"potentialAction\":[{\"@type\":\"SearchAction\",\"target\":{\"@type\":\"EntryPoint\",\"urlTemplate\":\"https:\/\/fvaac.org\/web\/?s={search_term_string}\"},\"query-input\":{\"@type\":\"PropertyValueSpecification\",\"valueRequired\":true,\"valueName\":\"search_term_string\"}}],\"inLanguage\":\"es\"},{\"@type\":\"Organization\",\"@id\":\"https:\/\/fvaac.org\/web\/#organization\",\"name\":\"Federaci\u00f3 Valenciana d&#039;Associacions d&#039;Amics del Coet\",\"url\":\"https:\/\/fvaac.org\/web\/\",\"logo\":{\"@type\":\"ImageObject\",\"inLanguage\":\"es\",\"@id\":\"https:\/\/fvaac.org\/web\/#\/schema\/logo\/image\/\",\"url\":\"https:\/\/fvaac.org\/web\/wp-content\/uploads\/2025\/01\/fvaac.jpg\",\"contentUrl\":\"https:\/\/fvaac.org\/web\/wp-content\/uploads\/2025\/01\/fvaac.jpg\",\"width\":349,\"height\":90,\"caption\":\"Federaci\u00f3 Valenciana d&#039;Associacions d&#039;Amics del Coet\"},\"image\":{\"@id\":\"https:\/\/fvaac.org\/web\/#\/schema\/logo\/image\/\"}}]}<\/script>\n<!-- \/ Yoast SEO plugin. -->","yoast_head_json":{"title":"Pol\u00edtica de privacidad - Federaci\u00f3 Valenciana d&#039;Associacions d&#039;Amics del Coet","robots":{"index":"index","follow":"follow","max-snippet":"max-snippet:-1","max-image-preview":"max-image-preview:large","max-video-preview":"max-video-preview:-1"},"canonical":"https:\/\/fvaac.org\/web\/politica-de-privacidad\/","og_locale":"es_ES","og_type":"article","og_title":"Pol\u00edtica de privacidad - Federaci\u00f3 Valenciana d&#039;Associacions d&#039;Amics del Coet","og_description":"1. INFORMACI\u00d3N AL USUARIO La\u00a0FEDERACI\u00d3 D\u2019ASSOCIACIONS AMICS DEL COET, en adelante RESPONSABLE, es el responsable del tratamiento de los datos personales del Usuario\u00a0y le informa que estos datos ser\u00e1n tratados de conformidad con lo dispuesto en el Reglamento (UE) 2016\/679 de 27 de abril de 2016 (GDPR)\u00a0relativo a la protecci\u00f3n de las personas f\u00edsicas en [&hellip;]","og_url":"https:\/\/fvaac.org\/web\/politica-de-privacidad\/","og_site_name":"Federaci\u00f3 Valenciana d&#039;Associacions d&#039;Amics del Coet","article_modified_time":"2025-02-04T11:52:58+00:00","twitter_card":"summary_large_image","twitter_misc":{"Tiempo de lectura":"12 minutos"},"schema":{"@context":"https:\/\/schema.org","@graph":[{"@type":"WebPage","@id":"https:\/\/fvaac.org\/web\/politica-de-privacidad\/","url":"https:\/\/fvaac.org\/web\/politica-de-privacidad\/","name":"Pol\u00edtica de privacidad - Federaci\u00f3 Valenciana d&#039;Associacions d&#039;Amics del Coet","isPartOf":{"@id":"https:\/\/fvaac.org\/web\/#website"},"datePublished":"2025-02-04T11:52:04+00:00","dateModified":"2025-02-04T11:52:58+00:00","breadcrumb":{"@id":"https:\/\/fvaac.org\/web\/politica-de-privacidad\/#breadcrumb"},"inLanguage":"es","potentialAction":[{"@type":"ReadAction","target":["https:\/\/fvaac.org\/web\/politica-de-privacidad\/"]}]},{"@type":"BreadcrumbList","@id":"https:\/\/fvaac.org\/web\/politica-de-privacidad\/#breadcrumb","itemListElement":[{"@type":"ListItem","position":1,"name":"Portada","item":"https:\/\/fvaac.org\/web\/"},{"@type":"ListItem","position":2,"name":"Pol\u00edtica de privacidad"}]},{"@type":"WebSite","@id":"https:\/\/fvaac.org\/web\/#website","url":"https:\/\/fvaac.org\/web\/","name":"Federaci\u00f3 Valenciana d&#039;Associacions d&#039;Amics del Coet","description":"","publisher":{"@id":"https:\/\/fvaac.org\/web\/#organization"},"potentialAction":[{"@type":"SearchAction","target":{"@type":"EntryPoint","urlTemplate":"https:\/\/fvaac.org\/web\/?s={search_term_string}"},"query-input":{"@type":"PropertyValueSpecification","valueRequired":true,"valueName":"search_term_string"}}],"inLanguage":"es"},{"@type":"Organization","@id":"https:\/\/fvaac.org\/web\/#organization","name":"Federaci\u00f3 Valenciana d&#039;Associacions d&#039;Amics del Coet","url":"https:\/\/fvaac.org\/web\/","logo":{"@type":"ImageObject","inLanguage":"es","@id":"https:\/\/fvaac.org\/web\/#\/schema\/logo\/image\/","url":"https:\/\/fvaac.org\/web\/wp-content\/uploads\/2025\/01\/fvaac.jpg","contentUrl":"https:\/\/fvaac.org\/web\/wp-content\/uploads\/2025\/01\/fvaac.jpg","width":349,"height":90,"caption":"Federaci\u00f3 Valenciana d&#039;Associacions d&#039;Amics del Coet"},"image":{"@id":"https:\/\/fvaac.org\/web\/#\/schema\/logo\/image\/"}}]}},"_links":{"self":[{"href":"https:\/\/fvaac.org\/web\/wp-json\/wp\/v2\/pages\/2294","targetHints":{"allow":["GET"]}}],"collection":[{"href":"https:\/\/fvaac.org\/web\/wp-json\/wp\/v2\/pages"}],"about":[{"href":"https:\/\/fvaac.org\/web\/wp-json\/wp\/v2\/types\/page"}],"author":[{"embeddable":true,"href":"https:\/\/fvaac.org\/web\/wp-json\/wp\/v2\/users\/1"}],"replies":[{"embeddable":true,"href":"https:\/\/fvaac.org\/web\/wp-json\/wp\/v2\/comments?post=2294"}],"version-history":[{"count":4,"href":"https:\/\/fvaac.org\/web\/wp-json\/wp\/v2\/pages\/2294\/revisions"}],"predecessor-version":[{"id":2298,"href":"https:\/\/fvaac.org\/web\/wp-json\/wp\/v2\/pages\/2294\/revisions\/2298"}],"wp:attachment":[{"href":"https:\/\/fvaac.org\/web\/wp-json\/wp\/v2\/media?parent=2294"}],"curies":[{"name":"wp","href":"https:\/\/api.w.org\/{rel}","templated":true}]}}