{"id":2299,"date":"2025-02-04T12:57:35","date_gmt":"2025-02-04T11:57:35","guid":{"rendered":"https:\/\/fvaac.org\/web\/?page_id=2299"},"modified":"2025-02-05T17:28:48","modified_gmt":"2025-02-05T16:28:48","slug":"fvaac-2","status":"publish","type":"page","link":"https:\/\/fvaac.org\/web\/fvaac-2\/","title":{"rendered":"FVAAC"},"content":{"rendered":"\t\t<div data-elementor-type=\"wp-page\" data-elementor-id=\"2299\" class=\"elementor elementor-2299\" data-elementor-post-type=\"page\">\n\t\t\t\t<div class=\"elementor-element elementor-element-b44921b e-flex e-con-boxed e-con e-parent\" data-id=\"b44921b\" data-element_type=\"container\">\n\t\t\t\t\t<div class=\"e-con-inner\">\n\t\t<div class=\"elementor-element elementor-element-95e464f e-con-full e-flex e-con e-child\" data-id=\"95e464f\" data-element_type=\"container\">\n\t\t\t\t<div class=\"elementor-element elementor-element-b8246fd elementor-widget elementor-widget-image\" data-id=\"b8246fd\" data-element_type=\"widget\" data-widget_type=\"image.default\">\n\t\t\t\t<div class=\"elementor-widget-container\">\n\t\t\t\t\t\t\t\t\t\t\t\t\t\t\t<img decoding=\"async\" width=\"349\" height=\"90\" src=\"https:\/\/fvaac.org\/web\/wp-content\/uploads\/2025\/01\/fvaac.jpg\" class=\"attachment-large size-large wp-image-1870\" alt=\"\" srcset=\"https:\/\/fvaac.org\/web\/wp-content\/uploads\/2025\/01\/fvaac.jpg 349w, https:\/\/fvaac.org\/web\/wp-content\/uploads\/2025\/01\/fvaac-300x77.jpg 300w\" sizes=\"(max-width: 349px) 100vw, 349px\" \/>\t\t\t\t\t\t\t\t\t\t\t\t\t\t\t<\/div>\n\t\t\t\t<\/div>\n\t\t\t\t<\/div>\n\t\t<div class=\"elementor-element elementor-element-cd980bb e-con-full e-flex e-con e-child\" data-id=\"cd980bb\" data-element_type=\"container\">\n\t\t\t\t<div class=\"elementor-element elementor-element-e4d726c elementor-widget elementor-widget-image\" data-id=\"e4d726c\" data-element_type=\"widget\" data-widget_type=\"image.default\">\n\t\t\t\t<div class=\"elementor-widget-container\">\n\t\t\t\t\t\t\t\t\t\t\t\t\t\t\t<img fetchpriority=\"high\" decoding=\"async\" width=\"640\" height=\"209\" src=\"https:\/\/fvaac.org\/web\/wp-content\/uploads\/2025\/02\/Captura-de-pantalla-2024-06-02-091733.jpg\" class=\"attachment-large size-large wp-image-2301\" alt=\"\" srcset=\"https:\/\/fvaac.org\/web\/wp-content\/uploads\/2025\/02\/Captura-de-pantalla-2024-06-02-091733.jpg 682w, https:\/\/fvaac.org\/web\/wp-content\/uploads\/2025\/02\/Captura-de-pantalla-2024-06-02-091733-300x98.jpg 300w\" sizes=\"(max-width: 640px) 100vw, 640px\" \/>\t\t\t\t\t\t\t\t\t\t\t\t\t\t\t<\/div>\n\t\t\t\t<\/div>\n\t\t\t\t<\/div>\n\t\t\t\t\t<\/div>\n\t\t\t\t<\/div>\n\t\t<div class=\"elementor-element elementor-element-e83ecc2 e-flex e-con-boxed e-con e-parent\" data-id=\"e83ecc2\" data-element_type=\"container\">\n\t\t\t\t\t<div class=\"e-con-inner\">\n\t\t\t\t<div class=\"elementor-element elementor-element-9207b96 elementor-widget-divider--view-line elementor-widget elementor-widget-divider\" data-id=\"9207b96\" data-element_type=\"widget\" data-widget_type=\"divider.default\">\n\t\t\t\t<div class=\"elementor-widget-container\">\n\t\t\t\t\t\t\t<div class=\"elementor-divider\">\n\t\t\t<span class=\"elementor-divider-separator\">\n\t\t\t\t\t\t<\/span>\n\t\t<\/div>\n\t\t\t\t\t\t<\/div>\n\t\t\t\t<\/div>\n\t\t\t\t\t<\/div>\n\t\t\t\t<\/div>\n\t\t<div class=\"elementor-element elementor-element-1a2c4fb e-flex e-con-boxed e-con e-parent\" data-id=\"1a2c4fb\" data-element_type=\"container\">\n\t\t\t\t\t<div class=\"e-con-inner\">\n\t\t\t\t<div class=\"elementor-element elementor-element-56fdb91 elementor-widget elementor-widget-text-editor\" data-id=\"56fdb91\" data-element_type=\"widget\" data-widget_type=\"text-editor.default\">\n\t\t\t\t<div class=\"elementor-widget-container\">\n\t\t\t\t\t\t\t\t\t<p><strong>La Federaci\u00f3 Valenciana d\u2019Associacions d\u2019Amics del Coet (FVAAC) t\u00e9 conveni de col\u00b7laboraci\u00f3 amb la Generalitat Valenciana i Junta Central Fallera, per a l\u2019organitzaci\u00f3 de cursos de formaci\u00f3 per a Reposable de Grup per a consumidors expert (RGCRE) i per a consumidors reconeguts com a expert (CRE), per a les entitatas que lo demanen.<\/strong>.<\/p>\t\t\t\t\t\t\t\t<\/div>\n\t\t\t\t<\/div>\n\t\t\t\t\t<\/div>\n\t\t\t\t<\/div>\n\t\t<div class=\"elementor-element elementor-element-f73fde9 e-flex e-con-boxed e-con e-parent\" data-id=\"f73fde9\" data-element_type=\"container\">\n\t\t\t\t\t<div class=\"e-con-inner\">\n\t\t\t\t<div class=\"elementor-element elementor-element-63744c8 elementor-widget-divider--view-line elementor-widget elementor-widget-divider\" data-id=\"63744c8\" data-element_type=\"widget\" data-widget_type=\"divider.default\">\n\t\t\t\t<div class=\"elementor-widget-container\">\n\t\t\t\t\t\t\t<div class=\"elementor-divider\">\n\t\t\t<span class=\"elementor-divider-separator\">\n\t\t\t\t\t\t<\/span>\n\t\t<\/div>\n\t\t\t\t\t\t<\/div>\n\t\t\t\t<\/div>\n\t\t\t\t\t<\/div>\n\t\t\t\t<\/div>\n\t\t<div class=\"elementor-element elementor-element-d051f4d e-flex e-con-boxed e-con e-parent\" data-id=\"d051f4d\" data-element_type=\"container\">\n\t\t\t\t\t<div class=\"e-con-inner\">\n\t\t\t\t<div class=\"elementor-element elementor-element-4f1e767 elementor-widget elementor-widget-text-editor\" data-id=\"4f1e767\" data-element_type=\"widget\" data-widget_type=\"text-editor.default\">\n\t\t\t\t<div class=\"elementor-widget-container\">\n\t\t\t\t\t\t\t\t\t<p class=\"has-text-align-center\">\u25cf\u00a0<strong>Consultes per email:\u00a0<a href=\"mailto:info@fvaac.com\" target=\"_blank\" rel=\"noreferrer noopener\" aria-label=\"info@fvaac.com (opens in a new tab)\">info@fvaac.com<\/a><\/strong><\/p><p class=\"has-text-align-left\">\u25cf\u00a0<strong>Per a consultes cridar al m\u00f2bil\u00a0: 682 87 26 72 \u2013\u00a0El servei de Whatsapp tan sols ser\u00e0 per aquelles associacions afiliades a FVAAC.<\/strong><\/p>\t\t\t\t\t\t\t\t<\/div>\n\t\t\t\t<\/div>\n\t\t\t\t\t<\/div>\n\t\t\t\t<\/div>\n\t\t<div class=\"elementor-element elementor-element-43ed457 e-flex e-con-boxed e-con e-parent\" data-id=\"43ed457\" data-element_type=\"container\">\n\t\t\t\t\t<div class=\"e-con-inner\">\n\t\t\t\t<div class=\"elementor-element elementor-element-86e0235 elementor-widget-divider--view-line elementor-widget elementor-widget-divider\" data-id=\"86e0235\" data-element_type=\"widget\" data-widget_type=\"divider.default\">\n\t\t\t\t<div class=\"elementor-widget-container\">\n\t\t\t\t\t\t\t<div class=\"elementor-divider\">\n\t\t\t<span class=\"elementor-divider-separator\">\n\t\t\t\t\t\t<\/span>\n\t\t<\/div>\n\t\t\t\t\t\t<\/div>\n\t\t\t\t<\/div>\n\t\t\t\t\t<\/div>\n\t\t\t\t<\/div>\n\t\t<div class=\"elementor-element elementor-element-7c91f05 e-flex e-con-boxed e-con e-parent\" data-id=\"7c91f05\" data-element_type=\"container\">\n\t\t\t\t\t<div class=\"e-con-inner\">\n\t\t\t\t<div class=\"elementor-element elementor-element-4a4b985 elementor-widget elementor-widget-text-editor\" data-id=\"4a4b985\" data-element_type=\"widget\" data-widget_type=\"text-editor.default\">\n\t\t\t\t<div class=\"elementor-widget-container\">\n\t\t\t\t\t\t\t\t\t<h4>Si\u00a0 voleu\u00a0 afiliar-vos\u00a0 a\u00a0 la\u00a0 Federaci\u00f3 Valenciana d\u2019Associacions d\u2019Amics del Coet (FVAAC)<\/h4><h4>ac\u00ed\u00a0 teniu\u00a0 les instruccions.<\/h4>\t\t\t\t\t\t\t\t<\/div>\n\t\t\t\t<\/div>\n\t\t\t\t\t<\/div>\n\t\t\t\t<\/div>\n\t\t<div class=\"elementor-element elementor-element-4b54c7b e-flex e-con-boxed e-con e-parent\" data-id=\"4b54c7b\" data-element_type=\"container\">\n\t\t\t\t\t<div class=\"e-con-inner\">\n\t\t<div class=\"elementor-element elementor-element-f8c1925 e-con-full e-flex e-con e-child\" data-id=\"f8c1925\" data-element_type=\"container\">\n\t\t\t\t<div class=\"elementor-element elementor-element-a36d3a4 elementor-widget elementor-widget-heading\" data-id=\"a36d3a4\" data-element_type=\"widget\" data-widget_type=\"heading.default\">\n\t\t\t\t<div class=\"elementor-widget-container\">\n\t\t\t\t\t<h2 class=\"elementor-heading-title elementor-size-default\"><a href=\"https:\/\/fvaac.org\/web\/wp-content\/uploads\/2025\/02\/Afiliacio-Associacions.pdf\" target=\"_blank\">ASSOCIACIONS<\/a><\/h2>\t\t\t\t<\/div>\n\t\t\t\t<\/div>\n\t\t\t\t<\/div>\n\t\t<div class=\"elementor-element elementor-element-4ac6dfc e-con-full e-flex e-con e-child\" data-id=\"4ac6dfc\" data-element_type=\"container\">\n\t\t\t\t<div class=\"elementor-element elementor-element-3cab746 elementor-widget elementor-widget-heading\" data-id=\"3cab746\" data-element_type=\"widget\" data-widget_type=\"heading.default\">\n\t\t\t\t<div class=\"elementor-widget-container\">\n\t\t\t\t\t<h2 class=\"elementor-heading-title elementor-size-default\"><a href=\"https:\/\/fvaac.org\/web\/wp-content\/uploads\/2025\/02\/Afiliacio-Agrupacio-Popular.pdf\" target=\"_blank\">AGRUPACIONS POPULARS<\/a><\/h2>\t\t\t\t<\/div>\n\t\t\t\t<\/div>\n\t\t\t\t<\/div>\n\t\t\t\t\t<\/div>\n\t\t\t\t<\/div>\n\t\t<div class=\"elementor-element elementor-element-5c35a0f e-flex e-con-boxed e-con e-parent\" data-id=\"5c35a0f\" data-element_type=\"container\">\n\t\t\t\t\t<div class=\"e-con-inner\">\n\t\t\t\t<div class=\"elementor-element elementor-element-cefe2fa elementor-widget-divider--view-line elementor-widget elementor-widget-divider\" data-id=\"cefe2fa\" data-element_type=\"widget\" data-widget_type=\"divider.default\">\n\t\t\t\t<div class=\"elementor-widget-container\">\n\t\t\t\t\t\t\t<div class=\"elementor-divider\">\n\t\t\t<span class=\"elementor-divider-separator\">\n\t\t\t\t\t\t<\/span>\n\t\t<\/div>\n\t\t\t\t\t\t<\/div>\n\t\t\t\t<\/div>\n\t\t\t\t\t<\/div>\n\t\t\t\t<\/div>\n\t\t<div class=\"elementor-element elementor-element-4bf841a e-flex e-con-boxed e-con e-parent\" data-id=\"4bf841a\" data-element_type=\"container\">\n\t\t\t\t\t<div class=\"e-con-inner\">\n\t\t<div class=\"elementor-element elementor-element-75fd3cf e-con-full e-flex e-con e-child\" data-id=\"75fd3cf\" data-element_type=\"container\">\n\t\t\t\t<div class=\"elementor-element elementor-element-32c560d elementor-widget elementor-widget-image\" data-id=\"32c560d\" data-element_type=\"widget\" data-widget_type=\"image.default\">\n\t\t\t\t<div class=\"elementor-widget-container\">\n\t\t\t\t\t\t\t\t\t\t\t\t\t\t\t<img decoding=\"async\" width=\"618\" height=\"154\" src=\"https:\/\/fvaac.org\/web\/wp-content\/uploads\/2025\/02\/Logo_150px.png\" class=\"attachment-large size-large wp-image-2315\" alt=\"\" srcset=\"https:\/\/fvaac.org\/web\/wp-content\/uploads\/2025\/02\/Logo_150px.png 618w, https:\/\/fvaac.org\/web\/wp-content\/uploads\/2025\/02\/Logo_150px-300x75.png 300w\" sizes=\"(max-width: 618px) 100vw, 618px\" \/>\t\t\t\t\t\t\t\t\t\t\t\t\t\t\t<\/div>\n\t\t\t\t<\/div>\n\t\t\t\t<\/div>\n\t\t<div class=\"elementor-element elementor-element-3989faa e-con-full e-flex e-con e-child\" data-id=\"3989faa\" data-element_type=\"container\">\n\t\t\t\t<div class=\"elementor-element elementor-element-a987bb1 elementor-widget elementor-widget-text-editor\" data-id=\"a987bb1\" data-element_type=\"widget\" data-widget_type=\"text-editor.default\">\n\t\t\t\t<div class=\"elementor-widget-container\">\n\t\t\t\t\t\t\t\t\t<p>Col\u00b7laborem conjuntament amb el Col\u00b7legi \u00d2ptics-Optometristes de la Comunitat Valenciana en la prevenci\u00f3 d\u2019accident oculars.<\/p>\t\t\t\t\t\t\t\t<\/div>\n\t\t\t\t<\/div>\n\t\t\t\t<\/div>\n\t\t\t\t\t<\/div>\n\t\t\t\t<\/div>\n\t\t<div class=\"elementor-element elementor-element-f9fab98 e-flex e-con-boxed e-con e-parent\" data-id=\"f9fab98\" data-element_type=\"container\">\n\t\t\t\t\t<div class=\"e-con-inner\">\n\t\t\t\t<div class=\"elementor-element elementor-element-3519dbb elementor-widget-divider--view-line elementor-widget elementor-widget-divider\" data-id=\"3519dbb\" data-element_type=\"widget\" data-widget_type=\"divider.default\">\n\t\t\t\t<div class=\"elementor-widget-container\">\n\t\t\t\t\t\t\t<div class=\"elementor-divider\">\n\t\t\t<span class=\"elementor-divider-separator\">\n\t\t\t\t\t\t<\/span>\n\t\t<\/div>\n\t\t\t\t\t\t<\/div>\n\t\t\t\t<\/div>\n\t\t\t\t\t<\/div>\n\t\t\t\t<\/div>\n\t\t<div class=\"elementor-element elementor-element-0a95640 e-flex e-con-boxed e-con e-parent\" data-id=\"0a95640\" data-element_type=\"container\">\n\t\t\t\t\t<div class=\"e-con-inner\">\n\t\t<div class=\"elementor-element elementor-element-d26323a e-con-full e-flex e-con e-child\" data-id=\"d26323a\" data-element_type=\"container\">\n\t\t\t\t<div class=\"elementor-element elementor-element-fcaa7f9 elementor-widget elementor-widget-text-editor\" data-id=\"fcaa7f9\" data-element_type=\"widget\" data-widget_type=\"text-editor.default\">\n\t\t\t\t<div class=\"elementor-widget-container\">\n\t\t\t\t\t\t\t\t\t<p><strong>Jose Miguel Santolaria Pascual com a secretari de FVAAC va signar el 4 de juny de 2012 el Conveni de Col\u00b7laboraci\u00f3 amb la Generalitat Valenciana per a l\u2019Organitzaci\u00f3 de Cursos de Formaci\u00f3 per a Consumidors Reconeguts com a Experts (CRE), registrat amb el n\u00famero 0425\/2012.<\/strong><\/p>\t\t\t\t\t\t\t\t<\/div>\n\t\t\t\t<\/div>\n\t\t\t\t<\/div>\n\t\t<div class=\"elementor-element elementor-element-a5802b1 e-con-full e-flex e-con e-child\" data-id=\"a5802b1\" data-element_type=\"container\">\n\t\t\t\t<div class=\"elementor-element elementor-element-bcfeb3d elementor-widget elementor-widget-image\" data-id=\"bcfeb3d\" data-element_type=\"widget\" data-widget_type=\"image.default\">\n\t\t\t\t<div class=\"elementor-widget-container\">\n\t\t\t\t\t\t\t\t\t\t\t\t\t\t\t<img loading=\"lazy\" decoding=\"async\" width=\"640\" height=\"245\" src=\"https:\/\/fvaac.org\/web\/wp-content\/uploads\/2025\/02\/foto-conveni-1.jpg\" class=\"attachment-large size-large wp-image-2317\" alt=\"\" srcset=\"https:\/\/fvaac.org\/web\/wp-content\/uploads\/2025\/02\/foto-conveni-1.jpg 734w, https:\/\/fvaac.org\/web\/wp-content\/uploads\/2025\/02\/foto-conveni-1-300x115.jpg 300w\" sizes=\"(max-width: 640px) 100vw, 640px\" \/>\t\t\t\t\t\t\t\t\t\t\t\t\t\t\t<\/div>\n\t\t\t\t<\/div>\n\t\t\t\t<\/div>\n\t\t\t\t\t<\/div>\n\t\t\t\t<\/div>\n\t\t<div class=\"elementor-element elementor-element-1735fe5 e-flex e-con-boxed e-con e-parent\" data-id=\"1735fe5\" data-element_type=\"container\">\n\t\t\t\t\t<div class=\"e-con-inner\">\n\t\t\t\t<div class=\"elementor-element elementor-element-57308d8 elementor-widget-divider--view-line elementor-widget elementor-widget-divider\" data-id=\"57308d8\" data-element_type=\"widget\" data-widget_type=\"divider.default\">\n\t\t\t\t<div class=\"elementor-widget-container\">\n\t\t\t\t\t\t\t<div class=\"elementor-divider\">\n\t\t\t<span class=\"elementor-divider-separator\">\n\t\t\t\t\t\t<\/span>\n\t\t<\/div>\n\t\t\t\t\t\t<\/div>\n\t\t\t\t<\/div>\n\t\t\t\t\t<\/div>\n\t\t\t\t<\/div>\n\t\t<div class=\"elementor-element elementor-element-c5faed8 e-flex e-con-boxed e-con e-parent\" data-id=\"c5faed8\" data-element_type=\"container\">\n\t\t\t\t\t<div class=\"e-con-inner\">\n\t\t<div class=\"elementor-element elementor-element-b3605f7 e-con-full e-flex e-con e-child\" data-id=\"b3605f7\" data-element_type=\"container\">\n\t\t\t\t<div class=\"elementor-element elementor-element-feb18a1 elementor-widget elementor-widget-text-editor\" data-id=\"feb18a1\" data-element_type=\"widget\" data-widget_type=\"text-editor.default\">\n\t\t\t\t<div class=\"elementor-widget-container\">\n\t\t\t\t\t\t\t\t\t<p><strong>Signatura del conveni de formaci\u00f3 de la FVAAC, en la Conselleria de Just\u00edcia, Interior i Administraci\u00f3 Publica Kike Coll Lledo i Daniel Claver Herrera president de la FVAAC.<\/strong><\/p>\t\t\t\t\t\t\t\t<\/div>\n\t\t\t\t<\/div>\n\t\t\t\t<\/div>\n\t\t<div class=\"elementor-element elementor-element-6a0ecd8 e-con-full e-flex e-con e-child\" data-id=\"6a0ecd8\" data-element_type=\"container\">\n\t\t\t\t<div class=\"elementor-element elementor-element-dd9cc0a elementor-widget elementor-widget-image\" data-id=\"dd9cc0a\" data-element_type=\"widget\" data-widget_type=\"image.default\">\n\t\t\t\t<div class=\"elementor-widget-container\">\n\t\t\t\t\t\t\t\t\t\t\t\t\t\t\t<img loading=\"lazy\" decoding=\"async\" width=\"640\" height=\"853\" src=\"https:\/\/fvaac.org\/web\/wp-content\/uploads\/2025\/02\/6c78f487-e13c-47b2-a58c-a37bfb75cab8-1-768x1024-1.jpg\" class=\"attachment-large size-large wp-image-2318\" alt=\"\" srcset=\"https:\/\/fvaac.org\/web\/wp-content\/uploads\/2025\/02\/6c78f487-e13c-47b2-a58c-a37bfb75cab8-1-768x1024-1.jpg 768w, https:\/\/fvaac.org\/web\/wp-content\/uploads\/2025\/02\/6c78f487-e13c-47b2-a58c-a37bfb75cab8-1-768x1024-1-225x300.jpg 225w\" sizes=\"(max-width: 640px) 100vw, 640px\" \/>\t\t\t\t\t\t\t\t\t\t\t\t\t\t\t<\/div>\n\t\t\t\t<\/div>\n\t\t\t\t<\/div>\n\t\t<div class=\"elementor-element elementor-element-5748959 e-con-full e-flex e-con e-child\" data-id=\"5748959\" data-element_type=\"container\">\n\t\t\t\t<div class=\"elementor-element elementor-element-2c647f3 elementor-widget elementor-widget-image\" data-id=\"2c647f3\" data-element_type=\"widget\" data-widget_type=\"image.default\">\n\t\t\t\t<div class=\"elementor-widget-container\">\n\t\t\t\t\t\t\t\t\t\t\t\t\t\t\t<img loading=\"lazy\" decoding=\"async\" width=\"640\" height=\"857\" src=\"https:\/\/fvaac.org\/web\/wp-content\/uploads\/2025\/02\/36db70bc-52c3-4fc2-b9a4-6d001e104c84-1-765x1024-1.jpg\" class=\"attachment-large size-large wp-image-2319\" alt=\"\" srcset=\"https:\/\/fvaac.org\/web\/wp-content\/uploads\/2025\/02\/36db70bc-52c3-4fc2-b9a4-6d001e104c84-1-765x1024-1.jpg 765w, https:\/\/fvaac.org\/web\/wp-content\/uploads\/2025\/02\/36db70bc-52c3-4fc2-b9a4-6d001e104c84-1-765x1024-1-224x300.jpg 224w\" sizes=\"(max-width: 640px) 100vw, 640px\" \/>\t\t\t\t\t\t\t\t\t\t\t\t\t\t\t<\/div>\n\t\t\t\t<\/div>\n\t\t\t\t<\/div>\n\t\t\t\t\t<\/div>\n\t\t\t\t<\/div>\n\t\t<div class=\"elementor-element elementor-element-3c92a92 e-flex e-con-boxed e-con e-parent\" data-id=\"3c92a92\" data-element_type=\"container\">\n\t\t\t\t\t<div class=\"e-con-inner\">\n\t\t\t\t<div class=\"elementor-element elementor-element-9f45e45 elementor-widget elementor-widget-text-editor\" data-id=\"9f45e45\" data-element_type=\"widget\" data-widget_type=\"text-editor.default\">\n\t\t\t\t<div class=\"elementor-widget-container\">\n\t\t\t\t\t\t\t\t\t<p><strong>Signatura del conveni de col\u00b7laboraci\u00f3 amb la Junta Central Fallera per a la realitzaci\u00f3 dels cursos de formaci\u00f3 per a\u00a0<em>RG-<\/em>CRE- Foto signa Sr. Carlos Galiana regidor de Cultura Festiva i president de la Junta Central Fallera (JCF) Sr. Daniel Claver president de la Federaci\u00f3 Valenciana de Amics del\u00a0<em>Coet. (<\/em>FVAAC)<\/strong><\/p>\t\t\t\t\t\t\t\t<\/div>\n\t\t\t\t<\/div>\n\t\t\t\t\t<\/div>\n\t\t\t\t<\/div>\n\t\t<div class=\"elementor-element elementor-element-beb4201 e-flex e-con-boxed e-con e-parent\" data-id=\"beb4201\" data-element_type=\"container\">\n\t\t\t\t\t<div class=\"e-con-inner\">\n\t\t\t\t<div class=\"elementor-element elementor-element-178c294 elementor-widget elementor-widget-image\" data-id=\"178c294\" data-element_type=\"widget\" data-widget_type=\"image.default\">\n\t\t\t\t<div class=\"elementor-widget-container\">\n\t\t\t\t\t\t\t\t\t\t\t\t\t\t\t<img loading=\"lazy\" decoding=\"async\" width=\"640\" height=\"378\" src=\"https:\/\/fvaac.org\/web\/wp-content\/uploads\/2025\/02\/7b6a2f9e-6e92-4a2b-b5ba-eb522d16400f-1024x605-1.jpg\" class=\"attachment-large size-large wp-image-2320\" alt=\"\" srcset=\"https:\/\/fvaac.org\/web\/wp-content\/uploads\/2025\/02\/7b6a2f9e-6e92-4a2b-b5ba-eb522d16400f-1024x605-1.jpg 1024w, https:\/\/fvaac.org\/web\/wp-content\/uploads\/2025\/02\/7b6a2f9e-6e92-4a2b-b5ba-eb522d16400f-1024x605-1-300x177.jpg 300w, https:\/\/fvaac.org\/web\/wp-content\/uploads\/2025\/02\/7b6a2f9e-6e92-4a2b-b5ba-eb522d16400f-1024x605-1-768x454.jpg 768w\" sizes=\"(max-width: 640px) 100vw, 640px\" \/>\t\t\t\t\t\t\t\t\t\t\t\t\t\t\t<\/div>\n\t\t\t\t<\/div>\n\t\t\t\t\t<\/div>\n\t\t\t\t<\/div>\n\t\t<div class=\"elementor-element elementor-element-76e92eb e-flex e-con-boxed e-con e-parent\" data-id=\"76e92eb\" data-element_type=\"container\">\n\t\t\t\t\t<div class=\"e-con-inner\">\n\t\t\t\t<div class=\"elementor-element elementor-element-8e7549d elementor-widget elementor-widget-heading\" data-id=\"8e7549d\" data-element_type=\"widget\" data-widget_type=\"heading.default\">\n\t\t\t\t<div class=\"elementor-widget-container\">\n\t\t\t\t\t<h2 class=\"elementor-heading-title elementor-size-default\">JORNADES DE FORMACI\u00d3<\/h2>\t\t\t\t<\/div>\n\t\t\t\t<\/div>\n\t\t\t\t\t<\/div>\n\t\t\t\t<\/div>\n\t\t<div class=\"elementor-element elementor-element-04f5d68 e-flex e-con-boxed e-con e-parent\" data-id=\"04f5d68\" data-element_type=\"container\">\n\t\t\t\t\t<div class=\"e-con-inner\">\n\t\t\t\t<div class=\"elementor-element elementor-element-c2271de elementor-widget elementor-widget-text-editor\" data-id=\"c2271de\" data-element_type=\"widget\" data-widget_type=\"text-editor.default\">\n\t\t\t\t<div class=\"elementor-widget-container\">\n\t\t\t\t\t\t\t\t\t<p align=\"justify\">La Federaci\u00f3 Valenciana d\u2019Associacions d\u2019Amics del Coet (FVAAC) promou jornades de formaci\u00f3 en aplicaci\u00f3 del que establix la ITC-18 del Reial Decret 989-2015,de 30 de octubre pel qual s\u2019aprova el Reglament d\u2019articles pirot\u00e8cnics i cartutxeria, en la que col\u00b7laboren activament la Conselleria de Governaci\u00f3, la Conselleria de Cultura i Esport i l\u2019\u00c0rea d\u2019Ind\u00fastria i Energia de la Delegaci\u00f3 del Govern a la Comunitat Valenciana.<\/p><p align=\"justify\">Les jornades de formaci\u00f3 tracten l\u2019impacte d\u2019esta nova normativa sobre les manifestacions festives organitzades amb \u00fas de pirot\u00e8cnia no professional de car\u00e0cter religi\u00f3s, cultural o tradicional que se celebren en la immensa majoria dels municipis de la Comunitat Valenciana, com s\u00f3n la \u00abcord\u00e0\u00bb, la \u00abdespert\u00e0\u00bb, la \u00abpassej\u00e0\u00bb i el \u00abcorrefoc\u00bb.<\/p><p align=\"justify\">Des de la publicaci\u00f3 en juny de 2007 de la Directiva 2007\/23\/CE del Parlament Europeu i del Consell, sobre la posada en el mercat d\u2019articles pirot\u00e8cnics, que imposa condicions de funcionament, edats i dist\u00e0ncies d\u2019utilitzaci\u00f3 dels artificis pirot\u00e8cnics a tota Europa, la Federaci\u00f3 Valenciana d\u2019Associacions d\u2019Amics del Coet (FVAAC), ha treballat intensament per a que es contemplara a l\u2019estat espanyol una excepci\u00f3 a esta normativa que respectara els usos tradicionals de pirot\u00e8cnia no professional per tal d\u2019assegurar la continu\u00eftat de les nostres tradicions i ritus de culte al foc i poder transmetre a les futures generacions els populars costums i rituals valencians de la forma m\u00e9s fidedigna a la que ens ensenyaren els nostres avantpassats.<\/p><p align=\"justify\">La FVAAC ha representat des d\u2019un principi les inquietuds dels consumidors afectats i de les seues organitzacions, associacions, penyes, falles i colles, col\u00b7laborant activament en la Comissi\u00f3 T\u00e8cnica creada per la Conselleria de Governaci\u00f3 i aconseguint que al Reial Decret 989-2015,de 30 de octubre, s\u2019incorpore la Instrucci\u00f3 T\u00e8cnica Complement\u00e0ria n\u00ba 18, que regula l\u2019\u00fas d\u2019artificis de pirot\u00e8cnia exceptuats de la Directiva Europea en manifestacions festives religioses, culturals i tradicionals que han d\u2019estar reconegudes per cada Comunitat Aut\u00f2noma.<\/p><p align=\"justify\">Este reconeixement, necessari per a l\u2019aplicaci\u00f3 pr\u00e0ctica de la mencionada ITC, queda reflexat en el recentment publicat Decret 19\/2011, de 4 de mar\u00e7, del Consell, que contempla i definix a l\u2019article 5 de l\u2019Annex I, les manifestacions festives que poden acollir-se a la ITC-18 si son realitzades per Consumidors Reconeguts com Experts, com ara les \u00abcordaes\u00bb, les \u00abpassejaes\u00bb, els \u00abcorrefocs\u00bb i les \u00abdespertaes\u00bb.<\/p><p align=\"justify\">Per donar compliment a les noves normatives indicades, cal que s\u2019acredite una formaci\u00f3 m\u00ednima als participants (que s\u2019anomenaran CRE) i als seus Responsables de Grup (que s\u2019anomenaran RG-CRE). Per alleujar les inquietuds de les associacions, penyes, falles i colles, la FVAAC fomenta la impartici\u00f3 de cursos de formaci\u00f3 per a RG-CRE i CRE en les modalitats reconegudes per la Generalitat Valenciana com a garantia legal per a assegurar la continu\u00eftat de les tradicions, donant prefer\u00e8ncia als grups federats, per\u00f2 admetent-se associacions no afiliades o en proc\u00e9s d\u2019afiliaci\u00f3, ja que totes elles deuen adaptar-se a la nova normativa, que ha entrat en vigor el passat 8 de noviembre de 2011.<\/p>\t\t\t\t\t\t\t\t<\/div>\n\t\t\t\t<\/div>\n\t\t\t\t\t<\/div>\n\t\t\t\t<\/div>\n\t\t\t\t<\/div>\n\t\t","protected":false},"excerpt":{"rendered":"<p>La Federaci\u00f3 Valenciana d\u2019Associacions d\u2019Amics del Coet (FVAAC) t\u00e9 conveni de col\u00b7laboraci\u00f3 amb la Generalitat Valenciana i Junta Central Fallera, per a l\u2019organitzaci\u00f3 de cursos de formaci\u00f3 per a Reposable de Grup per a consumidors expert (RGCRE) i per a consumidors reconeguts com a expert (CRE), per a les entitatas que lo demanen.. \u25cf\u00a0Consultes per [&hellip;]<\/p>\n","protected":false},"author":1,"featured_media":0,"parent":0,"menu_order":0,"comment_status":"closed","ping_status":"closed","template":"","meta":{"footnotes":""},"class_list":["post-2299","page","type-page","status-publish","hentry"],"yoast_head":"<!-- This site is optimized with the Yoast SEO plugin v24.5 - https:\/\/yoast.com\/wordpress\/plugins\/seo\/ -->\n<title>FVAAC - Federaci\u00f3 Valenciana d&#039;Associacions d&#039;Amics del Coet<\/title>\n<meta name=\"robots\" content=\"index, follow, max-snippet:-1, max-image-preview:large, max-video-preview:-1\" \/>\n<link rel=\"canonical\" href=\"https:\/\/fvaac.org\/web\/fvaac-2\/\" \/>\n<meta property=\"og:locale\" content=\"es_ES\" \/>\n<meta property=\"og:type\" content=\"article\" \/>\n<meta property=\"og:title\" content=\"FVAAC - Federaci\u00f3 Valenciana d&#039;Associacions d&#039;Amics del Coet\" \/>\n<meta property=\"og:description\" content=\"La Federaci\u00f3 Valenciana d\u2019Associacions d\u2019Amics del Coet (FVAAC) t\u00e9 conveni de col\u00b7laboraci\u00f3 amb la Generalitat Valenciana i Junta Central Fallera, per a l\u2019organitzaci\u00f3 de cursos de formaci\u00f3 per a Reposable de Grup per a consumidors expert (RGCRE) i per a consumidors reconeguts com a expert (CRE), per a les entitatas que lo demanen.. \u25cf\u00a0Consultes per [&hellip;]\" \/>\n<meta property=\"og:url\" content=\"https:\/\/fvaac.org\/web\/fvaac-2\/\" \/>\n<meta property=\"og:site_name\" content=\"Federaci\u00f3 Valenciana d&#039;Associacions d&#039;Amics del Coet\" \/>\n<meta property=\"article:modified_time\" content=\"2025-02-05T16:28:48+00:00\" \/>\n<meta property=\"og:image\" content=\"https:\/\/fvaac.org\/web\/wp-content\/uploads\/2025\/01\/fvaac.jpg\" \/>\n\t<meta property=\"og:image:width\" content=\"349\" \/>\n\t<meta property=\"og:image:height\" content=\"90\" \/>\n\t<meta property=\"og:image:type\" content=\"image\/jpeg\" \/>\n<meta name=\"twitter:card\" content=\"summary_large_image\" \/>\n<meta name=\"twitter:label1\" content=\"Tiempo de lectura\" \/>\n\t<meta name=\"twitter:data1\" content=\"5 minutos\" \/>\n<script type=\"application\/ld+json\" class=\"yoast-schema-graph\">{\"@context\":\"https:\/\/schema.org\",\"@graph\":[{\"@type\":\"WebPage\",\"@id\":\"https:\/\/fvaac.org\/web\/fvaac-2\/\",\"url\":\"https:\/\/fvaac.org\/web\/fvaac-2\/\",\"name\":\"FVAAC - Federaci\u00f3 Valenciana d&#039;Associacions d&#039;Amics del Coet\",\"isPartOf\":{\"@id\":\"https:\/\/fvaac.org\/web\/#website\"},\"primaryImageOfPage\":{\"@id\":\"https:\/\/fvaac.org\/web\/fvaac-2\/#primaryimage\"},\"image\":{\"@id\":\"https:\/\/fvaac.org\/web\/fvaac-2\/#primaryimage\"},\"thumbnailUrl\":\"https:\/\/fvaac.org\/web\/wp-content\/uploads\/2025\/01\/fvaac.jpg\",\"datePublished\":\"2025-02-04T11:57:35+00:00\",\"dateModified\":\"2025-02-05T16:28:48+00:00\",\"breadcrumb\":{\"@id\":\"https:\/\/fvaac.org\/web\/fvaac-2\/#breadcrumb\"},\"inLanguage\":\"es\",\"potentialAction\":[{\"@type\":\"ReadAction\",\"target\":[\"https:\/\/fvaac.org\/web\/fvaac-2\/\"]}]},{\"@type\":\"ImageObject\",\"inLanguage\":\"es\",\"@id\":\"https:\/\/fvaac.org\/web\/fvaac-2\/#primaryimage\",\"url\":\"https:\/\/fvaac.org\/web\/wp-content\/uploads\/2025\/01\/fvaac.jpg\",\"contentUrl\":\"https:\/\/fvaac.org\/web\/wp-content\/uploads\/2025\/01\/fvaac.jpg\",\"width\":349,\"height\":90},{\"@type\":\"BreadcrumbList\",\"@id\":\"https:\/\/fvaac.org\/web\/fvaac-2\/#breadcrumb\",\"itemListElement\":[{\"@type\":\"ListItem\",\"position\":1,\"name\":\"Portada\",\"item\":\"https:\/\/fvaac.org\/web\/\"},{\"@type\":\"ListItem\",\"position\":2,\"name\":\"FVAAC\"}]},{\"@type\":\"WebSite\",\"@id\":\"https:\/\/fvaac.org\/web\/#website\",\"url\":\"https:\/\/fvaac.org\/web\/\",\"name\":\"Federaci\u00f3 Valenciana d&#039;Associacions d&#039;Amics del Coet\",\"description\":\"\",\"publisher\":{\"@id\":\"https:\/\/fvaac.org\/web\/#organization\"},\"potentialAction\":[{\"@type\":\"SearchAction\",\"target\":{\"@type\":\"EntryPoint\",\"urlTemplate\":\"https:\/\/fvaac.org\/web\/?s={search_term_string}\"},\"query-input\":{\"@type\":\"PropertyValueSpecification\",\"valueRequired\":true,\"valueName\":\"search_term_string\"}}],\"inLanguage\":\"es\"},{\"@type\":\"Organization\",\"@id\":\"https:\/\/fvaac.org\/web\/#organization\",\"name\":\"Federaci\u00f3 Valenciana d&#039;Associacions d&#039;Amics del Coet\",\"url\":\"https:\/\/fvaac.org\/web\/\",\"logo\":{\"@type\":\"ImageObject\",\"inLanguage\":\"es\",\"@id\":\"https:\/\/fvaac.org\/web\/#\/schema\/logo\/image\/\",\"url\":\"https:\/\/fvaac.org\/web\/wp-content\/uploads\/2025\/01\/fvaac.jpg\",\"contentUrl\":\"https:\/\/fvaac.org\/web\/wp-content\/uploads\/2025\/01\/fvaac.jpg\",\"width\":349,\"height\":90,\"caption\":\"Federaci\u00f3 Valenciana d&#039;Associacions d&#039;Amics del Coet\"},\"image\":{\"@id\":\"https:\/\/fvaac.org\/web\/#\/schema\/logo\/image\/\"}}]}<\/script>\n<!-- \/ Yoast SEO plugin. -->","yoast_head_json":{"title":"FVAAC - Federaci\u00f3 Valenciana d&#039;Associacions d&#039;Amics del Coet","robots":{"index":"index","follow":"follow","max-snippet":"max-snippet:-1","max-image-preview":"max-image-preview:large","max-video-preview":"max-video-preview:-1"},"canonical":"https:\/\/fvaac.org\/web\/fvaac-2\/","og_locale":"es_ES","og_type":"article","og_title":"FVAAC - Federaci\u00f3 Valenciana d&#039;Associacions d&#039;Amics del Coet","og_description":"La Federaci\u00f3 Valenciana d\u2019Associacions d\u2019Amics del Coet (FVAAC) t\u00e9 conveni de col\u00b7laboraci\u00f3 amb la Generalitat Valenciana i Junta Central Fallera, per a l\u2019organitzaci\u00f3 de cursos de formaci\u00f3 per a Reposable de Grup per a consumidors expert (RGCRE) i per a consumidors reconeguts com a expert (CRE), per a les entitatas que lo demanen.. \u25cf\u00a0Consultes per [&hellip;]","og_url":"https:\/\/fvaac.org\/web\/fvaac-2\/","og_site_name":"Federaci\u00f3 Valenciana d&#039;Associacions d&#039;Amics del Coet","article_modified_time":"2025-02-05T16:28:48+00:00","og_image":[{"width":349,"height":90,"url":"https:\/\/fvaac.org\/web\/wp-content\/uploads\/2025\/01\/fvaac.jpg","type":"image\/jpeg"}],"twitter_card":"summary_large_image","twitter_misc":{"Tiempo de lectura":"5 minutos"},"schema":{"@context":"https:\/\/schema.org","@graph":[{"@type":"WebPage","@id":"https:\/\/fvaac.org\/web\/fvaac-2\/","url":"https:\/\/fvaac.org\/web\/fvaac-2\/","name":"FVAAC - Federaci\u00f3 Valenciana d&#039;Associacions d&#039;Amics del Coet","isPartOf":{"@id":"https:\/\/fvaac.org\/web\/#website"},"primaryImageOfPage":{"@id":"https:\/\/fvaac.org\/web\/fvaac-2\/#primaryimage"},"image":{"@id":"https:\/\/fvaac.org\/web\/fvaac-2\/#primaryimage"},"thumbnailUrl":"https:\/\/fvaac.org\/web\/wp-content\/uploads\/2025\/01\/fvaac.jpg","datePublished":"2025-02-04T11:57:35+00:00","dateModified":"2025-02-05T16:28:48+00:00","breadcrumb":{"@id":"https:\/\/fvaac.org\/web\/fvaac-2\/#breadcrumb"},"inLanguage":"es","potentialAction":[{"@type":"ReadAction","target":["https:\/\/fvaac.org\/web\/fvaac-2\/"]}]},{"@type":"ImageObject","inLanguage":"es","@id":"https:\/\/fvaac.org\/web\/fvaac-2\/#primaryimage","url":"https:\/\/fvaac.org\/web\/wp-content\/uploads\/2025\/01\/fvaac.jpg","contentUrl":"https:\/\/fvaac.org\/web\/wp-content\/uploads\/2025\/01\/fvaac.jpg","width":349,"height":90},{"@type":"BreadcrumbList","@id":"https:\/\/fvaac.org\/web\/fvaac-2\/#breadcrumb","itemListElement":[{"@type":"ListItem","position":1,"name":"Portada","item":"https:\/\/fvaac.org\/web\/"},{"@type":"ListItem","position":2,"name":"FVAAC"}]},{"@type":"WebSite","@id":"https:\/\/fvaac.org\/web\/#website","url":"https:\/\/fvaac.org\/web\/","name":"Federaci\u00f3 Valenciana d&#039;Associacions d&#039;Amics del Coet","description":"","publisher":{"@id":"https:\/\/fvaac.org\/web\/#organization"},"potentialAction":[{"@type":"SearchAction","target":{"@type":"EntryPoint","urlTemplate":"https:\/\/fvaac.org\/web\/?s={search_term_string}"},"query-input":{"@type":"PropertyValueSpecification","valueRequired":true,"valueName":"search_term_string"}}],"inLanguage":"es"},{"@type":"Organization","@id":"https:\/\/fvaac.org\/web\/#organization","name":"Federaci\u00f3 Valenciana d&#039;Associacions d&#039;Amics del Coet","url":"https:\/\/fvaac.org\/web\/","logo":{"@type":"ImageObject","inLanguage":"es","@id":"https:\/\/fvaac.org\/web\/#\/schema\/logo\/image\/","url":"https:\/\/fvaac.org\/web\/wp-content\/uploads\/2025\/01\/fvaac.jpg","contentUrl":"https:\/\/fvaac.org\/web\/wp-content\/uploads\/2025\/01\/fvaac.jpg","width":349,"height":90,"caption":"Federaci\u00f3 Valenciana d&#039;Associacions d&#039;Amics del Coet"},"image":{"@id":"https:\/\/fvaac.org\/web\/#\/schema\/logo\/image\/"}}]}},"_links":{"self":[{"href":"https:\/\/fvaac.org\/web\/wp-json\/wp\/v2\/pages\/2299","targetHints":{"allow":["GET"]}}],"collection":[{"href":"https:\/\/fvaac.org\/web\/wp-json\/wp\/v2\/pages"}],"about":[{"href":"https:\/\/fvaac.org\/web\/wp-json\/wp\/v2\/types\/page"}],"author":[{"embeddable":true,"href":"https:\/\/fvaac.org\/web\/wp-json\/wp\/v2\/users\/1"}],"replies":[{"embeddable":true,"href":"https:\/\/fvaac.org\/web\/wp-json\/wp\/v2\/comments?post=2299"}],"version-history":[{"count":16,"href":"https:\/\/fvaac.org\/web\/wp-json\/wp\/v2\/pages\/2299\/revisions"}],"predecessor-version":[{"id":2341,"href":"https:\/\/fvaac.org\/web\/wp-json\/wp\/v2\/pages\/2299\/revisions\/2341"}],"wp:attachment":[{"href":"https:\/\/fvaac.org\/web\/wp-json\/wp\/v2\/media?parent=2299"}],"curies":[{"name":"wp","href":"https:\/\/api.w.org\/{rel}","templated":true}]}}