{"id":4,"date":"2018-08-04T06:43:05","date_gmt":"2018-08-04T06:43:05","guid":{"rendered":"https:\/\/demo.hashthemes.com\/total-plus\/total\/?page_id=4"},"modified":"2025-12-16T16:26:59","modified_gmt":"2025-12-16T15:26:59","slug":"home","status":"publish","type":"page","link":"https:\/\/fvaac.org\/web\/","title":{"rendered":"Home"},"content":{"rendered":"\t\t<div data-elementor-type=\"wp-page\" data-elementor-id=\"4\" class=\"elementor elementor-4\" data-elementor-post-type=\"page\">\n\t\t\t\t<div class=\"elementor-element elementor-element-c49d084 e-flex e-con-boxed e-con e-parent\" data-id=\"c49d084\" data-element_type=\"container\" data-settings=\"{&quot;background_background&quot;:&quot;video&quot;,&quot;background_video_link&quot;:&quot;https:\\\/\\\/fvaac.org\\\/web\\\/wp-content\\\/uploads\\\/videos\\\/video.mp4&quot;}\">\n\t\t\t\t\t<div class=\"e-con-inner\">\n\t\t<div class=\"elementor-background-video-container elementor-hidden-mobile\">\n\t\t\t\t\t\t\t<video class=\"elementor-background-video-hosted\" autoplay muted playsinline loop><\/video>\n\t\t\t\t\t<\/div>\t\t\t<\/div>\n\t\t\t\t<\/div>\n\t\t<div class=\"elementor-element elementor-element-2fe3fef e-flex e-con-boxed e-con e-parent\" data-id=\"2fe3fef\" data-element_type=\"container\">\n\t\t\t\t\t<div class=\"e-con-inner\">\n\t\t<div class=\"elementor-element elementor-element-592a95a e-con-full e-flex e-con e-child\" data-id=\"592a95a\" data-element_type=\"container\">\n\t\t\t\t<div class=\"elementor-element elementor-element-8c59cc8 elementor-widget elementor-widget-heading\" data-id=\"8c59cc8\" data-element_type=\"widget\" data-widget_type=\"heading.default\">\n\t\t\t\t<div class=\"elementor-widget-container\">\n\t\t\t\t\t<h2 class=\"elementor-heading-title elementor-size-default\"><a href=\"https:\/\/fvaac.org\/web\/qui-som\/\">NOSALTRES<\/a><\/h2>\t\t\t\t<\/div>\n\t\t\t\t<\/div>\n\t\t\t\t<div class=\"elementor-element elementor-element-ee9ef1e elementor-widget elementor-widget-text-editor\" data-id=\"ee9ef1e\" data-element_type=\"widget\" data-widget_type=\"text-editor.default\">\n\t\t\t\t<div class=\"elementor-widget-container\">\n\t\t\t\t\t\t\t\t\t<p>La Federaci\u00f3 Valenciana d\u2019Associacions d\u2019Amics del Coet (FVAAC) va n\u00e0ixer en 2002 amb el prop\u00f2sit d&#8217;unir i representar a les associacions pirot\u00e8cniques de la Comunitat Valenciana, defenent les nostres tradicions festives vinculades al foc, com les cordaes, despertaes i correfocs. Des de llavors, hem treballat incansablement per a preservar i promoure la nostra cultura pirot\u00e8cnica, adaptant-nos a les normatives i participant activament en l&#8217;elaboraci\u00f3 de lleis que protegisquen les nostres festivitats. Gr\u00e0cies a la col\u00b7laboraci\u00f3 amb entitats p\u00fabliques, impartim formaci\u00f3 oficial a trav\u00e9s de cursos de CRE (Consumidor Reconegut com a Expert) i RG-CRE (Responsable de Grup de Consumidors Reconeguts com a Experts), assegurant que la nostra passi\u00f3 per la p\u00f3lvora i el foc continue viva de manera legal i segura. Continuem ferms en el nostre comprom\u00eds de mantindre i transmetre a les futures generacions l&#8217;ess\u00e8ncia de les nostres celebracions, <strong>&#8216;PERQU\u00c8 UN POBLE SENSE HIST\u00d2RIA \u00c9S UN POBLE MORT&#8217;<\/strong>.<\/p>\t\t\t\t\t\t\t\t<\/div>\n\t\t\t\t<\/div>\n\t\t\t\t<div class=\"elementor-element elementor-element-09e74cd elementor-widget elementor-widget-image\" data-id=\"09e74cd\" data-element_type=\"widget\" data-widget_type=\"image.default\">\n\t\t\t\t<div class=\"elementor-widget-container\">\n\t\t\t\t\t\t\t\t\t\t\t\t\t\t\t\t<a href=\"https:\/\/www.facebook.com\/FVAAC\/?locale=es_ES\">\n\t\t\t\t\t\t\t<img decoding=\"async\" width=\"349\" height=\"90\" src=\"https:\/\/fvaac.org\/web\/wp-content\/uploads\/2025\/01\/fvaac.jpg\" class=\"attachment-full size-full wp-image-1870\" alt=\"\" srcset=\"https:\/\/fvaac.org\/web\/wp-content\/uploads\/2025\/01\/fvaac.jpg 349w, https:\/\/fvaac.org\/web\/wp-content\/uploads\/2025\/01\/fvaac-300x77.jpg 300w\" sizes=\"(max-width: 349px) 100vw, 349px\" \/>\t\t\t\t\t\t\t\t<\/a>\n\t\t\t\t\t\t\t\t\t\t\t\t\t\t\t<\/div>\n\t\t\t\t<\/div>\n\t\t\t\t<\/div>\n\t\t<div class=\"elementor-element elementor-element-93e7d8e e-con-full e-flex e-con e-child\" data-id=\"93e7d8e\" data-element_type=\"container\">\n\t\t\t\t<div class=\"elementor-element elementor-element-1433f6c elementor-widget elementor-widget-image\" data-id=\"1433f6c\" data-element_type=\"widget\" data-widget_type=\"image.default\">\n\t\t\t\t<div class=\"elementor-widget-container\">\n\t\t\t\t\t\t\t\t\t\t\t\t\t\t\t\t<a href=\"https:\/\/www.facebook.com\/FVAAC\/?locale=es_ES\">\n\t\t\t\t\t\t\t<img fetchpriority=\"high\" decoding=\"async\" width=\"716\" height=\"1130\" src=\"https:\/\/fvaac.org\/web\/wp-content\/uploads\/2025\/03\/ANAGRAMAFVAACESCUDO-BNv.png\" class=\"attachment-full size-full wp-image-2443\" alt=\"\" srcset=\"https:\/\/fvaac.org\/web\/wp-content\/uploads\/2025\/03\/ANAGRAMAFVAACESCUDO-BNv.png 716w, https:\/\/fvaac.org\/web\/wp-content\/uploads\/2025\/03\/ANAGRAMAFVAACESCUDO-BNv-190x300.png 190w, https:\/\/fvaac.org\/web\/wp-content\/uploads\/2025\/03\/ANAGRAMAFVAACESCUDO-BNv-649x1024.png 649w\" sizes=\"(max-width: 716px) 100vw, 716px\" \/>\t\t\t\t\t\t\t\t<\/a>\n\t\t\t\t\t\t\t\t\t\t\t\t\t\t\t<\/div>\n\t\t\t\t<\/div>\n\t\t\t\t<\/div>\n\t\t\t\t\t<\/div>\n\t\t\t\t<\/div>\n\t\t<div class=\"elementor-element elementor-element-e49ef64 e-flex e-con-boxed e-con e-parent\" data-id=\"e49ef64\" data-element_type=\"container\" data-settings=\"{&quot;background_background&quot;:&quot;classic&quot;}\">\n\t\t\t\t\t<div class=\"e-con-inner\">\n\t\t<div class=\"elementor-element elementor-element-3f87d64 e-con-full e-flex e-con e-child\" data-id=\"3f87d64\" data-element_type=\"container\">\n\t\t<div class=\"elementor-element elementor-element-163a4bc e-con-full e-flex e-con e-child\" data-id=\"163a4bc\" data-element_type=\"container\">\n\t\t\t\t<\/div>\n\t\t<div class=\"elementor-element elementor-element-6d8cb99 e-con-full e-flex e-con e-child\" data-id=\"6d8cb99\" data-element_type=\"container\">\n\t\t\t\t<div class=\"elementor-element elementor-element-2a3d9ad elementor-widget elementor-widget-total-plus-heading\" data-id=\"2a3d9ad\" data-element_type=\"widget\" data-widget_type=\"total-plus-heading.default\">\n\t\t\t\t<div class=\"elementor-widget-container\">\n\t\t\t\t\t        <div class=\"tpe-section-title-tagline tpe-normal-title tpe-align-center\">\n            <div class=\"tpe-section-header\">\n                \n                                    <h2 class=\"tpe-section-title\">\n                        Cursos                    <\/h2>\n                            <\/div>\n\n                            <div class=\"tpe-section-subtitle\">\n                    <p>Aci tenim els diferents cursos per a la vostra formaci\u00f3<\/p>\n                <\/div>\n                    <\/div>\n        \t\t\t\t<\/div>\n\t\t\t\t<\/div>\n\t\t\t\t<\/div>\n\t\t<div class=\"elementor-element elementor-element-47215e3 e-con-full e-flex e-con e-child\" data-id=\"47215e3\" data-element_type=\"container\">\n\t\t\t\t<\/div>\n\t\t\t\t<\/div>\n\t\t<div class=\"elementor-element elementor-element-d208a63 e-con-full e-flex e-con e-child\" data-id=\"d208a63\" data-element_type=\"container\">\n\t\t<div class=\"elementor-element elementor-element-9344cb2 e-con-full e-flex e-con e-child\" data-id=\"9344cb2\" data-element_type=\"container\">\n\t\t\t\t<div class=\"elementor-element elementor-element-1308c87 elementor-widget elementor-widget-total-plus-featured-block\" data-id=\"1308c87\" data-element_type=\"widget\" data-widget_type=\"total-plus-featured-block.default\">\n\t\t\t\t<div class=\"elementor-widget-container\">\n\t\t\t\t\t        <div class=\"tpe-featured-box tpe-style7\">\n            <div class=\"tpe-featured-icon\">\n                <i aria-hidden=\"true\" class=\"icofont icofont-graduate-alt\"><\/i>            <\/div>\n\n            <div class=\"tpe-featured-content\">\n                <h5 class=\"tpe-featured-title\">Formaci\u00f3 CRE<\/h5>\n\n                <div class=\"tpe-featured-excerpt\">\n                    \nLa Federaci\u00f3 Valenciana d\u2019Associacions d\u2019Amics del Coet (FVAAC) t\u00e9 conveni de col\u00b7laboraci\u00f3 amb la Generalitat Valenciana i Junta Central Fallera, per a l\u2019organitzaci\u00f3 de cursos de formaci\u00f3 per a consumidors reconeguts com a experts (CRE).                <\/div>\n\n                                    <div class=\"tpe-featured-link\">\n                        <a href=\"https:\/\/fvaac.org\/web\/formacio-cre\/\"  target=\"_blank\" rel=\"nofollow\">\n                            M\u00e9s                            <span class=\"tpe-featured-link-icon\"><i aria-hidden=\"true\" class=\"mdi mdi-chevron-right\"><\/i><\/span>\n                        <\/a>\n                    <\/div>\n                            <\/div>\n        <\/div>\n        \t\t\t\t<\/div>\n\t\t\t\t<\/div>\n\t\t\t\t<\/div>\n\t\t<div class=\"elementor-element elementor-element-c637a0e e-con-full e-flex e-con e-child\" data-id=\"c637a0e\" data-element_type=\"container\">\n\t\t\t\t<div class=\"elementor-element elementor-element-3633af2 elementor-widget elementor-widget-total-plus-featured-block\" data-id=\"3633af2\" data-element_type=\"widget\" data-widget_type=\"total-plus-featured-block.default\">\n\t\t\t\t<div class=\"elementor-widget-container\">\n\t\t\t\t\t        <div class=\"tpe-featured-box tpe-style7\">\n            <div class=\"tpe-featured-icon\">\n                <i aria-hidden=\"true\" class=\"icofont icofont-graduate-alt\"><\/i>            <\/div>\n\n            <div class=\"tpe-featured-content\">\n                <h5 class=\"tpe-featured-title\">Formaci\u00f3 RG-CRE<\/h5>\n\n                <div class=\"tpe-featured-excerpt\">\n                    Fem cursos com a colaboradors de JUNTA CENTRAL FALLERA                 <\/div>\n\n                                    <div class=\"tpe-featured-link\">\n                        <a href=\"https:\/\/fvaac.org\/web\/formacio-rg-cre\/\"  target=\"_blank\" rel=\"nofollow\">\n                            M\u00e9s                            <span class=\"tpe-featured-link-icon\"><i aria-hidden=\"true\" class=\"mdi mdi-chevron-right\"><\/i><\/span>\n                        <\/a>\n                    <\/div>\n                            <\/div>\n        <\/div>\n        \t\t\t\t<\/div>\n\t\t\t\t<\/div>\n\t\t\t\t<\/div>\n\t\t\t\t<\/div>\n\t\t\t\t\t<\/div>\n\t\t\t\t<\/div>\n\t\t<div class=\"elementor-element elementor-element-33e8119 e-flex e-con-boxed e-con e-parent\" data-id=\"33e8119\" data-element_type=\"container\">\n\t\t\t\t\t<div class=\"e-con-inner\">\n\t\t<div class=\"elementor-element elementor-element-1ff1124 e-con-full e-flex e-con e-child\" data-id=\"1ff1124\" data-element_type=\"container\">\n\t\t<div class=\"elementor-element elementor-element-bc6b632 e-con-full e-flex e-con e-child\" data-id=\"bc6b632\" data-element_type=\"container\">\n\t\t\t\t<\/div>\n\t\t<div class=\"elementor-element elementor-element-ca86dc0 e-con-full e-flex e-con e-child\" data-id=\"ca86dc0\" data-element_type=\"container\">\n\t\t\t\t<div class=\"elementor-element elementor-element-96ccbca elementor-widget elementor-widget-total-plus-heading\" data-id=\"96ccbca\" data-element_type=\"widget\" data-widget_type=\"total-plus-heading.default\">\n\t\t\t\t<div class=\"elementor-widget-container\">\n\t\t\t\t\t        <div class=\"tpe-section-title-tagline tpe-normal-title tpe-align-center\">\n            <div class=\"tpe-section-header\">\n                \n                                    <h2 class=\"tpe-section-title\">\n                        AFILIATS                    <\/h2>\n                            <\/div>\n\n                    <\/div>\n        \t\t\t\t<\/div>\n\t\t\t\t<\/div>\n\t\t\t\t<\/div>\n\t\t<div class=\"elementor-element elementor-element-ad53642 e-con-full e-flex e-con e-child\" data-id=\"ad53642\" data-element_type=\"container\">\n\t\t\t\t<\/div>\n\t\t\t\t<\/div>\n\t\t\t\t<div class=\"elementor-element elementor-element-d6c569b elementor-widget elementor-widget-shortcode\" data-id=\"d6c569b\" data-element_type=\"widget\" data-widget_type=\"shortcode.default\">\n\t\t\t\t<div class=\"elementor-widget-container\">\n\t\t\t\t\t\t\t<div class=\"elementor-shortcode\">        <div class=\"swiper-container\">\r\n            <div class=\"swiper-wrapper\">\r\n                                    <div class=\"swiper-slide\">\r\n                        <div class=\"affiliate-item\" data-affiliate='{\"title\":\"A.C. Amics de la Pirotecnia del Caba\\u00f1al\\\/Valencia\",\"logo\":\"https:\\\/\\\/fvaac.org\\\/web\\\/wp-content\\\/uploads\\\/2025\\\/01\\\/299028708_491385532988080_8766006530793285966_n.jpg\",\"website\":\"\",\"socials\":\"https:\\\/\\\/www.facebook.com\\\/amigosdelapirotecnia\\\/\"}'>\r\n                            <h3>A.C. Amics de la Pirotecnia del Caba\u00f1al\/Valencia<\/h3>\r\n                        <\/div>\r\n                    <\/div>\r\n                                    <div class=\"swiper-slide\">\r\n                        <div class=\"affiliate-item\" data-affiliate='{\"title\":\"A.C. FALLA AMICS DE NAQUERA\",\"logo\":\"https:\\\/\\\/fvaac.org\\\/web\\\/wp-content\\\/uploads\\\/2025\\\/06\\\/278155092_343079331179284_8041470101373767413_n.jpg\",\"website\":\"\",\"socials\":\"https:\\\/\\\/www.facebook.com\\\/p\\\/Falla-Amics-de-Nquera-100064316606908\\\/?locale=es_ES,https:\\\/\\\/www.instagram.com\\\/falla_amics_naquera\\\/\"}'>\r\n                            <h3>A.C. FALLA AMICS DE NAQUERA<\/h3>\r\n                        <\/div>\r\n                    <\/div>\r\n                                    <div class=\"swiper-slide\">\r\n                        <div class=\"affiliate-item\" data-affiliate='{\"title\":\"A.C. FALLA BRESOL DEL  MOBLE DE SEDAVI\",\"logo\":\"https:\\\/\\\/fvaac.org\\\/web\\\/wp-content\\\/uploads\\\/2025\\\/06\\\/descarga-3-1.jpg\",\"website\":\"\",\"socials\":\"https:\\\/\\\/www.facebook.com\\\/Bressoldelmoblesedavi\\\/?locale=es_ES,https:\\\/\\\/www.instagram.com\\\/bressoldelmoble\\\/?hl=es\"}'>\r\n                            <h3>A.C. FALLA BRESOL DEL  MOBLE DE SEDAVI<\/h3>\r\n                        <\/div>\r\n                    <\/div>\r\n                                    <div class=\"swiper-slide\">\r\n                        <div class=\"affiliate-item\" data-affiliate='{\"title\":\"A.C. FALLA OBISPO JAIME PEREZ- LUIS OLIAG DE VALENCIA\",\"logo\":\"https:\\\/\\\/fvaac.org\\\/web\\\/wp-content\\\/uploads\\\/2025\\\/06\\\/272184472_1738023176404849_2786905224195674971_n.jpg\",\"website\":\"https:\\\/\\\/fallaobispo.org\\\/\",\"socials\":\"https:\\\/\\\/www.instagram.com\\\/fallaobispo\\\/?hl=es,https:\\\/\\\/www.facebook.com\\\/fallaobispo\\\/?locale=es_ES\"}'>\r\n                            <h3>A.C. FALLA OBISPO JAIME PEREZ- LUIS OLIAG DE VALENCIA<\/h3>\r\n                        <\/div>\r\n                    <\/div>\r\n                                    <div class=\"swiper-slide\">\r\n                        <div class=\"affiliate-item\" data-affiliate='{\"title\":\"A.C. FALLA SOL I TRONGERS DE MARENY DE BARRAQUETES\",\"logo\":\"https:\\\/\\\/fvaac.org\\\/web\\\/wp-content\\\/uploads\\\/2025\\\/06\\\/474638647_1010547184442646_1391108079403786832_n-300x300.jpg\",\"website\":\"\",\"socials\":\"https:\\\/\\\/www.facebook.com\\\/p\\\/Falla-Sol-i-Tarongers-100064621212557\\\/?locale=es_LA\"}'>\r\n                            <h3>A.C. FALLA SOL I TRONGERS DE MARENY DE BARRAQUETES<\/h3>\r\n                        <\/div>\r\n                    <\/div>\r\n                                    <div class=\"swiper-slide\">\r\n                        <div class=\"affiliate-item\" data-affiliate='{\"title\":\"A.C. i Festera el Coet de Picanya\",\"logo\":false,\"website\":\"\",\"socials\":\"\"}'>\r\n                            <h3>A.C. i Festera el Coet de Picanya<\/h3>\r\n                        <\/div>\r\n                    <\/div>\r\n                                    <div class=\"swiper-slide\">\r\n                        <div class=\"affiliate-item\" data-affiliate='{\"title\":\"AGRUPACIO POPULAR  AMICS DEL COHET D&#8217;OTOS\",\"logo\":false,\"website\":\"\",\"socials\":\"\"}'>\r\n                            <h3>AGRUPACIO POPULAR  AMICS DEL COHET D&#8217;OTOS<\/h3>\r\n                        <\/div>\r\n                    <\/div>\r\n                                    <div class=\"swiper-slide\">\r\n                        <div class=\"affiliate-item\" data-affiliate='{\"title\":\"AGRUPACIO POPULAR AMICS DE LA POLVORA DE FONTANARS DELS ALFORINS\",\"logo\":false,\"website\":\"\",\"socials\":\"\"}'>\r\n                            <h3>AGRUPACIO POPULAR AMICS DE LA POLVORA DE FONTANARS DELS ALFORINS<\/h3>\r\n                        <\/div>\r\n                    <\/div>\r\n                                    <div class=\"swiper-slide\">\r\n                        <div class=\"affiliate-item\" data-affiliate='{\"title\":\"AGRUPACIO POPULAR CRE  AJUNTAMENT DE L\\u00b4ENOVA\",\"logo\":false,\"website\":\"\",\"socials\":\"\"}'>\r\n                            <h3>AGRUPACIO POPULAR CRE  AJUNTAMENT DE L\u00b4ENOVA<\/h3>\r\n                        <\/div>\r\n                    <\/div>\r\n                                    <div class=\"swiper-slide\">\r\n                        <div class=\"affiliate-item\" data-affiliate='{\"title\":\"AGRUPACI\\u00d3N POPULAR BENIMUSLEM AMICS DEL  COET (BAAC)\",\"logo\":false,\"website\":\"\",\"socials\":\"\"}'>\r\n                            <h3>AGRUPACI\u00d3N POPULAR BENIMUSLEM AMICS DEL  COET (BAAC)<\/h3>\r\n                        <\/div>\r\n                    <\/div>\r\n                                    <div class=\"swiper-slide\">\r\n                        <div class=\"affiliate-item\" data-affiliate='{\"title\":\"AMICS DE LA PASSEJ\\u00c0 DE QUART DE POBLET\",\"logo\":false,\"website\":\"\",\"socials\":\"https:\\\/\\\/www.facebook.com\\\/AmicsdelaPassejaSantOnofre,https:\\\/\\\/www.instagram.com\\\/accounts\\\/onetap\\\/?next=papaseos\"}'>\r\n                            <h3>AMICS DE LA PASSEJ\u00c0 DE QUART DE POBLET<\/h3>\r\n                        <\/div>\r\n                    <\/div>\r\n                                    <div class=\"swiper-slide\">\r\n                        <div class=\"affiliate-item\" data-affiliate='{\"title\":\"ARMIDAM de Aielo de Malferit\",\"logo\":\"https:\\\/\\\/fvaac.org\\\/web\\\/wp-content\\\/uploads\\\/2025\\\/02\\\/61049967_2232592463489873_2830797860868456448_n.jpg\",\"website\":\"\",\"socials\":\"https:\\\/\\\/www.facebook.com\\\/armidam.reisdimonis\"}'>\r\n                            <h3>ARMIDAM de Aielo de Malferit<\/h3>\r\n                        <\/div>\r\n                    <\/div>\r\n                                    <div class=\"swiper-slide\">\r\n                        <div class=\"affiliate-item\" data-affiliate='{\"title\":\"ASOC.CULTURAL FALLA  LA SALETTA -ALDAIA\",\"logo\":\"https:\\\/\\\/fvaac.org\\\/web\\\/wp-content\\\/uploads\\\/2025\\\/06\\\/WX0ahL7VUJJf0ihS-1920w-300x300.webp\",\"website\":\"https:\\\/\\\/www.fallalasaletta.es\",\"socials\":\"https:\\\/\\\/www.instagram.com\\\/fallalasaletta\\\/reels\\\/?hl=zh-cn\"}'>\r\n                            <h3>ASOC.CULTURAL FALLA  LA SALETTA -ALDAIA<\/h3>\r\n                        <\/div>\r\n                    <\/div>\r\n                                    <div class=\"swiper-slide\">\r\n                        <div class=\"affiliate-item\" data-affiliate='{\"title\":\"ASOC.CULTURAL FALLA  MERCAT  &#8211; SUECA\",\"logo\":\"https:\\\/\\\/fvaac.org\\\/web\\\/wp-content\\\/uploads\\\/2025\\\/06\\\/385774062_3074338639365048_1359749321498206144_n.jpg\",\"website\":\"\",\"socials\":\"https:\\\/\\\/www.facebook.com\\\/falladelmercat.sueca\\\/?locale=es_ES,https:\\\/\\\/www.instagram.com\\\/falla_del_mercat\\\/?hl=es\"}'>\r\n                            <h3>ASOC.CULTURAL FALLA  MERCAT  &#8211; SUECA<\/h3>\r\n                        <\/div>\r\n                    <\/div>\r\n                                    <div class=\"swiper-slide\">\r\n                        <div class=\"affiliate-item\" data-affiliate='{\"title\":\"ASOCIACION CULTURAL  LA CORDA DEL TORO\",\"logo\":false,\"website\":\"\",\"socials\":\"\"}'>\r\n                            <h3>ASOCIACION CULTURAL  LA CORDA DEL TORO<\/h3>\r\n                        <\/div>\r\n                    <\/div>\r\n                                    <div class=\"swiper-slide\">\r\n                        <div class=\"affiliate-item\" data-affiliate='{\"title\":\"Asociacion Cultural Coetera de Godella\",\"logo\":\"https:\\\/\\\/fvaac.org\\\/web\\\/wp-content\\\/uploads\\\/2025\\\/10\\\/WhatsApp-Image-2025-10-12-at-12.32.56-1-236x300.jpeg\",\"website\":\"\",\"socials\":\"www.facebook.com\\\/share\\\/16t5pVW8Nk\\\/?mibextid=wwXIfr,coeteragodella\"}'>\r\n                            <h3>Asociacion Cultural Coetera de Godella<\/h3>\r\n                        <\/div>\r\n                    <\/div>\r\n                                    <div class=\"swiper-slide\">\r\n                        <div class=\"affiliate-item\" data-affiliate='{\"title\":\"ASOCIACI\\u00d3N CULTURAL LA CORDA DE TOR\\u00c1S\",\"logo\":false,\"website\":\"\",\"socials\":\"\"}'>\r\n                            <h3>ASOCIACI\u00d3N CULTURAL LA CORDA DE TOR\u00c1S<\/h3>\r\n                        <\/div>\r\n                    <\/div>\r\n                                    <div class=\"swiper-slide\">\r\n                        <div class=\"affiliate-item\" data-affiliate='{\"title\":\"ASOCIACION DE COHETEROS  DE LANDETE\",\"logo\":\"https:\\\/\\\/fvaac.org\\\/web\\\/wp-content\\\/uploads\\\/2025\\\/06\\\/277769959_646169430122858_2667047859941576024_n.jpg\",\"website\":\"\",\"socials\":\"https:\\\/\\\/www.facebook.com\\\/p\\\/Coheteros-De-Landete-100041894202566\\\/?locale=es_LA\"}'>\r\n                            <h3>ASOCIACION DE COHETEROS  DE LANDETE<\/h3>\r\n                        <\/div>\r\n                    <\/div>\r\n                                    <div class=\"swiper-slide\">\r\n                        <div class=\"affiliate-item\" data-affiliate='{\"title\":\"ASSOCIACIO  CULTURAL  I   FESTERA  EL  COET DE PICANYA\",\"logo\":false,\"website\":\"\",\"socials\":\"\"}'>\r\n                            <h3>ASSOCIACIO  CULTURAL  I   FESTERA  EL  COET DE PICANYA<\/h3>\r\n                        <\/div>\r\n                    <\/div>\r\n                                    <div class=\"swiper-slide\">\r\n                        <div class=\"affiliate-item\" data-affiliate='{\"title\":\"Associacio Amics del Coet de Betera\",\"logo\":\"https:\\\/\\\/fvaac.org\\\/web\\\/wp-content\\\/uploads\\\/2025\\\/01\\\/amicsdelcohet.png\",\"website\":\"https:\\\/\\\/www.amicsdelcoetbetera.es\\\/\",\"socials\":\"\"}'>\r\n                            <h3>Associacio Amics del Coet de Betera<\/h3>\r\n                        <\/div>\r\n                    <\/div>\r\n                                    <div class=\"swiper-slide\">\r\n                        <div class=\"affiliate-item\" data-affiliate='{\"title\":\"ASSOCIACIO AMICS DEL COET DE MASSALFASSAR\",\"logo\":false,\"website\":\"\",\"socials\":\"\"}'>\r\n                            <h3>ASSOCIACIO AMICS DEL COET DE MASSALFASSAR<\/h3>\r\n                        <\/div>\r\n                    <\/div>\r\n                                    <div class=\"swiper-slide\">\r\n                        <div class=\"affiliate-item\" data-affiliate='{\"title\":\"Associacio Amics i Amigues de la Corda d\\u2019Alaquas\",\"logo\":\"https:\\\/\\\/fvaac.org\\\/web\\\/wp-content\\\/uploads\\\/2025\\\/02\\\/WhatsApp-Image-2025-07-02-at-21.40.02-300x176.jpeg\",\"website\":\"\",\"socials\":\"https:\\\/\\\/www.facebook.com\\\/groups\\\/234353536598410\\\/?locale=es_ES\"}'>\r\n                            <h3>Associacio Amics i Amigues de la Corda d\u2019Alaquas<\/h3>\r\n                        <\/div>\r\n                    <\/div>\r\n                                    <div class=\"swiper-slide\">\r\n                        <div class=\"affiliate-item\" data-affiliate='{\"title\":\"ASSOCIACIO COETERA ELS  FOGONERS 1.5 DE BETERA\",\"logo\":\"https:\\\/\\\/fvaac.org\\\/web\\\/wp-content\\\/uploads\\\/2025\\\/06\\\/360087147_590044676627665_4769374952366223871_n.jpg\",\"website\":\"\",\"socials\":\"https:\\\/\\\/www.facebook.com\\\/collacoeterafogoners\\\/\"}'>\r\n                            <h3>ASSOCIACIO COETERA ELS  FOGONERS 1.5 DE BETERA<\/h3>\r\n                        <\/div>\r\n                    <\/div>\r\n                                    <div class=\"swiper-slide\">\r\n                        <div class=\"affiliate-item\" data-affiliate='{\"title\":\"ASSOCIACIO COETERS  DE MANISES\",\"logo\":\"https:\\\/\\\/fvaac.org\\\/web\\\/wp-content\\\/uploads\\\/2025\\\/06\\\/301717975_2611679172300902_7612851350977245397_n.jpg\",\"website\":\"\",\"socials\":\"https:\\\/\\\/www.facebook.com\\\/p\\\/Coeters-de-Manises-100070587308035\\\/\"}'>\r\n                            <h3>ASSOCIACIO COETERS  DE MANISES<\/h3>\r\n                        <\/div>\r\n                    <\/div>\r\n                                    <div class=\"swiper-slide\">\r\n                        <div class=\"affiliate-item\" data-affiliate='{\"title\":\"ASSOCIACIO COETERS  TEMPLARIS DE MONTESA\",\"logo\":false,\"website\":\"\",\"socials\":\"\"}'>\r\n                            <h3>ASSOCIACIO COETERS  TEMPLARIS DE MONTESA<\/h3>\r\n                        <\/div>\r\n                    <\/div>\r\n                                    <div class=\"swiper-slide\">\r\n                        <div class=\"affiliate-item\" data-affiliate='{\"title\":\"Associacio Corretraca de Aldaia\",\"logo\":\"https:\\\/\\\/fvaac.org\\\/web\\\/wp-content\\\/uploads\\\/2025\\\/01\\\/347128643_253915387295069_8862689887683129887_n.jpg\",\"website\":\"\",\"socials\":\"https:\\\/\\\/www.facebook.com\\\/corretraca.aldaia.5\"}'>\r\n                            <h3>Associacio Corretraca de Aldaia<\/h3>\r\n                        <\/div>\r\n                    <\/div>\r\n                                    <div class=\"swiper-slide\">\r\n                        <div class=\"affiliate-item\" data-affiliate='{\"title\":\"ASSOCIACIO CULTURAL  FALLA CATADAU\",\"logo\":\"https:\\\/\\\/fvaac.org\\\/web\\\/wp-content\\\/uploads\\\/2025\\\/06\\\/2025-03-12-180x300.jpg\",\"website\":\"\",\"socials\":\"https:\\\/\\\/www.facebook.com\\\/ajuntamentcatadau\\\/posts\\\/-lassociaci-cultural-falla-de-catadau-visita-la-diputaci-de-valncialassociaci\\\/1163117139188490\\\/\"}'>\r\n                            <h3>ASSOCIACIO CULTURAL  FALLA CATADAU<\/h3>\r\n                        <\/div>\r\n                    <\/div>\r\n                                    <div class=\"swiper-slide\">\r\n                        <div class=\"affiliate-item\" data-affiliate='{\"title\":\"ASSOCIACIO CULTURAL COLLA DE DIMONIS \\u00abDIMOLI\\u00bb\",\"logo\":\"https:\\\/\\\/fvaac.org\\\/web\\\/wp-content\\\/uploads\\\/2025\\\/06\\\/WhatsApp-Image-2025-10-08-at-12.04.14-1-300x300.jpeg\",\"website\":\"\",\"socials\":\"\"}'>\r\n                            <h3>ASSOCIACIO CULTURAL COLLA DE DIMONIS \u00abDIMOLI\u00bb<\/h3>\r\n                        <\/div>\r\n                    <\/div>\r\n                                    <div class=\"swiper-slide\">\r\n                        <div class=\"affiliate-item\" data-affiliate='{\"title\":\"ASSOCIACIO CULTURAL D&#8217;AMICS DEL COET DE LA  POBLA DEL DUC\",\"logo\":\"https:\\\/\\\/fvaac.org\\\/web\\\/wp-content\\\/uploads\\\/2025\\\/06\\\/307574882_403006608698454_814067129722341360_n.png\",\"website\":\"\",\"socials\":\"https:\\\/\\\/www.facebook.com\\\/Amicsdelcoet\\\/?locale=es_LA\"}'>\r\n                            <h3>ASSOCIACIO CULTURAL D&#8217;AMICS DEL COET DE LA  POBLA DEL DUC<\/h3>\r\n                        <\/div>\r\n                    <\/div>\r\n                                    <div class=\"swiper-slide\">\r\n                        <div class=\"affiliate-item\" data-affiliate='{\"title\":\"ASSOCIACIO CULTURAL DIMONIS  RAFOLINS DE L&#8217;ALQUERIA D&#8217;ASNAR\",\"logo\":\"https:\\\/\\\/fvaac.org\\\/web\\\/wp-content\\\/uploads\\\/2025\\\/06\\\/500588638_1131156805483659_5010030491865414799_n.jpg\",\"website\":\"\",\"socials\":\"https:\\\/\\\/www.facebook.com\\\/dimonisrafolins\\\/?locale=ca_ES\"}'>\r\n                            <h3>ASSOCIACIO CULTURAL DIMONIS  RAFOLINS DE L&#8217;ALQUERIA D&#8217;ASNAR<\/h3>\r\n                        <\/div>\r\n                    <\/div>\r\n                                    <div class=\"swiper-slide\">\r\n                        <div class=\"affiliate-item\" data-affiliate='{\"title\":\"ASSOCIACIO CULTURAL FALLA EL TRO DE MASSAMAGRELL\",\"logo\":\"https:\\\/\\\/fvaac.org\\\/web\\\/wp-content\\\/uploads\\\/2025\\\/06\\\/descarga-1.png\",\"website\":\"\",\"socials\":\"https:\\\/\\\/www.massamagrell.es\\\/va\\\/falla-tro,https:\\\/\\\/www.instagram.com\\\/fallaeltro\\\/\"}'>\r\n                            <h3>ASSOCIACIO CULTURAL FALLA EL TRO DE MASSAMAGRELL<\/h3>\r\n                        <\/div>\r\n                    <\/div>\r\n                                    <div class=\"swiper-slide\">\r\n                        <div class=\"affiliate-item\" data-affiliate='{\"title\":\"Associacio Cultural Penya el Coet de Burjassot\",\"logo\":\"https:\\\/\\\/fvaac.org\\\/web\\\/wp-content\\\/uploads\\\/2025\\\/01\\\/WhatsApp-Image-2025-06-30-at-19.11.19-206x300.jpeg\",\"website\":\"\",\"socials\":\"https:\\\/\\\/www.facebook.com\\\/penyaelcoetdeBurjassot,https:\\\/\\\/www.instagram.com\\\/penyacoetburjassot\\\/\"}'>\r\n                            <h3>Associacio Cultural Penya el Coet de Burjassot<\/h3>\r\n                        <\/div>\r\n                    <\/div>\r\n                                    <div class=\"swiper-slide\">\r\n                        <div class=\"affiliate-item\" data-affiliate='{\"title\":\"Associaci\\u00f3 de coheters fontins\",\"logo\":\"https:\\\/\\\/fvaac.org\\\/web\\\/wp-content\\\/uploads\\\/2025\\\/06\\\/466976175_10235756619079275_5690695903673388920_n-300x300.jpg\",\"website\":\"\",\"socials\":\"https:\\\/\\\/www.facebook.com\\\/groups\\\/677627385669088\\\/\"}'>\r\n                            <h3>Associaci\u00f3 de coheters fontins<\/h3>\r\n                        <\/div>\r\n                    <\/div>\r\n                                    <div class=\"swiper-slide\">\r\n                        <div class=\"affiliate-item\" data-affiliate='{\"title\":\"ASSOCIACIO DEL COET DE RIBA-ROJA DE TURIA\",\"logo\":\"https:\\\/\\\/fvaac.org\\\/web\\\/wp-content\\\/uploads\\\/2025\\\/06\\\/Captura-de-pantalla-2025-06-24-184354-300x134.png\",\"website\":\"\",\"socials\":\"https:\\\/\\\/www.instagram.com\\\/associacoetribarroja2024\\\/\"}'>\r\n                            <h3>ASSOCIACIO DEL COET DE RIBA-ROJA DE TURIA<\/h3>\r\n                        <\/div>\r\n                    <\/div>\r\n                                    <div class=\"swiper-slide\">\r\n                        <div class=\"affiliate-item\" data-affiliate='{\"title\":\"ASSOCIACIO FOC AL RABO DE LA FONT D&#8217;EN CARROS\",\"logo\":false,\"website\":\"\",\"socials\":\"\"}'>\r\n                            <h3>ASSOCIACIO FOC AL RABO DE LA FONT D&#8217;EN CARROS<\/h3>\r\n                        <\/div>\r\n                    <\/div>\r\n                                    <div class=\"swiper-slide\">\r\n                        <div class=\"affiliate-item\" data-affiliate='{\"title\":\"ASSOCIACI\\u00d3 POPULAR DE  COETERS DE CASTALLA\",\"logo\":\"https:\\\/\\\/fvaac.org\\\/web\\\/wp-content\\\/uploads\\\/2025\\\/06\\\/326479787_3366642853550933_893025883501062653_n.jpg\",\"website\":\"\",\"socials\":\"https:\\\/\\\/www.facebook.com\\\/CoetersCastalla\\\/?locale=es_ES,https:\\\/\\\/www.instagram.com\\\/coeterscastalla\\\/\"}'>\r\n                            <h3>ASSOCIACI\u00d3 POPULAR DE  COETERS DE CASTALLA<\/h3>\r\n                        <\/div>\r\n                    <\/div>\r\n                                    <div class=\"swiper-slide\">\r\n                        <div class=\"affiliate-item\" data-affiliate='{\"title\":\"Ayuntamiento Tavernes Blanques\",\"logo\":\"https:\\\/\\\/fvaac.org\\\/web\\\/wp-content\\\/uploads\\\/2025\\\/08\\\/494002472_18262999195302752_3423423314517954655_n-300x300.jpg\",\"website\":\"https:\\\/\\\/www.tavernesblanques.es\\\/\",\"socials\":\"https:\\\/\\\/www.instagram.com\\\/aytotblanques\\\/?hl=es\"}'>\r\n                            <h3>Ayuntamiento Tavernes Blanques<\/h3>\r\n                        <\/div>\r\n                    <\/div>\r\n                                    <div class=\"swiper-slide\">\r\n                        <div class=\"affiliate-item\" data-affiliate='{\"title\":\"CLAVARIOS SAN VICENTE FERRER MONTEPIEDAD  DE XIRIVELLA\",\"logo\":\"https:\\\/\\\/fvaac.org\\\/web\\\/wp-content\\\/uploads\\\/2025\\\/06\\\/Captura-de-pantalla-2025-06-27-173338.png\",\"website\":\"\",\"socials\":\"https:\\\/\\\/www.instagram.com\\\/clavarissantvicentmontpietat\\\/\"}'>\r\n                            <h3>CLAVARIOS SAN VICENTE FERRER MONTEPIEDAD  DE XIRIVELLA<\/h3>\r\n                        <\/div>\r\n                    <\/div>\r\n                                    <div class=\"swiper-slide\">\r\n                        <div class=\"affiliate-item\" data-affiliate='{\"title\":\"Clavaris Sant Roc de Serra\",\"logo\":\"https:\\\/\\\/fvaac.org\\\/web\\\/wp-content\\\/uploads\\\/2025\\\/01\\\/450364560_25955526657428293_3350283427789574679_n.jpg\",\"website\":\"\",\"socials\":\"https:\\\/\\\/www.facebook.com\\\/santroc.serra\"}'>\r\n                            <h3>Clavaris Sant Roc de Serra<\/h3>\r\n                        <\/div>\r\n                    <\/div>\r\n                                    <div class=\"swiper-slide\">\r\n                        <div class=\"affiliate-item\" data-affiliate='{\"title\":\"COETERS DEL CRIST DE  RAFELGUARAF\",\"logo\":false,\"website\":\"\",\"socials\":\"\"}'>\r\n                            <h3>COETERS DEL CRIST DE  RAFELGUARAF<\/h3>\r\n                        <\/div>\r\n                    <\/div>\r\n                                    <div class=\"swiper-slide\">\r\n                        <div class=\"affiliate-item\" data-affiliate='{\"title\":\"COLLA DE DIMONIS INGA-VA &#8211; COMPARSA EL MARO DE LA  FONT D&#8217;EN CARROS\",\"logo\":\"https:\\\/\\\/fvaac.org\\\/web\\\/wp-content\\\/uploads\\\/2025\\\/06\\\/359804140_589548716693688_8556009629776686495_n.png\",\"website\":\"\",\"socials\":\"https:\\\/\\\/www.facebook.com\\\/p\\\/COLLA-De-Dimonis-Inga-Va-100069156943323\\\/\"}'>\r\n                            <h3>COLLA DE DIMONIS INGA-VA &#8211; COMPARSA EL MARO DE LA  FONT D&#8217;EN CARROS<\/h3>\r\n                        <\/div>\r\n                    <\/div>\r\n                                    <div class=\"swiper-slide\">\r\n                        <div class=\"affiliate-item\" data-affiliate='{\"title\":\"COLLA DESPERTAES DE MASSANASA\",\"logo\":\"https:\\\/\\\/fvaac.org\\\/web\\\/wp-content\\\/uploads\\\/2025\\\/06\\\/descarga-2-1.jpg\",\"website\":\"\",\"socials\":\"https:\\\/\\\/www.facebook.com\\\/p\\\/Asociacin-Colla-Despertades-Massanassa-100085372833550\\\/,\"}'>\r\n                            <h3>COLLA DESPERTAES DE MASSANASA<\/h3>\r\n                        <\/div>\r\n                    <\/div>\r\n                                    <div class=\"swiper-slide\">\r\n                        <div class=\"affiliate-item\" data-affiliate='{\"title\":\"COLLA DIMONIS EMPLOMATS  DE BENEIXAMA\",\"logo\":\"https:\\\/\\\/fvaac.org\\\/web\\\/wp-content\\\/uploads\\\/2025\\\/06\\\/292131519_526818902565078_7977224222363641107_n.jpg\",\"website\":\"\",\"socials\":\"https:\\\/\\\/www.facebook.com\\\/p\\\/Dimonis-Emplomats-Beneixama-100057109194410\\\/?locale=es_LA\"}'>\r\n                            <h3>COLLA DIMONIS EMPLOMATS  DE BENEIXAMA<\/h3>\r\n                        <\/div>\r\n                    <\/div>\r\n                                    <div class=\"swiper-slide\">\r\n                        <div class=\"affiliate-item\" data-affiliate='{\"title\":\"COMISSIO FESTES AGOST DE FAURA\",\"logo\":false,\"website\":\"\",\"socials\":\"\"}'>\r\n                            <h3>COMISSIO FESTES AGOST DE FAURA<\/h3>\r\n                        <\/div>\r\n                    <\/div>\r\n                                    <div class=\"swiper-slide\">\r\n                        <div class=\"affiliate-item\" data-affiliate='{\"title\":\"DIMONIS DEL POLL DE NULES\",\"logo\":\"https:\\\/\\\/fvaac.org\\\/web\\\/wp-content\\\/uploads\\\/2025\\\/06\\\/304745255_741018063994838_7458888882874741584_n.jpg\",\"website\":\"\",\"socials\":\"https:\\\/\\\/www.facebook.com\\\/dimonisdelpoll\\\/?locale=es_ES\"}'>\r\n                            <h3>DIMONIS DEL POLL DE NULES<\/h3>\r\n                        <\/div>\r\n                    <\/div>\r\n                                    <div class=\"swiper-slide\">\r\n                        <div class=\"affiliate-item\" data-affiliate='{\"title\":\"El Mercat Alcasser\",\"logo\":\"https:\\\/\\\/fvaac.org\\\/web\\\/wp-content\\\/uploads\\\/2026\\\/02\\\/301539431_444299737736427_7004522648912991041_n.jpg\",\"website\":\"\",\"socials\":\"https:\\\/\\\/www.facebook.com\\\/fallamercatalcasser\\\/?locale=es_ES,https:\\\/\\\/www.instagram.com\\\/fallamercatalcasser\\\/?hl=es\"}'>\r\n                            <h3>El Mercat Alcasser<\/h3>\r\n                        <\/div>\r\n                    <\/div>\r\n                                    <div class=\"swiper-slide\">\r\n                        <div class=\"affiliate-item\" data-affiliate='{\"title\":\"ELS DIABLES ALBALENCS &#8211;  ELS COETERS D&#8217;ALBAL\",\"logo\":\"https:\\\/\\\/fvaac.org\\\/web\\\/wp-content\\\/uploads\\\/2025\\\/06\\\/307723744_474347234728052_4478703307749212234_n-300x300.jpg\",\"website\":\"\",\"socials\":\"https:\\\/\\\/www.facebook.com\\\/p\\\/Els-Diables-Albalencs-Els-Coeters-dAlbal-100064583386279\\\/?locale=es_ES\"}'>\r\n                            <h3>ELS DIABLES ALBALENCS &#8211;  ELS COETERS D&#8217;ALBAL<\/h3>\r\n                        <\/div>\r\n                    <\/div>\r\n                                    <div class=\"swiper-slide\">\r\n                        <div class=\"affiliate-item\" data-affiliate='{\"title\":\"ELS DIMONIS DEL XIRINGUITO  DE LA CORDA DE FAVARA\",\"logo\":false,\"website\":\"\",\"socials\":\"https:\\\/\\\/www.instagram.com\\\/xiringuito_de_la_corda\\\/\"}'>\r\n                            <h3>ELS DIMONIS DEL XIRINGUITO  DE LA CORDA DE FAVARA<\/h3>\r\n                        <\/div>\r\n                    <\/div>\r\n                                    <div class=\"swiper-slide\">\r\n                        <div class=\"affiliate-item\" data-affiliate='{\"title\":\"Espartan del foc\",\"logo\":\"https:\\\/\\\/fvaac.org\\\/web\\\/wp-content\\\/uploads\\\/2025\\\/06\\\/WhatsApp-Image-2025-06-27-at-13.31.11-300x298.jpeg\",\"website\":\"\",\"socials\":\"https:\\\/\\\/www.facebook.com\\\/espartansdelfoc.mislata,https:\\\/\\\/www.instagram.com\\\/espartansdelfoc\\\/#\"}'>\r\n                            <h3>Espartan del foc<\/h3>\r\n                        <\/div>\r\n                    <\/div>\r\n                                    <div class=\"swiper-slide\">\r\n                        <div class=\"affiliate-item\" data-affiliate='{\"title\":\"FALLA ALPELIC\",\"logo\":\"https:\\\/\\\/fvaac.org\\\/web\\\/wp-content\\\/uploads\\\/2025\\\/06\\\/Logo_Falla_Apelic-212x300.png\",\"website\":\"\",\"socials\":\"https:\\\/\\\/www.instagram.com\\\/falla_alpelic_as,https:\\\/\\\/www.facebook.com\\\/fallaalpeliclliria\\\/\"}'>\r\n                            <h3>FALLA ALPELIC<\/h3>\r\n                        <\/div>\r\n                    <\/div>\r\n                                    <div class=\"swiper-slide\">\r\n                        <div class=\"affiliate-item\" data-affiliate='{\"title\":\"FALLA ANDRES PILES IVARS- SALVADOR TUSET DE VALENCIA\",\"logo\":\"https:\\\/\\\/fvaac.org\\\/web\\\/wp-content\\\/uploads\\\/2025\\\/06\\\/436481237_8113363608693536_3726540017795827428_n.jpg\",\"website\":\"\",\"socials\":\"https:\\\/\\\/www.instagram.com\\\/fallaandrespiles\\\/?hl=es,https:\\\/\\\/www.facebook.com\\\/falla.pilesvalencia\\\/?locale=es_ES\"}'>\r\n                            <h3>FALLA ANDRES PILES IVARS- SALVADOR TUSET DE VALENCIA<\/h3>\r\n                        <\/div>\r\n                    <\/div>\r\n                                    <div class=\"swiper-slide\">\r\n                        <div class=\"affiliate-item\" data-affiliate='{\"title\":\"FALLA AVD DELS  FURS I VOLTANS\",\"logo\":\"https:\\\/\\\/fvaac.org\\\/web\\\/wp-content\\\/uploads\\\/2025\\\/06\\\/descarga.png\",\"website\":\"\",\"socials\":\"https:\\\/\\\/www.facebook.com\\\/p\\\/Falla-Avda-dels-Furs-i-Voltants-100067075044656,https:\\\/\\\/www.instagram.com\\\/falla_avinguda_dels_furs\\\/\"}'>\r\n                            <h3>FALLA AVD DELS  FURS I VOLTANS<\/h3>\r\n                        <\/div>\r\n                    <\/div>\r\n                                    <div class=\"swiper-slide\">\r\n                        <div class=\"affiliate-item\" data-affiliate='{\"title\":\"FALLA BARRIO BETERO  DE VALENCIA\",\"logo\":\"https:\\\/\\\/fvaac.org\\\/web\\\/wp-content\\\/uploads\\\/2025\\\/06\\\/163282456_915728572613921_9079456897748987631_n.jpg\",\"website\":\"\",\"socials\":\"https:\\\/\\\/www.facebook.com\\\/falla.barriobetero.14\\\/?locale=es_ES,https:\\\/\\\/www.instagram.com\\\/explore\\\/locations\\\/242534750\\\/falla-barrio-betero\\\/?locale=es_USICIDBLOG_MBF_ES\"}'>\r\n                            <h3>FALLA BARRIO BETERO  DE VALENCIA<\/h3>\r\n                        <\/div>\r\n                    <\/div>\r\n                                    <div class=\"swiper-slide\">\r\n                        <div class=\"affiliate-item\" data-affiliate='{\"title\":\"FALLA CERAMISTA JOSE  MORTES LERMA\",\"logo\":\"https:\\\/\\\/fvaac.org\\\/web\\\/wp-content\\\/uploads\\\/2025\\\/06\\\/324887714_838302480607491_4792568392927114794_n.jpg\",\"website\":\"\",\"socials\":\"https:\\\/\\\/www.facebook.com\\\/fallaceramista\\\/?locale=es_ES,https:\\\/\\\/www.instagram.com\\\/falla_ceramista_ros\\\/?hl=es\"}'>\r\n                            <h3>FALLA CERAMISTA JOSE  MORTES LERMA<\/h3>\r\n                        <\/div>\r\n                    <\/div>\r\n                                    <div class=\"swiper-slide\">\r\n                        <div class=\"affiliate-item\" data-affiliate='{\"title\":\"FALLA DE MUSEROS\",\"logo\":\"https:\\\/\\\/fvaac.org\\\/web\\\/wp-content\\\/uploads\\\/2025\\\/06\\\/descarga-1.jpg\",\"website\":\"\",\"socials\":\"https:\\\/\\\/www.facebook.com\\\/FalladeMuseros\\\/?locale=es_ES,https:\\\/\\\/www.instagram.com\\\/fallademuseros\\\/\"}'>\r\n                            <h3>FALLA DE MUSEROS<\/h3>\r\n                        <\/div>\r\n                    <\/div>\r\n                                    <div class=\"swiper-slide\">\r\n                        <div class=\"affiliate-item\" data-affiliate='{\"title\":\"FALLA EL CASTELL DE LA POBLA LLARGA\",\"logo\":\"https:\\\/\\\/fvaac.org\\\/web\\\/wp-content\\\/uploads\\\/2025\\\/06\\\/464917744_1084692420329771_8200034475676121278_n-300x300.jpg\",\"website\":\"\",\"socials\":\"https:\\\/\\\/www.facebook.com\\\/FallaElCastell\\\/?locale=es_ES,https:\\\/\\\/www.instagram.com\\\/fallaelcastell\\\/?hl=es\"}'>\r\n                            <h3>FALLA EL CASTELL DE LA POBLA LLARGA<\/h3>\r\n                        <\/div>\r\n                    <\/div>\r\n                                    <div class=\"swiper-slide\">\r\n                        <div class=\"affiliate-item\" data-affiliate='{\"title\":\"FALLA EL COLMENAR DE LA POBLA LLARGA\",\"logo\":\"https:\\\/\\\/fvaac.org\\\/web\\\/wp-content\\\/uploads\\\/2025\\\/06\\\/309967324_466849782153402_4239721766566449693_n.jpg\",\"website\":\"\",\"socials\":\"https:\\\/\\\/www.facebook.com\\\/fallaelcolmenar\\\/?locale=es_ES,https:\\\/\\\/www.instagram.com\\\/fallaelcolmenar\\\/\"}'>\r\n                            <h3>FALLA EL COLMENAR DE LA POBLA LLARGA<\/h3>\r\n                        <\/div>\r\n                    <\/div>\r\n                                    <div class=\"swiper-slide\">\r\n                        <div class=\"affiliate-item\" data-affiliate='{\"title\":\"Falla El Raval Alcasser\",\"logo\":\"https:\\\/\\\/fvaac.org\\\/web\\\/wp-content\\\/uploads\\\/2026\\\/01\\\/621737424_18389410042147862_1470084291477530557_n-300x300.jpg\",\"website\":\"\",\"socials\":\"https:\\\/\\\/www.facebook.com\\\/p\\\/Falla-Raval-Alcsser-100063122684205\\\/?locale=es_ES;https:\\\/\\\/www.instagram.com\\\/fallaravalalcasser\\\/?hl=es\"}'>\r\n                            <h3>Falla El Raval Alcasser<\/h3>\r\n                        <\/div>\r\n                    <\/div>\r\n                                    <div class=\"swiper-slide\">\r\n                        <div class=\"affiliate-item\" data-affiliate='{\"title\":\"FALLA ELS XIQUETS  DE VINALESA\",\"logo\":\"https:\\\/\\\/fvaac.org\\\/web\\\/wp-content\\\/uploads\\\/2025\\\/06\\\/292147587_407662864758932_1283748416621992735_n.jpg\",\"website\":\"\",\"socials\":\"https:\\\/\\\/www.facebook.com\\\/p\\\/Falla-dels-Xiquets-100065456650894\\\/\"}'>\r\n                            <h3>FALLA ELS XIQUETS  DE VINALESA<\/h3>\r\n                        <\/div>\r\n                    <\/div>\r\n                                    <div class=\"swiper-slide\">\r\n                        <div class=\"affiliate-item\" data-affiliate='{\"title\":\"FALLA IGLESIA SAN VICENTE  Y ADTES. DE ALDAIA\",\"logo\":\"https:\\\/\\\/fvaac.org\\\/web\\\/wp-content\\\/uploads\\\/2025\\\/06\\\/448170826_784439677112562_1137917039346183933_n.jpg\",\"website\":\"\",\"socials\":\"https:\\\/\\\/www.facebook.com\\\/FallaSantVicentAldaia\\\/?locale=es_ES\"}'>\r\n                            <h3>FALLA IGLESIA SAN VICENTE  Y ADTES. DE ALDAIA<\/h3>\r\n                        <\/div>\r\n                    <\/div>\r\n                                    <div class=\"swiper-slide\">\r\n                        <div class=\"affiliate-item\" data-affiliate='{\"title\":\"FALLA L&#8217;ARRABAL DE SOLLANA\",\"logo\":\"https:\\\/\\\/fvaac.org\\\/web\\\/wp-content\\\/uploads\\\/2025\\\/06\\\/descarga-2.jpg\",\"website\":\"\",\"socials\":\"https:\\\/\\\/www.facebook.com\\\/fallalarrabaldesollana\\\/?locale=es_ES,https:\\\/\\\/www.instagram.com\\\/fallalarrabaldesollana\\\/?hl=es\"}'>\r\n                            <h3>FALLA L&#8217;ARRABAL DE SOLLANA<\/h3>\r\n                        <\/div>\r\n                    <\/div>\r\n                                    <div class=\"swiper-slide\">\r\n                        <div class=\"affiliate-item\" data-affiliate='{\"title\":\"FALLA LA MARINA DE  SAGUNTO\",\"logo\":\"https:\\\/\\\/fvaac.org\\\/web\\\/wp-content\\\/uploads\\\/2025\\\/06\\\/307463676_179553994603024_3644144003480928252_n.jpg\",\"website\":\"\",\"socials\":\"https:\\\/\\\/www.facebook.com\\\/FallaLaMarina\\\/?locale=es_ES\"}'>\r\n                            <h3>FALLA LA MARINA DE  SAGUNTO<\/h3>\r\n                        <\/div>\r\n                    <\/div>\r\n                                    <div class=\"swiper-slide\">\r\n                        <div class=\"affiliate-item\" data-affiliate='{\"title\":\"FALLA NO NI NA DE CHELLA\",\"logo\":\"https:\\\/\\\/fvaac.org\\\/web\\\/wp-content\\\/uploads\\\/2025\\\/06\\\/descarga.jpg\",\"website\":\"\",\"socials\":\"https:\\\/\\\/www.facebook.com\\\/p\\\/Falla-No-Ni-Na-100064361036905\\\/?locale=es_ES\\r\\nhttps:\\\/\\\/www.instagram.com\\\/fallanonina\\\/?hl=es\"}'>\r\n                            <h3>FALLA NO NI NA DE CHELLA<\/h3>\r\n                        <\/div>\r\n                    <\/div>\r\n                                    <div class=\"swiper-slide\">\r\n                        <div class=\"affiliate-item\" data-affiliate='{\"title\":\"FALLA NOU SEDAVI DE SEDAVI\",\"logo\":\"https:\\\/\\\/fvaac.org\\\/web\\\/wp-content\\\/uploads\\\/2025\\\/06\\\/326346394_498444145694759_9047730845621345008_n.jpg\",\"website\":\"\",\"socials\":\"https:\\\/\\\/www.facebook.com\\\/fallanousedavi\\\/?locale=es_ES,https:\\\/\\\/www.instagram.com\\\/fnousedavi\\\/?hl=es\"}'>\r\n                            <h3>FALLA NOU SEDAVI DE SEDAVI<\/h3>\r\n                        <\/div>\r\n                    <\/div>\r\n                                    <div class=\"swiper-slide\">\r\n                        <div class=\"affiliate-item\" data-affiliate='{\"title\":\"FALLA OLTA &#8211; JUAN RAMON JIMENEZ &#8211;  INGENIERO JOAQUIN BENLLOCH DE VALENCIA\",\"logo\":\"https:\\\/\\\/fvaac.org\\\/web\\\/wp-content\\\/uploads\\\/2025\\\/06\\\/fallaolta.es_.index_.jpg\",\"website\":\"https:\\\/\\\/fallaolta.org\\\/\",\"socials\":\"https:\\\/\\\/www.instagram.com\\\/fallaoltajrj\\\/,https:\\\/\\\/www.facebook.com\\\/fallaoltajrj\\\/?locale=es_ES\"}'>\r\n                            <h3>FALLA OLTA &#8211; JUAN RAMON JIMENEZ &#8211;  INGENIERO JOAQUIN BENLLOCH DE VALENCIA<\/h3>\r\n                        <\/div>\r\n                    <\/div>\r\n                                    <div class=\"swiper-slide\">\r\n                        <div class=\"affiliate-item\" data-affiliate='{\"title\":\"FALLA PLA\\u00c7A CERVANTES  DE SUECA\",\"logo\":\"https:\\\/\\\/fvaac.org\\\/web\\\/wp-content\\\/uploads\\\/2025\\\/06\\\/Logo-Pintat-1.gif\",\"website\":\"\",\"socials\":\"https:\\\/\\\/www.instagram.com\\\/fallacervantes_sueca\\\/?hl=es\"}'>\r\n                            <h3>FALLA PLA\u00c7A CERVANTES  DE SUECA<\/h3>\r\n                        <\/div>\r\n                    <\/div>\r\n                                    <div class=\"swiper-slide\">\r\n                        <div class=\"affiliate-item\" data-affiliate='{\"title\":\"Falla Pla\\u00e7a Europa i voltants\",\"logo\":\"https:\\\/\\\/fvaac.org\\\/web\\\/wp-content\\\/uploads\\\/2025\\\/06\\\/423240187_964578845269180_3066955127110048913_n.jpg\",\"website\":\"\",\"socials\":\"https:\\\/\\\/www.facebook.com\\\/Fallaplazaeuropa\\\/?locale=es_ES\"}'>\r\n                            <h3>Falla Pla\u00e7a Europa i voltants<\/h3>\r\n                        <\/div>\r\n                    <\/div>\r\n                                    <div class=\"swiper-slide\">\r\n                        <div class=\"affiliate-item\" data-affiliate='{\"title\":\"FALLA QUATRE CANTONS FAVARA\",\"logo\":\"https:\\\/\\\/fvaac.org\\\/web\\\/wp-content\\\/uploads\\\/2025\\\/06\\\/Captura-de-pantalla-2025-06-24-190625.png\",\"website\":\"\",\"socials\":\"https:\\\/\\\/www.instagram.com\\\/fallaquatrecantons\\\/\"}'>\r\n                            <h3>FALLA QUATRE CANTONS FAVARA<\/h3>\r\n                        <\/div>\r\n                    <\/div>\r\n                                    <div class=\"swiper-slide\">\r\n                        <div class=\"affiliate-item\" data-affiliate='{\"title\":\"FALLA SAN TORCUATO  DE SEDAVI\",\"logo\":\"https:\\\/\\\/fvaac.org\\\/web\\\/wp-content\\\/uploads\\\/2025\\\/06\\\/descarga-4.jpg\",\"website\":\"\",\"socials\":\"https:\\\/\\\/www.facebook.com\\\/p\\\/Falla-Sant-Torquat-100064794936635\\\/?locale=es_ES,https:\\\/\\\/www.instagram.com\\\/fallasantorquat\\\/\"}'>\r\n                            <h3>FALLA SAN TORCUATO  DE SEDAVI<\/h3>\r\n                        <\/div>\r\n                    <\/div>\r\n                                    <div class=\"swiper-slide\">\r\n                        <div class=\"affiliate-item\" data-affiliate='{\"title\":\"Falla Sant Antoni. Aldaia\",\"logo\":\"https:\\\/\\\/fvaac.org\\\/web\\\/wp-content\\\/uploads\\\/2025\\\/06\\\/descarga-3.jpg\",\"website\":\"\",\"socials\":\"https:\\\/\\\/www.facebook.com\\\/fallasantantoni.aldaia\\\/?locale=es_ES\"}'>\r\n                            <h3>Falla Sant Antoni. Aldaia<\/h3>\r\n                        <\/div>\r\n                    <\/div>\r\n                                    <div class=\"swiper-slide\">\r\n                        <div class=\"affiliate-item\" data-affiliate='{\"title\":\"FALLA SANTA  RITA DE ALDAIA\",\"logo\":\"https:\\\/\\\/fvaac.org\\\/web\\\/wp-content\\\/uploads\\\/2025\\\/06\\\/301125410_499225175542972_9218175169604789950_n.jpg\",\"website\":\"\",\"socials\":\"https:\\\/\\\/www.facebook.com\\\/p\\\/Falla-Santa-Rita-Aldaia-100063664806062\\\/?locale=es_ES\"}'>\r\n                            <h3>FALLA SANTA  RITA DE ALDAIA<\/h3>\r\n                        <\/div>\r\n                    <\/div>\r\n                                    <div class=\"swiper-slide\">\r\n                        <div class=\"affiliate-item\" data-affiliate='{\"title\":\"Federacion de Pirotecnia de Mislata\",\"logo\":\"https:\\\/\\\/fvaac.org\\\/web\\\/wp-content\\\/uploads\\\/2025\\\/06\\\/WhatsApp-Image-2025-06-27-at-12.49.33-1-300x274.jpeg\",\"website\":\"\",\"socials\":\"https:\\\/\\\/www.facebook.com\\\/polvoraMislata,https:\\\/\\\/www.instagram.com\\\/direct\\\/t\\\/17842243868928321\\\/\"}'>\r\n                            <h3>Federacion de Pirotecnia de Mislata<\/h3>\r\n                        <\/div>\r\n                    <\/div>\r\n                                    <div class=\"swiper-slide\">\r\n                        <div class=\"affiliate-item\" data-affiliate='{\"title\":\"FILLS DE LA POLVORA  DE BETERA\",\"logo\":\"https:\\\/\\\/fvaac.org\\\/web\\\/wp-content\\\/uploads\\\/2025\\\/06\\\/419346259_122106751220186703_3258191458939155897_n-300x300.jpg\",\"website\":\"\",\"socials\":\"https:\\\/\\\/www.facebook.com\\\/fills.de.la.polvora\\\/\"}'>\r\n                            <h3>FILLS DE LA POLVORA  DE BETERA<\/h3>\r\n                        <\/div>\r\n                    <\/div>\r\n                                    <div class=\"swiper-slide\">\r\n                        <div class=\"affiliate-item\" data-affiliate='{\"title\":\"Junta central de Moros y Cristianos Castello de Rugat\",\"logo\":\"https:\\\/\\\/fvaac.org\\\/web\\\/wp-content\\\/uploads\\\/2026\\\/02\\\/WhatsApp-rugat-300x260.jpeg\",\"website\":\"\",\"socials\":\"\"}'>\r\n                            <h3>Junta central de Moros y Cristianos Castello de Rugat<\/h3>\r\n                        <\/div>\r\n                    <\/div>\r\n                                    <div class=\"swiper-slide\">\r\n                        <div class=\"affiliate-item\" data-affiliate='{\"title\":\"JUNTA CENTRAL FALLERA\",\"logo\":\"https:\\\/\\\/fvaac.org\\\/web\\\/wp-content\\\/uploads\\\/2025\\\/01\\\/descarga-3.jpg\",\"website\":\"https:\\\/\\\/www.fallas.com\\\/\",\"socials\":\"https:\\\/\\\/www.facebook.com\\\/JCFValencia\\\/?locale=es_ES,https:\\\/\\\/www.instagram.com\\\/jcf_falles\\\/?hl=es\"}'>\r\n                            <h3>JUNTA CENTRAL FALLERA<\/h3>\r\n                        <\/div>\r\n                    <\/div>\r\n                                    <div class=\"swiper-slide\">\r\n                        <div class=\"affiliate-item\" data-affiliate='{\"title\":\"JUNTA LOCAL  FALLERA DE ALBAL\",\"logo\":\"https:\\\/\\\/fvaac.org\\\/web\\\/wp-content\\\/uploads\\\/2025\\\/06\\\/291567836_113022304791882_6036927517891343895_n-300x296.jpg\",\"website\":\"\",\"socials\":\"https:\\\/\\\/www.instagram.com\\\/juntalocalfalleraalbal,https:\\\/\\\/www.facebook.com\\\/p\\\/Junta-local-fallera-de-Albal-100082523397903\\\/\"}'>\r\n                            <h3>JUNTA LOCAL  FALLERA DE ALBAL<\/h3>\r\n                        <\/div>\r\n                    <\/div>\r\n                                    <div class=\"swiper-slide\">\r\n                        <div class=\"affiliate-item\" data-affiliate='{\"title\":\"Junta local de Algemesi\",\"logo\":\"https:\\\/\\\/fvaac.org\\\/web\\\/wp-content\\\/uploads\\\/2025\\\/07\\\/WhatsApp-Image-2025-07-16-at-17.11.51-300x208.jpeg\",\"website\":\"https:\\\/\\\/fallesalgemesi.org\\\/\",\"socials\":\"https:\\\/\\\/www.facebook.com\\\/p\\\/Junta-Local-Fallera-dAlgemes-100064430332792\\\/,https:\\\/\\\/www.instagram.com\\\/jlfalgemesi\\\/\"}'>\r\n                            <h3>Junta local de Algemesi<\/h3>\r\n                        <\/div>\r\n                    <\/div>\r\n                                    <div class=\"swiper-slide\">\r\n                        <div class=\"affiliate-item\" data-affiliate='{\"title\":\"JUNTA LOCAL FALLERA  DE SUECA\",\"logo\":\"https:\\\/\\\/fvaac.org\\\/web\\\/wp-content\\\/uploads\\\/2025\\\/06\\\/416089518_879054700684542_4302759031163717495_n-227x300.jpg\",\"website\":\"\",\"socials\":\"https:\\\/\\\/www.instagram.com\\\/jlfsueca\\\/,https:\\\/\\\/www.facebook.com\\\/JLFSueca\\\/?locale=es_ES\"}'>\r\n                            <h3>JUNTA LOCAL FALLERA  DE SUECA<\/h3>\r\n                        <\/div>\r\n                    <\/div>\r\n                                    <div class=\"swiper-slide\">\r\n                        <div class=\"affiliate-item\" data-affiliate='{\"title\":\"PENYA COETERA \\u00abEL XEMA\\u00bb  DE SENYERA\",\"logo\":\"https:\\\/\\\/fvaac.org\\\/web\\\/wp-content\\\/uploads\\\/2025\\\/06\\\/466953426_10235492419161056_3658691813087951641_n-300x184.jpg\",\"website\":\"\",\"socials\":\"https:\\\/\\\/www.facebook.com\\\/groups\\\/291524444550313\\\/\"}'>\r\n                            <h3>PENYA COETERA \u00abEL XEMA\u00bb  DE SENYERA<\/h3>\r\n                        <\/div>\r\n                    <\/div>\r\n                                    <div class=\"swiper-slide\">\r\n                        <div class=\"affiliate-item\" data-affiliate='{\"title\":\"PENYA COETERA L&#8217;ESCLAFIT DE CASTELLAR-L&#8217;OLIVERAL\",\"logo\":\"https:\\\/\\\/fvaac.org\\\/web\\\/wp-content\\\/uploads\\\/2025\\\/06\\\/Captura-de-pantalla-2025-06-24-185951-184x300.png\",\"website\":\"\",\"socials\":\"https:\\\/\\\/www.instagram.com\\\/penya.esclafit\\\/\"}'>\r\n                            <h3>PENYA COETERA L&#8217;ESCLAFIT DE CASTELLAR-L&#8217;OLIVERAL<\/h3>\r\n                        <\/div>\r\n                    <\/div>\r\n                                    <div class=\"swiper-slide\">\r\n                        <div class=\"affiliate-item\" data-affiliate='{\"title\":\"PENYA COETERA LA CREMA DE MASSALAVES\",\"logo\":false,\"website\":\"\",\"socials\":\"\"}'>\r\n                            <h3>PENYA COETERA LA CREMA DE MASSALAVES<\/h3>\r\n                        <\/div>\r\n                    <\/div>\r\n                                    <div class=\"swiper-slide\">\r\n                        <div class=\"affiliate-item\" data-affiliate='{\"title\":\"PENYA CORD\\u00c0 I ROTGLE  DE ALMOINES\",\"logo\":false,\"website\":\"\",\"socials\":\"\"}'>\r\n                            <h3>PENYA CORD\u00c0 I ROTGLE  DE ALMOINES<\/h3>\r\n                        <\/div>\r\n                    <\/div>\r\n                                    <div class=\"swiper-slide\">\r\n                        <div class=\"affiliate-item\" data-affiliate='{\"title\":\"Penya el Coet de Benissano\",\"logo\":\"https:\\\/\\\/fvaac.org\\\/web\\\/wp-content\\\/uploads\\\/2025\\\/01\\\/463119091_8493114267434134_6186485713245165085_n.jpg\",\"website\":\"\",\"socials\":\"https:\\\/\\\/www.facebook.com\\\/penyaelcoet.benissano\"}'>\r\n                            <h3>Penya el Coet de Benissano<\/h3>\r\n                        <\/div>\r\n                    <\/div>\r\n                                    <div class=\"swiper-slide\">\r\n                        <div class=\"affiliate-item\" data-affiliate='{\"title\":\"PENYA FOC SEGUIT  DE XERACO\",\"logo\":\"https:\\\/\\\/fvaac.org\\\/web\\\/wp-content\\\/uploads\\\/2025\\\/06\\\/308586944_453224376841866_551435276826346497_n.jpg\",\"website\":\"\",\"socials\":\"https:\\\/\\\/www.facebook.com\\\/PenyaFocSeguitXeraco\\\/?locale=es_ES,https:\\\/\\\/www.instagram.com\\\/penyafocseguitxeraco\\\/\"}'>\r\n                            <h3>PENYA FOC SEGUIT  DE XERACO<\/h3>\r\n                        <\/div>\r\n                    <\/div>\r\n                                    <div class=\"swiper-slide\">\r\n                        <div class=\"affiliate-item\" data-affiliate='{\"title\":\"PENYA LA CORDA  DE TOSSALNOU\",\"logo\":false,\"website\":\"\",\"socials\":\"\"}'>\r\n                            <h3>PENYA LA CORDA  DE TOSSALNOU<\/h3>\r\n                        <\/div>\r\n                    <\/div>\r\n                                    <div class=\"swiper-slide\">\r\n                        <div class=\"affiliate-item\" data-affiliate='{\"title\":\"PENYA LA RULLA DE LLOCNOU D&#8217;EN FENOLLET\",\"logo\":\"https:\\\/\\\/fvaac.org\\\/web\\\/wp-content\\\/uploads\\\/2025\\\/06\\\/358725870_585139080481605_2517503935830903980_n-1.jpg\",\"website\":\"\",\"socials\":\"https:\\\/\\\/www.facebook.com\\\/profile.php?id=100069565537118&locale=gn_PY\"}'>\r\n                            <h3>PENYA LA RULLA DE LLOCNOU D&#8217;EN FENOLLET<\/h3>\r\n                        <\/div>\r\n                    <\/div>\r\n                                    <div class=\"swiper-slide\">\r\n                        <div class=\"affiliate-item\" data-affiliate='{\"title\":\"PENYA PENSAT I FET VILAMARXANT\",\"logo\":\"https:\\\/\\\/fvaac.org\\\/web\\\/wp-content\\\/uploads\\\/2025\\\/06\\\/descarga-5.jpg\",\"website\":\"\",\"socials\":\"https:\\\/\\\/www.instagram.com\\\/fallapensatifet_vilamarxant\\\/\"}'>\r\n                            <h3>PENYA PENSAT I FET VILAMARXANT<\/h3>\r\n                        <\/div>\r\n                    <\/div>\r\n                                    <div class=\"swiper-slide\">\r\n                        <div class=\"affiliate-item\" data-affiliate='{\"title\":\"PENYA VOL LLIURE DE BETERA\",\"logo\":\"https:\\\/\\\/fvaac.org\\\/web\\\/wp-content\\\/uploads\\\/2025\\\/06\\\/482939128_1310777083530846_7517760921258812699_n-300x300.jpg\",\"website\":\"https:\\\/\\\/www.vol-lliure.es\\\/%20https:\\\/\\\/www.instagram.com\\\/vol_lliure_betera?igsh=cXNzNXh6ZWp5cTM2\\\/https:\\\/\\\/www.facebook.com\\\/share\\\/1Burx4TvFF\\\/\",\"socials\":\"\"}'>\r\n                            <h3>PENYA VOL LLIURE DE BETERA<\/h3>\r\n                        <\/div>\r\n                    <\/div>\r\n                                    <div class=\"swiper-slide\">\r\n                        <div class=\"affiliate-item\" data-affiliate='{\"title\":\"SANT ANTONI DEL PORQUET  DE BIAR\",\"logo\":false,\"website\":\"\",\"socials\":\"SANT ANTONI DEL PORQUET \\r\\nDE BIAR\"}'>\r\n                            <h3>SANT ANTONI DEL PORQUET  DE BIAR<\/h3>\r\n                        <\/div>\r\n                    <\/div>\r\n                            <\/div>\r\n        <\/div>\r\n        <div id=\"affiliate-modal\" class=\"hidden\">\r\n            <div class=\"modal-content\">\r\n                <button class=\"close-modal\">X<\/button>\r\n                <div id=\"modal-details\"><\/div>\r\n            <\/div>\r\n        <\/div>\r\n        <\/div>\n\t\t\t\t\t\t<\/div>\n\t\t\t\t<\/div>\n\t\t\t\t\t<\/div>\n\t\t\t\t<\/div>\n\t\t<div class=\"elementor-element elementor-element-9a109f7 e-flex e-con-boxed e-con e-parent\" data-id=\"9a109f7\" data-element_type=\"container\">\n\t\t\t\t\t<div class=\"e-con-inner\">\n\t\t<div class=\"elementor-element elementor-element-cc4b958 e-con-full e-flex e-con e-child\" data-id=\"cc4b958\" data-element_type=\"container\">\n\t\t<div class=\"elementor-element elementor-element-c268992 e-con-full e-flex e-con e-child\" data-id=\"c268992\" data-element_type=\"container\">\n\t\t\t\t<\/div>\n\t\t<div class=\"elementor-element elementor-element-e47ce8b e-con-full e-flex e-con e-child\" data-id=\"e47ce8b\" data-element_type=\"container\">\n\t\t\t\t<div class=\"elementor-element elementor-element-5173d87 elementor-widget elementor-widget-total-plus-heading\" data-id=\"5173d87\" data-element_type=\"widget\" data-widget_type=\"total-plus-heading.default\">\n\t\t\t\t<div class=\"elementor-widget-container\">\n\t\t\t\t\t        <div class=\"tpe-section-title-tagline tpe-normal-title tpe-align-center\">\n            <div class=\"tpe-section-header\">\n                \n                                    <h2 class=\"tpe-section-title\">\n                        \u00daltimes Noticies                    <\/h2>\n                            <\/div>\n\n                    <\/div>\n        \t\t\t\t<\/div>\n\t\t\t\t<\/div>\n\t\t\t\t<\/div>\n\t\t<div class=\"elementor-element elementor-element-8802500 e-con-full e-flex e-con e-child\" data-id=\"8802500\" data-element_type=\"container\">\n\t\t\t\t<\/div>\n\t\t\t\t<\/div>\n\t\t\t\t<div class=\"elementor-element elementor-element-4db1d4f elementor-widget elementor-widget-he-carousel-module-one\" data-id=\"4db1d4f\" data-element_type=\"widget\" data-widget_type=\"he-carousel-module-one.default\">\n\t\t\t\t<div class=\"elementor-widget-container\">\n\t\t\t\t\t        <div class=\"he-carousel-block\">\n            \n            <div class=\"he-carousel-block-wrap owl-carousel\" data-params='{\"autoplay\":true,\"pause\":5000,\"items\":3,\"items_tablet\":2,\"items_mobile\":1,\"margin\":30,\"margin_tablet\":30,\"margin_mobile\":30,\"stagepadding\":0,\"stagepadding_tablet\":0,\"stagepadding_mobile\":0,\"nav\":true,\"dots\":false}'>\n                                    <div class=\"he-post-item\">\n                        <div class=\"he-post-thumb\">\n                            <a href=\"https:\/\/fvaac.org\/web\/2025\/01\/27\/noticia-1\/\">\n                                <div class=\"he-thumb-container\">\n                                                                    <\/div>\n                            <\/a>\n                            <ul class=\"he-post-categories\"><li><a class=\"he-primary-cat he-category-10\" href=\"https:\/\/fvaac.org\/web\/category\/noticies\/\">Noticies<\/a><\/li><\/ul>                        <\/div>\n\n                        <div class=\"he-post-content\">\n                            <h3 class=\"he-post-title\"><a href=\"https:\/\/fvaac.org\/web\/2025\/01\/27\/noticia-1\/\">APLEC DE LA POLVORA CIUDAD DE BURJASSOT<\/a><\/h3>\n                                        <div class=\"he-post-meta\">\n                <span class=\"he-post-date\"><i class=\"mdi-clock-time-four-outline\"><\/i>27 de enero de 2025<\/span>            <\/div>\n                                                    <div class=\"he-excerpt\">\n\t\t\t\t\t\t\t\t\t\t\t\t\t\t\t\t\t\t\t\t\tReuni\u00f3n de la Federaci\u00f3n Valenciana de Amics del Coet (FVAAC) en la Conselleri...<\/div>\n                                    <\/div>\n                    <\/div>\n                                <\/div>\n        <\/div>\n        \t\t\t\t<\/div>\n\t\t\t\t<\/div>\n\t\t\t\t\t<\/div>\n\t\t\t\t<\/div>\n\t\t<div class=\"elementor-element elementor-element-203b395 e-flex e-con-boxed e-con e-parent\" data-id=\"203b395\" data-element_type=\"container\">\n\t\t\t\t\t<div class=\"e-con-inner\">\n\t\t\t\t\t<\/div>\n\t\t\t\t<\/div>\n\t\t\t\t<\/div>\n\t\t","protected":false},"excerpt":{"rendered":"<p>NOSALTRES La Federaci\u00f3 Valenciana d\u2019Associacions d\u2019Amics del Coet (FVAAC) va n\u00e0ixer en 2002 amb el prop\u00f2sit d&#8217;unir i representar a les associacions pirot\u00e8cniques de la Comunitat Valenciana, defenent les nostres tradicions festives vinculades al foc, com les cordaes, despertaes i correfocs. Des de llavors, hem treballat incansablement per a preservar i promoure la nostra cultura [&hellip;]<\/p>\n","protected":false},"author":1,"featured_media":0,"parent":0,"menu_order":0,"comment_status":"closed","ping_status":"closed","template":"elementor_header_footer","meta":{"footnotes":""},"class_list":["post-4","page","type-page","status-publish","hentry"],"yoast_head":"<!-- This site is optimized with the Yoast SEO plugin v24.5 - https:\/\/yoast.com\/wordpress\/plugins\/seo\/ -->\n<title>Home - Federaci\u00f3 Valenciana d&#039;Associacions d&#039;Amics del Coet<\/title>\n<meta name=\"robots\" content=\"index, follow, max-snippet:-1, max-image-preview:large, max-video-preview:-1\" \/>\n<link rel=\"canonical\" href=\"https:\/\/fvaac.org\/web\/\" \/>\n<meta property=\"og:locale\" content=\"es_ES\" \/>\n<meta property=\"og:type\" content=\"article\" \/>\n<meta property=\"og:title\" content=\"Home - Federaci\u00f3 Valenciana d&#039;Associacions d&#039;Amics del Coet\" \/>\n<meta property=\"og:description\" content=\"NOSALTRES La Federaci\u00f3 Valenciana d\u2019Associacions d\u2019Amics del Coet (FVAAC) va n\u00e0ixer en 2002 amb el prop\u00f2sit d&#8217;unir i representar a les associacions pirot\u00e8cniques de la Comunitat Valenciana, defenent les nostres tradicions festives vinculades al foc, com les cordaes, despertaes i correfocs. Des de llavors, hem treballat incansablement per a preservar i promoure la nostra cultura [&hellip;]\" \/>\n<meta property=\"og:url\" content=\"https:\/\/fvaac.org\/web\/\" \/>\n<meta property=\"og:site_name\" content=\"Federaci\u00f3 Valenciana d&#039;Associacions d&#039;Amics del Coet\" \/>\n<meta property=\"article:modified_time\" content=\"2025-12-16T15:26:59+00:00\" \/>\n<meta property=\"og:image\" content=\"https:\/\/fvaac.org\/web\/wp-content\/uploads\/2025\/01\/fvaac.jpg\" \/>\n\t<meta property=\"og:image:width\" content=\"349\" \/>\n\t<meta property=\"og:image:height\" content=\"90\" \/>\n\t<meta property=\"og:image:type\" content=\"image\/jpeg\" \/>\n<meta name=\"twitter:card\" content=\"summary_large_image\" \/>\n<meta name=\"twitter:label1\" content=\"Tiempo de lectura\" \/>\n\t<meta name=\"twitter:data1\" content=\"2 minutos\" \/>\n<script type=\"application\/ld+json\" class=\"yoast-schema-graph\">{\"@context\":\"https:\/\/schema.org\",\"@graph\":[{\"@type\":\"WebPage\",\"@id\":\"https:\/\/fvaac.org\/web\/\",\"url\":\"https:\/\/fvaac.org\/web\/\",\"name\":\"Home - Federaci\u00f3 Valenciana d&#039;Associacions d&#039;Amics del Coet\",\"isPartOf\":{\"@id\":\"https:\/\/fvaac.org\/web\/#website\"},\"primaryImageOfPage\":{\"@id\":\"https:\/\/fvaac.org\/web\/#primaryimage\"},\"image\":{\"@id\":\"https:\/\/fvaac.org\/web\/#primaryimage\"},\"thumbnailUrl\":\"https:\/\/fvaac.org\/web\/wp-content\/uploads\/2025\/01\/fvaac.jpg\",\"datePublished\":\"2018-08-04T06:43:05+00:00\",\"dateModified\":\"2025-12-16T15:26:59+00:00\",\"breadcrumb\":{\"@id\":\"https:\/\/fvaac.org\/web\/#breadcrumb\"},\"inLanguage\":\"es\",\"potentialAction\":[{\"@type\":\"ReadAction\",\"target\":[\"https:\/\/fvaac.org\/web\/\"]}]},{\"@type\":\"ImageObject\",\"inLanguage\":\"es\",\"@id\":\"https:\/\/fvaac.org\/web\/#primaryimage\",\"url\":\"https:\/\/fvaac.org\/web\/wp-content\/uploads\/2025\/01\/fvaac.jpg\",\"contentUrl\":\"https:\/\/fvaac.org\/web\/wp-content\/uploads\/2025\/01\/fvaac.jpg\",\"width\":349,\"height\":90},{\"@type\":\"BreadcrumbList\",\"@id\":\"https:\/\/fvaac.org\/web\/#breadcrumb\",\"itemListElement\":[{\"@type\":\"ListItem\",\"position\":1,\"name\":\"Portada\",\"item\":\"https:\/\/fvaac.org\/web\/\"},{\"@type\":\"ListItem\",\"position\":2,\"name\":\"Home\"}]},{\"@type\":\"WebSite\",\"@id\":\"https:\/\/fvaac.org\/web\/#website\",\"url\":\"https:\/\/fvaac.org\/web\/\",\"name\":\"Federaci\u00f3 Valenciana d&#039;Associacions d&#039;Amics del Coet\",\"description\":\"\",\"publisher\":{\"@id\":\"https:\/\/fvaac.org\/web\/#organization\"},\"potentialAction\":[{\"@type\":\"SearchAction\",\"target\":{\"@type\":\"EntryPoint\",\"urlTemplate\":\"https:\/\/fvaac.org\/web\/?s={search_term_string}\"},\"query-input\":{\"@type\":\"PropertyValueSpecification\",\"valueRequired\":true,\"valueName\":\"search_term_string\"}}],\"inLanguage\":\"es\"},{\"@type\":\"Organization\",\"@id\":\"https:\/\/fvaac.org\/web\/#organization\",\"name\":\"Federaci\u00f3 Valenciana d&#039;Associacions d&#039;Amics del Coet\",\"url\":\"https:\/\/fvaac.org\/web\/\",\"logo\":{\"@type\":\"ImageObject\",\"inLanguage\":\"es\",\"@id\":\"https:\/\/fvaac.org\/web\/#\/schema\/logo\/image\/\",\"url\":\"https:\/\/fvaac.org\/web\/wp-content\/uploads\/2025\/01\/fvaac.jpg\",\"contentUrl\":\"https:\/\/fvaac.org\/web\/wp-content\/uploads\/2025\/01\/fvaac.jpg\",\"width\":349,\"height\":90,\"caption\":\"Federaci\u00f3 Valenciana d&#039;Associacions d&#039;Amics del Coet\"},\"image\":{\"@id\":\"https:\/\/fvaac.org\/web\/#\/schema\/logo\/image\/\"}}]}<\/script>\n<!-- \/ Yoast SEO plugin. -->","yoast_head_json":{"title":"Home - Federaci\u00f3 Valenciana d&#039;Associacions d&#039;Amics del Coet","robots":{"index":"index","follow":"follow","max-snippet":"max-snippet:-1","max-image-preview":"max-image-preview:large","max-video-preview":"max-video-preview:-1"},"canonical":"https:\/\/fvaac.org\/web\/","og_locale":"es_ES","og_type":"article","og_title":"Home - Federaci\u00f3 Valenciana d&#039;Associacions d&#039;Amics del Coet","og_description":"NOSALTRES La Federaci\u00f3 Valenciana d\u2019Associacions d\u2019Amics del Coet (FVAAC) va n\u00e0ixer en 2002 amb el prop\u00f2sit d&#8217;unir i representar a les associacions pirot\u00e8cniques de la Comunitat Valenciana, defenent les nostres tradicions festives vinculades al foc, com les cordaes, despertaes i correfocs. Des de llavors, hem treballat incansablement per a preservar i promoure la nostra cultura [&hellip;]","og_url":"https:\/\/fvaac.org\/web\/","og_site_name":"Federaci\u00f3 Valenciana d&#039;Associacions d&#039;Amics del Coet","article_modified_time":"2025-12-16T15:26:59+00:00","og_image":[{"width":349,"height":90,"url":"https:\/\/fvaac.org\/web\/wp-content\/uploads\/2025\/01\/fvaac.jpg","type":"image\/jpeg"}],"twitter_card":"summary_large_image","twitter_misc":{"Tiempo de lectura":"2 minutos"},"schema":{"@context":"https:\/\/schema.org","@graph":[{"@type":"WebPage","@id":"https:\/\/fvaac.org\/web\/","url":"https:\/\/fvaac.org\/web\/","name":"Home - Federaci\u00f3 Valenciana d&#039;Associacions d&#039;Amics del Coet","isPartOf":{"@id":"https:\/\/fvaac.org\/web\/#website"},"primaryImageOfPage":{"@id":"https:\/\/fvaac.org\/web\/#primaryimage"},"image":{"@id":"https:\/\/fvaac.org\/web\/#primaryimage"},"thumbnailUrl":"https:\/\/fvaac.org\/web\/wp-content\/uploads\/2025\/01\/fvaac.jpg","datePublished":"2018-08-04T06:43:05+00:00","dateModified":"2025-12-16T15:26:59+00:00","breadcrumb":{"@id":"https:\/\/fvaac.org\/web\/#breadcrumb"},"inLanguage":"es","potentialAction":[{"@type":"ReadAction","target":["https:\/\/fvaac.org\/web\/"]}]},{"@type":"ImageObject","inLanguage":"es","@id":"https:\/\/fvaac.org\/web\/#primaryimage","url":"https:\/\/fvaac.org\/web\/wp-content\/uploads\/2025\/01\/fvaac.jpg","contentUrl":"https:\/\/fvaac.org\/web\/wp-content\/uploads\/2025\/01\/fvaac.jpg","width":349,"height":90},{"@type":"BreadcrumbList","@id":"https:\/\/fvaac.org\/web\/#breadcrumb","itemListElement":[{"@type":"ListItem","position":1,"name":"Portada","item":"https:\/\/fvaac.org\/web\/"},{"@type":"ListItem","position":2,"name":"Home"}]},{"@type":"WebSite","@id":"https:\/\/fvaac.org\/web\/#website","url":"https:\/\/fvaac.org\/web\/","name":"Federaci\u00f3 Valenciana d&#039;Associacions d&#039;Amics del Coet","description":"","publisher":{"@id":"https:\/\/fvaac.org\/web\/#organization"},"potentialAction":[{"@type":"SearchAction","target":{"@type":"EntryPoint","urlTemplate":"https:\/\/fvaac.org\/web\/?s={search_term_string}"},"query-input":{"@type":"PropertyValueSpecification","valueRequired":true,"valueName":"search_term_string"}}],"inLanguage":"es"},{"@type":"Organization","@id":"https:\/\/fvaac.org\/web\/#organization","name":"Federaci\u00f3 Valenciana d&#039;Associacions d&#039;Amics del Coet","url":"https:\/\/fvaac.org\/web\/","logo":{"@type":"ImageObject","inLanguage":"es","@id":"https:\/\/fvaac.org\/web\/#\/schema\/logo\/image\/","url":"https:\/\/fvaac.org\/web\/wp-content\/uploads\/2025\/01\/fvaac.jpg","contentUrl":"https:\/\/fvaac.org\/web\/wp-content\/uploads\/2025\/01\/fvaac.jpg","width":349,"height":90,"caption":"Federaci\u00f3 Valenciana d&#039;Associacions d&#039;Amics del Coet"},"image":{"@id":"https:\/\/fvaac.org\/web\/#\/schema\/logo\/image\/"}}]}},"_links":{"self":[{"href":"https:\/\/fvaac.org\/web\/wp-json\/wp\/v2\/pages\/4","targetHints":{"allow":["GET"]}}],"collection":[{"href":"https:\/\/fvaac.org\/web\/wp-json\/wp\/v2\/pages"}],"about":[{"href":"https:\/\/fvaac.org\/web\/wp-json\/wp\/v2\/types\/page"}],"author":[{"embeddable":true,"href":"https:\/\/fvaac.org\/web\/wp-json\/wp\/v2\/users\/1"}],"replies":[{"embeddable":true,"href":"https:\/\/fvaac.org\/web\/wp-json\/wp\/v2\/comments?post=4"}],"version-history":[{"count":153,"href":"https:\/\/fvaac.org\/web\/wp-json\/wp\/v2\/pages\/4\/revisions"}],"predecessor-version":[{"id":3105,"href":"https:\/\/fvaac.org\/web\/wp-json\/wp\/v2\/pages\/4\/revisions\/3105"}],"wp:attachment":[{"href":"https:\/\/fvaac.org\/web\/wp-json\/wp\/v2\/media?parent=4"}],"curies":[{"name":"wp","href":"https:\/\/api.w.org\/{rel}","templated":true}]}}